{"id":11771,"date":"2025-04-08T18:53:58","date_gmt":"2025-04-08T22:53:58","guid":{"rendered":"https:\/\/chilemosaico.cl\/eventos\/?post_type=mec-events&#038;p=11771"},"modified":"2025-04-08T19:31:19","modified_gmt":"2025-04-08T23:31:19","slug":"recuperando-espacios-2025","status":"publish","type":"mec-events","link":"https:\/\/chilemosaico.cl\/eventos\/eventos\/recuperando-espacios-2025\/","title":{"rendered":"Recuperando espacios"},"content":{"rendered":"<p>FormArte Espacio Creativo invita a la comunidad al \u201cTaller de huerto urbano en la Poblaci\u00f3n Caupolic\u00e1n\u201d<\/p>\n<p>Taller educativo sobre la creaci\u00f3n y mantenci\u00f3n de huertos y jardines dirigido a la comunidad de la ciudad de Iquique.<\/p>\n<p>Actividad enmarcada en el programa \u201cPuntos de Cultura Comunitaria\u201d financiado por el Ministerio de las Culturas, las Artes y el Patrimonio, la cual reconoce pr\u00e1cticas socioculturales que suceden en el barrio y que aportan a la convivencia social, al uso del espacio p\u00fablico y al buen vivir de sus comunidades.<\/p>\n<p>FormArte Espacio Creativo  es un espacio cultural autogestionado que nace en el a\u00f1o 2020 con el objetivo de brindar un lugar para la formaci\u00f3n, creaci\u00f3n e investigaci\u00f3n dirigido a artistas de las Artes Esc\u00e9nicas en la Regi\u00f3n de Tarapac\u00e1.<\/p>\n<p>GESTI\u00d3N COMUNITARIA<\/p>\n<p>FormArte tiene un espacio f\u00edsico ubicado en Pasaje Santa Mar\u00eda N\u00b01835, en el coraz\u00f3n de la Poblaci\u00f3n Caupolic\u00e1n, una poblaci\u00f3n hist\u00f3rica de la ciudad de Iquique con m\u00e1s de 60 a\u00f1os de vida. El eje fundamental de trabajo es la gesti\u00f3n comunitaria, impulsando actividades que vayan en directo beneficio de los habitantes de la poblaci\u00f3n antes mencionada.<\/p>\n<p>RECUPERANDO ESPACIOS<\/p>\n<p>Por cuarto a\u00f1o consecutivo se desarrollar\u00e1 la jornada \u201cRecuperando Espacios\u201d, instancia comunitaria donde los y las participantes podr\u00e1n embellecer su entorno m\u00e1s cercano a trav\u00e9s de la creaci\u00f3n de un huerto urbano, la que, a su vez, brindar\u00e1 un ambiente m\u00e1s propicio para la recreaci\u00f3n de sus habitantes.<\/p>\n<p>SOBRE EL TALLER DE HUERTO URBANO<\/p>\n<p>Taller educativo sobre la creaci\u00f3n y mantenci\u00f3n de huertos y jardines.<\/p>\n<p>El taller est\u00e1 dirigido a personas de todas las edades que quieran ser part\u00edcipes. Las fechas del taller son dos. En la primera sesi\u00f3n, a realizarse el s\u00e1bado 19 de abril a las 12:00 horas, se intervendr\u00e1 a las afueras del espacio cultural FormArte Espacio Creativo, ubicado en Pasaje Santa Mar\u00eda N\u00b01835.<\/p>\n<p>Posteriormente, la segunda sesi\u00f3n se realizar\u00e1 el d\u00eda s\u00e1bado 26 de abril, tambi\u00e9n al mediod\u00eda, pero en la intersecci\u00f3n de las calles Manuel Rodr\u00edguez con Lincoy\u00e1<\/p>\n<p>FACILITADORA<\/p>\n<p>Qui\u00e9n facilita la formaci\u00f3n es la Ingeniera Agr\u00f3noma iquique\u00f1a, Denisse Romero, qui\u00e9n cuenta con su proyecto \u201cVerdea\u201d, que promueve el bienestar comunitario y la conservaci\u00f3n del medio ambiente a trav\u00e9s de talleres de huertos, asesor\u00edas y programas de capacitaci\u00f3n en t\u00e9cnicas de jardiner\u00eda sostenible y sistema de riego eficientes.<\/p>\n<p>EXPERIENCIAS ANTERIORES<\/p>\n<p>La comunidad de la Junta de Vecinos Caupolic\u00e1n agradecen esta actividad que a\u00f1o tras a\u00f1o emprenden la misi\u00f3n de embellecer y revitalizar el entorno. A trav\u00e9s del Taller \u201cRecuperando Espacios\u201d, los participantes se sumergen en el aprendizaje de t\u00e9cnicas esenciales para la creaci\u00f3n de \u00e1reas verdes.<\/p>\n<p>Actividad impulsada por el deseo de ver crecer un entorno m\u00e1s verde, un paso hacia la reconexi\u00f3n con la naturaleza y la comunidad.<\/p>\n<p>Espacio que contribuye al encuentro de vecinos y vecinas que participan de la iniciativa.<\/p>\n<p>INVITACI\u00d3N<\/p>\n<p>Se extiende la invitaci\u00f3n a la comunidad a participar en el \u201cTaller de huerto urbano en la Poblaci\u00f3n Caupolic\u00e1n\u201d, financiado por el Ministerio de las Culturas, las Artes y el Patrimonio bajo el Programa \u201cPunto de Cultura Comunitaria\u201d, a\u00f1o 2025.<\/p>\n<p><img loading=\"lazy\" decoding=\"async\" src=\"https:\/\/chilemosaico.cl\/eventos\/wp-content\/uploads\/2025\/04\/Recuperando-espacios-abr-26.jpg\" alt=\"Recuperando espacios [\" width=\"1126\" height=\"1407\" class=\"aligncenter size-full wp-image-11773\" srcset=\"https:\/\/chilemosaico.cl\/eventos\/wp-content\/uploads\/2025\/04\/Recuperando-espacios-abr-26.jpg 1126w, https:\/\/chilemosaico.cl\/eventos\/wp-content\/uploads\/2025\/04\/Recuperando-espacios-abr-26-240x300.jpg 240w, https:\/\/chilemosaico.cl\/eventos\/wp-content\/uploads\/2025\/04\/Recuperando-espacios-abr-26-768x960.jpg 768w\" sizes=\"auto, (max-width: 1126px) 100vw, 1126px\" \/><\/p>\n","protected":false},"excerpt":{"rendered":"<p>FormArte Espacio Creativo invita a la comunidad al \u201cTaller de huerto urbano en la Poblaci\u00f3n Caupolic\u00e1n\u201d Taller educativo sobre la creaci\u00f3n y mantenci\u00f3n de huertos y jardines dirigido a la comunidad de la ciudad de Iquique. Actividad enmarcada en el programa \u201cPuntos de Cultura Comunitaria\u201d financiado por el Ministerio de las Culturas, las Artes y&#8230;<\/p>\n","protected":false},"author":1,"featured_media":11772,"comment_status":"closed","ping_status":"closed","template":"","meta":{"om_disable_all_campaigns":false,"_monsterinsights_skip_tracking":false,"_monsterinsights_sitenote_active":false,"_monsterinsights_sitenote_note":"","_monsterinsights_sitenote_category":0,"_kad_post_transparent":"","_kad_post_title":"","_kad_post_layout":"","_kad_post_sidebar_id":"","_kad_post_content_style":"","_kad_post_vertical_padding":"","_kad_post_feature":"","_kad_post_feature_position":"","_kad_post_header":false,"_kad_post_footer":false,"_kad_post_classname":""},"tags":[],"mec_category":[56],"mec_sponsor":[],"class_list":["post-11771","mec-events","type-mec-events","status-publish","has-post-thumbnail","hentry","mec_category-aire-libre-y-deportes"],"aioseo_notices":[],"_links":{"self":[{"href":"https:\/\/chilemosaico.cl\/eventos\/wp-json\/wp\/v2\/mec-events\/11771","targetHints":{"allow":["GET"]}}],"collection":[{"href":"https:\/\/chilemosaico.cl\/eventos\/wp-json\/wp\/v2\/mec-events"}],"about":[{"href":"https:\/\/chilemosaico.cl\/eventos\/wp-json\/wp\/v2\/types\/mec-events"}],"author":[{"embeddable":true,"href":"https:\/\/chilemosaico.cl\/eventos\/wp-json\/wp\/v2\/users\/1"}],"replies":[{"embeddable":true,"href":"https:\/\/chilemosaico.cl\/eventos\/wp-json\/wp\/v2\/comments?post=11771"}],"wp:featuredmedia":[{"embeddable":true,"href":"https:\/\/chilemosaico.cl\/eventos\/wp-json\/wp\/v2\/media\/11772"}],"wp:attachment":[{"href":"https:\/\/chilemosaico.cl\/eventos\/wp-json\/wp\/v2\/media?parent=11771"}],"wp:term":[{"taxonomy":"post_tag","embeddable":true,"href":"https:\/\/chilemosaico.cl\/eventos\/wp-json\/wp\/v2\/tags?post=11771"},{"taxonomy":"mec_category","embeddable":true,"href":"https:\/\/chilemosaico.cl\/eventos\/wp-json\/wp\/v2\/mec_category?post=11771"},{"taxonomy":"mec_sponsor","embeddable":true,"href":"https:\/\/chilemosaico.cl\/eventos\/wp-json\/wp\/v2\/mec_sponsor?post=11771"}],"curies":[{"name":"wp","href":"https:\/\/api.w.org\/{rel}","templated":true}]}}