{"id":14259,"date":"2025-11-03T23:03:26","date_gmt":"2025-11-04T02:03:26","guid":{"rendered":"https:\/\/chilemosaico.cl\/eventos\/?post_type=mec-events&#038;p=14259"},"modified":"2025-11-03T23:04:44","modified_gmt":"2025-11-04T02:04:44","slug":"maximo-el-pequeno-gorrion","status":"publish","type":"mec-events","link":"https:\/\/chilemosaico.cl\/eventos\/eventos\/maximo-el-pequeno-gorrion\/","title":{"rendered":"M\u00e1ximo, el peque\u00f1o gorri\u00f3n"},"content":{"rendered":"<p>\ud83d\udc24En noviembre&#8230; \u00abM\u00e1ximo, el peque\u00f1o gorri\u00f3n\u00bb de @_eduarte_educacionenelarte (Santiago de Chile).<br \/>\n\ud83c\udf9f\ufe0fEntradas (para Iquique) en fintdaz.cl. <\/p>\n<p>\ud83d\udd38Funciones:<\/p>\n<p>\ud83d\uddd3\ufe0fMartes 4.<br \/>\n\ud83d\udd5a11:15 horas.<br \/>\n\ud83d\udccdTeatro Municipal de Iquique (funci\u00f3n para estudiantes de Educaci\u00f3n B\u00e1sica)<\/p>\n<p>\ud83d\uddd3\ufe0fMartes 4.<br \/>\n\ud83d\udd5720 horas.<br \/>\n\ud83d\udccdTeatro Municipal de Iquique. <\/p>\n<p>\ud83d\uddd3\ufe0fMi\u00e9rcoles 5.<br \/>\n\ud83d\udd5b12 horas.<br \/>\n\ud83d\udccdEscuela de Mami\u00f1a (funci\u00f3n para estudiantes de educaci\u00f3n b\u00e1sica). <\/p>\n<p>\ud83d\uddd3\ufe0fJueves 6.<br \/>\n\ud83d\udd5619 horas.<br \/>\n\ud83d\udccdSal\u00f3n O\u2019Higgins de Pica. <\/p>\n<p>\ud83d\udd38Sobre la obra:<br \/>\nLa obra narra la vida de M\u00e1ximo, un peque\u00f1o gorri\u00f3n que naci\u00f3 con una discapacidad. M\u00e1ximo ten\u00eda mucho miedo por creerse diferente a sus hermanos y nunca pudo volar.<br \/>\nUna tarde mientras observaba a sus hermanos como recorr\u00edan el cielo, un malvado gato acechaba a un pobre bebe gorri\u00f3n que hab\u00eda ca\u00eddo al piso.<\/p>\n<p>\u23f3Duraci\u00f3n: 50 minutos.<br \/>\n\ud83d\udc65P\u00fablicos: +5 a\u00f1os.<\/p>\n","protected":false},"excerpt":{"rendered":"<p>\ud83d\udc24En noviembre&#8230; \u00abM\u00e1ximo, el peque\u00f1o gorri\u00f3n\u00bb de @_eduarte_educacionenelarte (Santiago de Chile). \ud83c\udf9f\ufe0fEntradas (para Iquique) en fintdaz.cl. \ud83d\udd38Funciones: \ud83d\uddd3\ufe0fMartes 4. \ud83d\udd5a11:15 horas. \ud83d\udccdTeatro Municipal de Iquique (funci\u00f3n para estudiantes de Educaci\u00f3n B\u00e1sica) \ud83d\uddd3\ufe0fMartes 4. \ud83d\udd5720 horas. \ud83d\udccdTeatro Municipal de Iquique. \ud83d\uddd3\ufe0fMi\u00e9rcoles 5. \ud83d\udd5b12 horas. \ud83d\udccdEscuela de Mami\u00f1a (funci\u00f3n para estudiantes de educaci\u00f3n b\u00e1sica). \ud83d\uddd3\ufe0fJueves 6. \ud83d\udd5619&#8230;<\/p>\n","protected":false},"author":1,"featured_media":14260,"comment_status":"closed","ping_status":"closed","template":"","meta":{"om_disable_all_campaigns":false,"_monsterinsights_skip_tracking":false,"_monsterinsights_sitenote_active":false,"_monsterinsights_sitenote_note":"","_monsterinsights_sitenote_category":0,"_kad_post_transparent":"default","_kad_post_title":"default","_kad_post_layout":"default","_kad_post_sidebar_id":"","_kad_post_content_style":"default","_kad_post_vertical_padding":"default","_kad_post_feature":"","_kad_post_feature_position":"","_kad_post_header":false,"_kad_post_footer":false,"_kad_post_classname":""},"tags":[],"mec_category":[],"mec_sponsor":[],"class_list":["post-14259","mec-events","type-mec-events","status-publish","has-post-thumbnail","hentry"],"aioseo_notices":[],"_links":{"self":[{"href":"https:\/\/chilemosaico.cl\/eventos\/wp-json\/wp\/v2\/mec-events\/14259","targetHints":{"allow":["GET"]}}],"collection":[{"href":"https:\/\/chilemosaico.cl\/eventos\/wp-json\/wp\/v2\/mec-events"}],"about":[{"href":"https:\/\/chilemosaico.cl\/eventos\/wp-json\/wp\/v2\/types\/mec-events"}],"author":[{"embeddable":true,"href":"https:\/\/chilemosaico.cl\/eventos\/wp-json\/wp\/v2\/users\/1"}],"replies":[{"embeddable":true,"href":"https:\/\/chilemosaico.cl\/eventos\/wp-json\/wp\/v2\/comments?post=14259"}],"wp:featuredmedia":[{"embeddable":true,"href":"https:\/\/chilemosaico.cl\/eventos\/wp-json\/wp\/v2\/media\/14260"}],"wp:attachment":[{"href":"https:\/\/chilemosaico.cl\/eventos\/wp-json\/wp\/v2\/media?parent=14259"}],"wp:term":[{"taxonomy":"post_tag","embeddable":true,"href":"https:\/\/chilemosaico.cl\/eventos\/wp-json\/wp\/v2\/tags?post=14259"},{"taxonomy":"mec_category","embeddable":true,"href":"https:\/\/chilemosaico.cl\/eventos\/wp-json\/wp\/v2\/mec_category?post=14259"},{"taxonomy":"mec_sponsor","embeddable":true,"href":"https:\/\/chilemosaico.cl\/eventos\/wp-json\/wp\/v2\/mec_sponsor?post=14259"}],"curies":[{"name":"wp","href":"https:\/\/api.w.org\/{rel}","templated":true}]}}