{"id":17337,"date":"2026-04-01T14:17:16","date_gmt":"2026-04-01T17:17:16","guid":{"rendered":"https:\/\/chilemosaico.cl\/eventos\/?post_type=mec-events&#038;p=17337"},"modified":"2026-04-01T14:52:21","modified_gmt":"2026-04-01T17:52:21","slug":"lanzamiento-el-mito-de-sarah","status":"publish","type":"mec-events","link":"https:\/\/chilemosaico.cl\/eventos\/eventos\/lanzamiento-el-mito-de-sarah\/","title":{"rendered":"Lanzamiento El Mito de Sarah"},"content":{"rendered":"<p>\u00a1Todas y todos invitados! \ud83d\udc4f<br \/>\nEste mi\u00e9rcoles 08 de abril, a las 19:00 horas, no te puedes perder el lanzamiento del poemario teatral El Mito de Sarah, un proyecto financiado por el fondo 8% FNDR Cultura del Gobierno de Tarapac\u00e1. \ud83d\udc4f<\/p>\n<p>\u2705 Esta iniciativa, que ejecuta la agrupaci\u00f3n cultural Viola F\u00e9nix de #Iquique, es de autor\u00eda del  dramaturgo iquique\u00f1o Guillermo Ward, quien realiz\u00f3 una recopilaci\u00f3n de antecedentes sobre el mito de la presencia en nuestra capital regional de la gran actriz europea del siglo 19, Sara Berhnardt.<\/p>\n<p>\ud83d\udcd6 El libro en tama\u00f1o de bolsillo y a todo color, ser\u00e1 exhibido al p\u00fablico y puede ser tuyo de forma gratuita tras su lanzamiento, pues ser\u00e1n repartidos entre quienes asistan a la actividad.<\/p>\n<p>Ya lo sabes, anota \u270d\ufe0f<\/p>\n<p>\ud83d\udd57 19:00 horas<br \/>\n\ud83d\udcc6 Mi\u00e9rcoles 08 de abril<br \/>\n\ud83d\udccd Casa de la Cultura de Iquique (Baquedano #789)<\/p>\n<p>\u00a1No faltes! \ud83e\udd29<\/p>\n","protected":false},"excerpt":{"rendered":"<p>\u00a1Todas y todos invitados! \ud83d\udc4f Este mi\u00e9rcoles 08 de abril, a las 19:00 horas, no te puedes perder el lanzamiento del poemario teatral El Mito de Sarah, un proyecto financiado por el fondo 8% FNDR Cultura del Gobierno de Tarapac\u00e1. \ud83d\udc4f \u2705 Esta iniciativa, que ejecuta la agrupaci\u00f3n cultural Viola F\u00e9nix de #Iquique, es de&#8230;<\/p>\n","protected":false},"author":1,"featured_media":17338,"comment_status":"closed","ping_status":"closed","template":"","meta":{"om_disable_all_campaigns":false,"_monsterinsights_skip_tracking":false,"_monsterinsights_sitenote_active":false,"_monsterinsights_sitenote_note":"","_monsterinsights_sitenote_category":0,"_kad_post_transparent":"default","_kad_post_title":"default","_kad_post_layout":"default","_kad_post_sidebar_id":"","_kad_post_content_style":"default","_kad_post_vertical_padding":"default","_kad_post_feature":"","_kad_post_feature_position":"","_kad_post_header":false,"_kad_post_footer":false,"_kad_post_classname":""},"tags":[],"mec_category":[],"mec_sponsor":[],"class_list":["post-17337","mec-events","type-mec-events","status-publish","has-post-thumbnail","hentry"],"aioseo_notices":[],"_links":{"self":[{"href":"https:\/\/chilemosaico.cl\/eventos\/wp-json\/wp\/v2\/mec-events\/17337","targetHints":{"allow":["GET"]}}],"collection":[{"href":"https:\/\/chilemosaico.cl\/eventos\/wp-json\/wp\/v2\/mec-events"}],"about":[{"href":"https:\/\/chilemosaico.cl\/eventos\/wp-json\/wp\/v2\/types\/mec-events"}],"author":[{"embeddable":true,"href":"https:\/\/chilemosaico.cl\/eventos\/wp-json\/wp\/v2\/users\/1"}],"replies":[{"embeddable":true,"href":"https:\/\/chilemosaico.cl\/eventos\/wp-json\/wp\/v2\/comments?post=17337"}],"wp:featuredmedia":[{"embeddable":true,"href":"https:\/\/chilemosaico.cl\/eventos\/wp-json\/wp\/v2\/media\/17338"}],"wp:attachment":[{"href":"https:\/\/chilemosaico.cl\/eventos\/wp-json\/wp\/v2\/media?parent=17337"}],"wp:term":[{"taxonomy":"post_tag","embeddable":true,"href":"https:\/\/chilemosaico.cl\/eventos\/wp-json\/wp\/v2\/tags?post=17337"},{"taxonomy":"mec_category","embeddable":true,"href":"https:\/\/chilemosaico.cl\/eventos\/wp-json\/wp\/v2\/mec_category?post=17337"},{"taxonomy":"mec_sponsor","embeddable":true,"href":"https:\/\/chilemosaico.cl\/eventos\/wp-json\/wp\/v2\/mec_sponsor?post=17337"}],"curies":[{"name":"wp","href":"https:\/\/api.w.org\/{rel}","templated":true}]}}