{"id":642,"date":"2023-02-14T18:20:07","date_gmt":"2023-02-14T21:20:07","guid":{"rendered":"https:\/\/chilemosaico.cl\/eventos\/?post_type=mec-events&#038;p=642"},"modified":"2023-02-14T20:34:14","modified_gmt":"2023-02-14T23:34:14","slug":"v-encuentro-lakitas-jose-larrondo-luna","status":"publish","type":"mec-events","link":"https:\/\/chilemosaico.cl\/eventos\/eventos\/v-encuentro-lakitas-jose-larrondo-luna\/","title":{"rendered":"V Encuentro Lakitas de Tarapac\u00e1"},"content":{"rendered":"<p>El quinto encuentro de lakitas \u00abJos\u00e9 Larrondo Luna\u00bb pone en valor esta expresi\u00f3n musical originaria de las quebradas y valles de Tarapac\u00e1 y que se transforme en un encuentro permanente en el tiempo.<\/p>\n<p>La actividad comenzar\u00e1 a las 16:00 horas, con un pasacalle desde la Plaza Prat para finalizar en la Plaza 21 de Mayo, espacio en el que cada una de las comparsas presentar\u00e1 lo mejor de su repertorio musical. \ud83c\udfb6<\/p>\n<p>\u2705Las comparsas que estar\u00e1n en esta nueva versi\u00f3n del Encuentro de Lakitas son:<\/p>\n<p>\ud83d\udd39 Lakitas Imperiales<br \/>\n\ud83d\udd39 Comparsa jacha<br \/>\n\ud83d\udd39 Lakitas Hijos de Huarasi\u00f1a<br \/>\n\ud83d\udd39 Lakitas Revelaci\u00f3n<br \/>\n\ud83d\udd39 Lakitas Estallido Musical<br \/>\n\ud83d\udd39 Lakitas Real Juventud<br \/>\n\ud83d\udd39 Lakitas de Jai\u00f1a<br \/>\n\ud83d\udd39 Lakitas Los Karpas<br \/>\n\ud83d\udd39 Lakitas Chaquetos de jai\u00f1a<\/p>\n<p>En esta ocasi\u00f3n, el evento lleva el nombre de Jos\u00e9 Larrondo Luna (QEPD), en honor a uno de los m\u00fasicos  que particip\u00f3 activamente en los encuentros anteriores, realizando talleres de confecci\u00f3n de zampo\u00f1as.\ud83d\ude4c\ud83c\udffc<\/p>\n<p>La actividad finalizar\u00e1 con la presentaci\u00f3n del grupo de cumbia Sin Codigo\u2019s.\ud83c\udfb6<\/p>\n<p>\u00a1No te lo pierdas!<\/p>\n","protected":false},"excerpt":{"rendered":"<p>El quinto encuentro de lakitas \u00abJos\u00e9 Larrondo Luna\u00bb pone en valor esta expresi\u00f3n musical originaria de las quebradas y valles de Tarapac\u00e1 y que se transforme en un encuentro permanente en el tiempo. La actividad comenzar\u00e1 a las 16:00 horas, con un pasacalle desde la Plaza Prat para finalizar en la Plaza 21 de Mayo,&#8230;<\/p>\n","protected":false},"author":1,"featured_media":643,"comment_status":"closed","ping_status":"closed","template":"","meta":{"om_disable_all_campaigns":false,"_monsterinsights_skip_tracking":false,"_monsterinsights_sitenote_active":false,"_monsterinsights_sitenote_note":"","_monsterinsights_sitenote_category":0,"_kad_post_transparent":"","_kad_post_title":"","_kad_post_layout":"","_kad_post_sidebar_id":"","_kad_post_content_style":"","_kad_post_vertical_padding":"","_kad_post_feature":"","_kad_post_feature_position":"","_kad_post_header":false,"_kad_post_footer":false,"_kad_post_classname":""},"tags":[],"mec_category":[3],"mec_sponsor":[],"class_list":["post-642","mec-events","type-mec-events","status-publish","has-post-thumbnail","hentry","mec_category-expresion-tradicional"],"aioseo_notices":[],"_links":{"self":[{"href":"https:\/\/chilemosaico.cl\/eventos\/wp-json\/wp\/v2\/mec-events\/642","targetHints":{"allow":["GET"]}}],"collection":[{"href":"https:\/\/chilemosaico.cl\/eventos\/wp-json\/wp\/v2\/mec-events"}],"about":[{"href":"https:\/\/chilemosaico.cl\/eventos\/wp-json\/wp\/v2\/types\/mec-events"}],"author":[{"embeddable":true,"href":"https:\/\/chilemosaico.cl\/eventos\/wp-json\/wp\/v2\/users\/1"}],"replies":[{"embeddable":true,"href":"https:\/\/chilemosaico.cl\/eventos\/wp-json\/wp\/v2\/comments?post=642"}],"wp:featuredmedia":[{"embeddable":true,"href":"https:\/\/chilemosaico.cl\/eventos\/wp-json\/wp\/v2\/media\/643"}],"wp:attachment":[{"href":"https:\/\/chilemosaico.cl\/eventos\/wp-json\/wp\/v2\/media?parent=642"}],"wp:term":[{"taxonomy":"post_tag","embeddable":true,"href":"https:\/\/chilemosaico.cl\/eventos\/wp-json\/wp\/v2\/tags?post=642"},{"taxonomy":"mec_category","embeddable":true,"href":"https:\/\/chilemosaico.cl\/eventos\/wp-json\/wp\/v2\/mec_category?post=642"},{"taxonomy":"mec_sponsor","embeddable":true,"href":"https:\/\/chilemosaico.cl\/eventos\/wp-json\/wp\/v2\/mec_sponsor?post=642"}],"curies":[{"name":"wp","href":"https:\/\/api.w.org\/{rel}","templated":true}]}}