{"id":11334,"date":"2025-02-16T01:36:10","date_gmt":"2025-02-16T04:36:10","guid":{"rendered":"https:\/\/chilemosaico.cl\/eventos\/?page_id=11334"},"modified":"2026-04-30T01:33:22","modified_gmt":"2026-04-30T05:33:22","slug":"eventos-en-iquique-tarapaca","status":"publish","type":"page","link":"https:\/\/chilemosaico.cl\/eventos\/","title":{"rendered":"Eventos en Iquique, Tarapac\u00e1"},"content":{"rendered":"<div class=\"wp-radio-player align-center shortcode \">\n\n    <!--******* Details ********-->\n    <div class=\"wp-radio-player-details\">\n        <a href=\"https:\/\/chilemosaico.cl\/eventos\/station\/radio-chilemosaico\/\" class=\"station-thumbnail-wrap\">\n            <img decoding=\"async\" src=\"https:\/\/chilemosaico.cl\/eventos\/wp-content\/uploads\/2023\/01\/Chilemosaico-mascota-2.webp\" class=\"station-thumbnail\"\n                 alt=\"Radio Chilemosaico\"\/>\n        <\/a>\n\n        <div class=\"station-meta\">\n            <a href=\"https:\/\/chilemosaico.cl\/eventos\/station\/radio-chilemosaico\/\" class=\"station-title\">Radio Chilemosaico<\/a>\n\n            <!-- Player Status -->\n            <div class=\"station-status\">\n                <div class=\"wp-radio-player-status status-41\">\n                    <span class=\"status-text-offline\">OFFLINE<\/span>\n                    <span class=\"status-text-live\">LIVE<\/span>\n\n                    <span class=\"status-dot\"><\/span>\n                <\/div>\n\n                <!--Song Title-->\n                <div class=\"wp-radio-player-song-title\" data-id=\"41\"><\/div>\n            <\/div>\n        <\/div>\n    <\/div>\n\n    <!--******* Player Controls *******-->\n    <div class=\"wp-radio-player-controls\">\n\n\t\t\n        <!-- Previous -->\n\t\t\n        <!-- Play\/ Pause -->\n        <button\n                type=\"button\"\n                aria-label=\"Play\/Pause\"\n                title=\"Play\/Pause\"\n                class=\"play-btn\"\n                data-id=\"41\"\n\t\t\t                onclick='wpRadioHooks.doAction(\"playPause\",this, {\"id\":\"41\",\"title\":\"Radio Chilemosaico\",\"thumbnail\":\"https:\\\/\\\/chilemosaico.cl\\\/eventos\\\/wp-content\\\/uploads\\\/2023\\\/01\\\/Chilemosaico-mascota-2.webp\",\"link\":\"https:\\\/\\\/chilemosaico.cl\\\/eventos\\\/station\\\/radio-chilemosaico\\\/\",\"stream\":\"http:\\\/\\\/stream.zeno.fm\\\/nsqq22kaxzzuv\"})'\n\t\t\t        >\n\n            <div class=\"wp-radio-spinner\">\n                <div><\/div>\n                <div><\/div>\n                <div><\/div>\n                <div><\/div>\n                <div><\/div>\n                <div><\/div>\n                <div><\/div>\n            <\/div>\n\n            <span class=\"dashicons dashicons-controls-play\"><\/span>\n            <span class=\"dashicons dashicons-controls-pause\"><\/span>\n        <\/button>\n\n        <!-- Next -->\n\t\t\n        <!-- Popup Icon -->\n\t\t\n        <!-- Volume Control -->\n        <div class=\"player-volume-wrap\">\n            <div class=\"volume-slider\">\n                <div class=\"volume-slider-bar\">\n                    <div class=\"volume-slider-handle\"><\/div>\n                <\/div>\n                <input type=\"range\" min=\"0\" max=\"100\" value=\"100\" step=\"1\">\n            <\/div>\n            <button type=\"button\" class=\"player-volume\">\n                <i class=\"dashicons dashicons-controls-volumeon\"><\/i>\n            <\/button>\n        <\/div>\n\n\t\t\n    <\/div>\n\n    <!-- Player toggle -->\n\t\n\n\t\n<\/div>\n\n\n\n<h1 class=\"wp-block-heading has-text-align-center has-large-font-size\">Eventos Culturales<\/h1>\n\n\n\n<p class=\"has-text-align-center has-medium-font-size\">Y no tan culturales en Iquique y la regi\u00f3n de Tarapac\u00e1 \ud83c\udf1e<\/p>\n\n\n\n<p class=\"has-text-align-center\"><div id=\"mec_skin_428\"\r\n     class=\"mec-wrap colorskin-custom   mec-full-calendar-wrap\">\r\n\r\n    <div class=\"mec-search-form mec-totalcal-box\">\r\n                                            <form id=\"mec_search_form_428\" class=\"mec-dropdown-wrap mec-dropdown-classic\" autocomplete=\"off\">\r\n                <div>\r\n\r\n                    \r\n                    <div class=\"mec-dropdown-wrap\">\r\n                                                                                                                                                                            <div class=\"mec-dropdown-search\"><i class=\"mec-sl-pin\"><\/i><select name=' ' id='mec_sf_label_428' class='postform'>\n\t<option value='' selected='selected'>Etiqueta<\/option>\n\t<option class=\"level-0\" value=\"1149\">Aire Libre y Deportes<\/option>\n\t<option class=\"level-0\" value=\"1150\">Artes Audiovisuales, Cine<\/option>\n\t<option class=\"level-0\" value=\"1151\">Artes Esc\u00e9nicas<\/option>\n\t<option class=\"level-0\" value=\"1152\">Artes Literarias<\/option>\n\t<option class=\"level-0\" value=\"1153\">Artes Musicales<\/option>\n\t<option class=\"level-0\" value=\"1154\">Artes Visuales<\/option>\n\t<option class=\"level-0\" value=\"1155\">Diversi\u00f3n, Carrete, Jarana<\/option>\n\t<option class=\"level-0\" value=\"1156\">Expresi\u00f3n Tradicional<\/option>\n\t<option class=\"level-0\" value=\"1157\">Feriados<\/option>\n\t<option class=\"level-0\" value=\"1158\">Negocios y Emprendimiento<\/option>\n\t<option class=\"level-0\" value=\"46\">Regi\u00f3n de Arica Parinacota<\/option>\n\t<option class=\"level-0\" value=\"47\">Regi\u00f3n de Tarapac\u00e1<\/option>\n\t<option class=\"level-0\" value=\"1159\">Talleres, Charlas, Congresos<\/option>\n\t<option class=\"level-0\" value=\"1160\">Temas Sociales<\/option>\n<\/select>\n<\/div>                                            <\/div>\r\n                <\/div>\r\n                                <div>\r\n                                                        <\/div>\r\n                <div class=\"mec-full-calendar-search-ends\">\r\n                                            <div class=\"mec-text-input-search\"><i class=\"mec-sl-magnifier\"><\/i>\r\n                    <input type=\"search\" value=\"\" id=\"mec_sf_s_428\" placeholder=\"\" title=\"\" \/>\r\n                <\/div>                                                                                                    <div class=\"mec-tab-loader\">\r\n                        <div class=\"mec-totalcal-view\">\r\n                                                        <span\r\n                                class=\"mec-totalcal-monthlyview mec-totalcalview-selected\"\r\n                                data-skin=\"monthly\">Mensualmente<\/span>                                                        <span\r\n                                class=\"mec-totalcal-dailyview\"\r\n                                data-skin=\"daily\">Diariamente<\/span>                            <span\r\n                                class=\"mec-totalcal-listview\"\r\n                                data-skin=\"list\">Lista<\/span>                                                                                <\/div>\r\n                    <\/div>\r\n                <\/div>\r\n            <\/form>\r\n            <\/div>\r\n\r\n    <div id=\"mec_full_calendar_container_428\" class=\"mec-full-calendar-skin-container\">\r\n        <div id=\"mec_skin_428\" class=\"mec-wrap colorskin-custom  \">\r\n\r\n    \r\n    <div class=\"mec-calendar \" id=\"mec_skin_events_428_full\">\r\n        <div class=\"mec-calendar-topsec\">        <div class=\"mec-calendar-side mec-clear\">\r\n                        <div class=\"mec-skin-monthly-view-month-navigator-container\">\r\n                <div class=\"mec-month-navigator\" id=\"mec_month_navigator_428_202605\"><div class=\"mec-previous-month mec-load-month mec-previous-month\" data-mec-year=\"2026\" data-mec-month=\"04\"><a href=\"#\" class=\"mec-load-month-link\"><i class=\"mec-sl-angle-left\"><\/i> abril<\/a><\/div><div class=\"mec-calendar-header\"><h2>mayo 2026<\/h2><\/div><div class=\"mec-next-month mec-load-month mec-next-month\" data-mec-year=\"2026\" data-mec-month=\"06\"><a href=\"#\" class=\"mec-load-month-link\">junio <i class=\"mec-sl-angle-right\"><\/i><\/a><\/div><\/div>\r\n            <\/div>\r\n            \r\n            <div class=\"mec-calendar-table\" id=\"mec_skin_events_428\">\r\n                <div class=\"mec-month-container mec-month-container-selected\" id=\"mec_monthly_view_month_428_202605\" data-month-id=\"202605\"><dl class=\"mec-calendar-table-head\"><dt class=\"mec-calendar-day-head\">LU<\/dt><dt class=\"mec-calendar-day-head\">MA<\/dt><dt class=\"mec-calendar-day-head\">MI<\/dt><dt class=\"mec-calendar-day-head\">JU<\/dt><dt class=\"mec-calendar-day-head\">VI<\/dt><dt class=\"mec-calendar-day-head\">SA<\/dt><dt class=\"mec-calendar-day-head\">DO<\/dt><\/dl><dl class=\"mec-calendar-row\">\r\n    <dt class=\"mec-calendar-day mec-has-event mec-table-nullday \" data-mec-cell=\"20260427\" data-day=\"27\" data-month=\"202605\"><a href=\"#\" class=\"mec-has-event-a\">27<\/a><\/dt><dt class=\"mec-calendar-day mec-has-event mec-table-nullday \" data-mec-cell=\"20260428\" data-day=\"28\" data-month=\"202605\"><a href=\"#\" class=\"mec-has-event-a\">28<\/a><\/dt><dt class=\"mec-calendar-day mec-has-event mec-table-nullday \" data-mec-cell=\"20260429\" data-day=\"29\" data-month=\"202605\"><a href=\"#\" class=\"mec-has-event-a\">29<\/a><\/dt><dt class=\"mec-calendar-day mec-has-event mec-table-nullday \" data-mec-cell=\"20260430\" data-day=\"30\" data-month=\"202605\"><a href=\"#\" class=\"mec-has-event-a\">30<\/a><\/dt><dt class=\"mec-calendar-day mec-has-event \" data-mec-cell=\"20260501\" data-day=\"1\" data-month=\"202605\"><a href=\"#\" class=\"mec-has-event-a\">1<\/a><\/dt><\/dt><dt class=\"mec-calendar-day mec-has-event \" data-mec-cell=\"20260502\" data-day=\"2\" data-month=\"202605\"><a href=\"#\" class=\"mec-has-event-a\">2<\/a><\/dt><\/dt><dt class=\"mec-calendar-day mec-has-event  mec-selected-day\" data-mec-cell=\"20260503\" data-day=\"3\" data-month=\"202605\"><a href=\"#\" class=\"mec-has-event-a\">3<\/a><\/dt><\/dt><\/dl><dl class=\"mec-calendar-row\"><dt class=\"mec-calendar-day mec-has-event \" data-mec-cell=\"20260504\" data-day=\"4\" data-month=\"202605\"><a href=\"#\" class=\"mec-has-event-a\">4<\/a><\/dt><\/dt><dt class=\"mec-calendar-day mec-has-event \" data-mec-cell=\"20260505\" data-day=\"5\" data-month=\"202605\"><a href=\"#\" class=\"mec-has-event-a\">5<\/a><\/dt><\/dt><dt class=\"mec-calendar-day mec-has-event \" data-mec-cell=\"20260506\" data-day=\"6\" data-month=\"202605\"><a href=\"#\" class=\"mec-has-event-a\">6<\/a><\/dt><\/dt><dt class=\"mec-calendar-day mec-has-event \" data-mec-cell=\"20260507\" data-day=\"7\" data-month=\"202605\"><a href=\"#\" class=\"mec-has-event-a\">7<\/a><\/dt><\/dt><dt class=\"mec-calendar-day mec-has-event \" data-mec-cell=\"20260508\" data-day=\"8\" data-month=\"202605\"><a href=\"#\" class=\"mec-has-event-a\">8<\/a><\/dt><\/dt><dt class=\"mec-calendar-day mec-has-event \" data-mec-cell=\"20260509\" data-day=\"9\" data-month=\"202605\"><a href=\"#\" class=\"mec-has-event-a\">9<\/a><\/dt><\/dt><dt class=\"mec-calendar-day \" data-mec-cell=\"20260510\" data-day=\"10\" data-month=\"202605\">10<\/dt><\/dt><\/dl><dl class=\"mec-calendar-row\"><dt class=\"mec-calendar-day \" data-mec-cell=\"20260511\" data-day=\"11\" data-month=\"202605\">11<\/dt><\/dt><dt class=\"mec-calendar-day \" data-mec-cell=\"20260512\" data-day=\"12\" data-month=\"202605\">12<\/dt><\/dt><dt class=\"mec-calendar-day \" data-mec-cell=\"20260513\" data-day=\"13\" data-month=\"202605\">13<\/dt><\/dt><dt class=\"mec-calendar-day \" data-mec-cell=\"20260514\" data-day=\"14\" data-month=\"202605\">14<\/dt><\/dt><dt class=\"mec-calendar-day mec-has-event \" data-mec-cell=\"20260515\" data-day=\"15\" data-month=\"202605\"><a href=\"#\" class=\"mec-has-event-a\">15<\/a><\/dt><\/dt><dt class=\"mec-calendar-day mec-has-event \" data-mec-cell=\"20260516\" data-day=\"16\" data-month=\"202605\"><a href=\"#\" class=\"mec-has-event-a\">16<\/a><\/dt><\/dt><dt class=\"mec-calendar-day \" data-mec-cell=\"20260517\" data-day=\"17\" data-month=\"202605\">17<\/dt><\/dt><\/dl><dl class=\"mec-calendar-row\"><dt class=\"mec-calendar-day \" data-mec-cell=\"20260518\" data-day=\"18\" data-month=\"202605\">18<\/dt><\/dt><dt class=\"mec-calendar-day \" data-mec-cell=\"20260519\" data-day=\"19\" data-month=\"202605\">19<\/dt><\/dt><dt class=\"mec-calendar-day \" data-mec-cell=\"20260520\" data-day=\"20\" data-month=\"202605\">20<\/dt><\/dt><dt class=\"mec-calendar-day mec-has-event \" data-mec-cell=\"20260521\" data-day=\"21\" data-month=\"202605\"><a href=\"#\" class=\"mec-has-event-a\">21<\/a><\/dt><\/dt><dt class=\"mec-calendar-day mec-has-event \" data-mec-cell=\"20260522\" data-day=\"22\" data-month=\"202605\"><a href=\"#\" class=\"mec-has-event-a\">22<\/a><\/dt><\/dt><dt class=\"mec-calendar-day mec-has-event \" data-mec-cell=\"20260523\" data-day=\"23\" data-month=\"202605\"><a href=\"#\" class=\"mec-has-event-a\">23<\/a><\/dt><\/dt><dt class=\"mec-calendar-day mec-has-event \" data-mec-cell=\"20260524\" data-day=\"24\" data-month=\"202605\"><a href=\"#\" class=\"mec-has-event-a\">24<\/a><\/dt><\/dt><\/dl><dl class=\"mec-calendar-row\"><dt class=\"mec-calendar-day mec-has-event \" data-mec-cell=\"20260525\" data-day=\"25\" data-month=\"202605\"><a href=\"#\" class=\"mec-has-event-a\">25<\/a><\/dt><\/dt><dt class=\"mec-calendar-day mec-has-event \" data-mec-cell=\"20260526\" data-day=\"26\" data-month=\"202605\"><a href=\"#\" class=\"mec-has-event-a\">26<\/a><\/dt><\/dt><dt class=\"mec-calendar-day \" data-mec-cell=\"20260527\" data-day=\"27\" data-month=\"202605\">27<\/dt><\/dt><dt class=\"mec-calendar-day \" data-mec-cell=\"20260528\" data-day=\"28\" data-month=\"202605\">28<\/dt><\/dt><dt class=\"mec-calendar-day \" data-mec-cell=\"20260529\" data-day=\"29\" data-month=\"202605\">29<\/dt><\/dt><dt class=\"mec-calendar-day \" data-mec-cell=\"20260530\" data-day=\"30\" data-month=\"202605\">30<\/dt><\/dt><dt class=\"mec-calendar-day \" data-mec-cell=\"20260531\" data-day=\"31\" data-month=\"202605\">31<\/dt><\/dt><\/dl><dl class=\"mec-calendar-row\"><\/dl>\r\n<\/div>\r\n            <\/div>\r\n\r\n                    <\/div>\r\n        <div class=\"mec-calendar-events-side mec-clear\"><div class=\"mec-month-side\" id=\"mec_month_side_428_202605\"><div class=\"mec-calendar-events-sec\" id=\"mec-calendar-events-sec-428-20260427\" data-mec-cell=\"20260427\" ><h6 class=\"mec-table-side-title\">Eventos para <span class=\"mec-color mec-table-side-day\"> 27<\/span> abril<\/h6><article class=\"mec-past-event mec-event-article \"><div class=\"mec-event-image\"><img loading=\"lazy\" decoding=\"async\" width=\"300\" height=\"300\" src=\"https:\/\/chilemosaico.cl\/eventos\/wp-content\/uploads\/2026\/04\/Inscripciones-a-Laboratorio-de-Sublimacion-Textil-300x300.jpg\" class=\"attachment-thumblist size-thumblist wp-post-image\" alt=\"Inscripciones a Laboratorio de Sublimaci\u00f3n Textil\" data-mec-postid=\"17488\" \/><\/div><div class=\"mec-monthly-contents\" style=\"width: calc(100% - 85px)\"><div class=\"mec-event-time mec-color\"><i class=\"mec-sl-clock-o\"><\/i> 08:00 - 00:00<\/div><h4 class=\"mec-event-title\"><a class=\"mec-color-hover\" data-event-id=\"17488\" href=\"https:\/\/chilemosaico.cl\/eventos\/eventos\/inscripciones-a-laboratorio-de-sublimacion-textil\/\" target=\"_blank\" rel=\"noopener\">Inscripciones a Laboratorio de Sublimaci\u00f3n Textil<\/a><span class=\"event-color\" style=\"background: #ad78e2\"><\/span><\/h4><div class=\"mec-event-detail\">\r\n                        <div class=\"mec-event-loc-place\">Edificio Econorte<\/div>\r\n                        \r\n                    <\/div><\/div><div style=\"clear:both\"><\/div><\/article><article class=\"mec-event-article \"><div class=\"mec-event-image\"><img loading=\"lazy\" decoding=\"async\" width=\"300\" height=\"300\" src=\"https:\/\/chilemosaico.cl\/eventos\/wp-content\/uploads\/2026\/04\/Reto-Construye-Academia-2026-300x300.jpg\" class=\"attachment-thumblist size-thumblist wp-post-image\" alt=\"Reto Construye Academia 2026\" data-mec-postid=\"17517\" \/><\/div><div class=\"mec-monthly-contents\" style=\"width: calc(100% - 85px)\"><div class=\"mec-event-time mec-color\"><i class=\"mec-sl-clock-o\"><\/i> 08:00 - 00:00<\/div><h4 class=\"mec-event-title\"><a class=\"mec-color-hover\" data-event-id=\"17517\" href=\"https:\/\/chilemosaico.cl\/eventos\/eventos\/reto-construye-academia-2026\/\" target=\"_blank\" rel=\"noopener\">Reto Construye Academia 2026<\/a><span class=\"event-color\" style=\"background: #1e73be\"><\/span><\/h4><div class=\"mec-event-detail\">\r\n                        <div class=\"mec-event-loc-place\"><\/div>\r\n                        \r\n                    <\/div><\/div><div style=\"clear:both\"><\/div><\/article><article class=\"mec-past-event mec-event-article \"><div class=\"mec-event-image\"><img loading=\"lazy\" decoding=\"async\" width=\"300\" height=\"300\" src=\"https:\/\/chilemosaico.cl\/eventos\/wp-content\/uploads\/2024\/02\/Club-de-Deportes-Iquique-300x300.jpg\" class=\"attachment-thumblist size-thumblist wp-post-image\" alt=\"Club de Deportes Iquique\" data-mec-postid=\"16094\" \/><\/div><div class=\"mec-monthly-contents\" style=\"width: calc(100% - 85px)\"><div class=\"mec-event-time mec-color\"><i class=\"mec-sl-clock-o\"><\/i> 20:00 - 22:00<\/div><h4 class=\"mec-event-title\"><a class=\"mec-color-hover\" data-event-id=\"16094\" href=\"https:\/\/chilemosaico.cl\/eventos\/eventos\/deportes-iquique-2026-de-local\/\" target=\"_blank\" rel=\"noopener\">Deportes Iquique 2026 de local<\/a><span class=\"event-color\" style=\"background: #00a0d2\"><\/span><\/h4><div class=\"mec-event-detail\">\r\n                        <div class=\"mec-event-loc-place\"><\/div>\r\n                        \r\n                    <\/div><\/div><div style=\"clear:both\"><\/div><\/article><\/div><div class=\"mec-calendar-events-sec\" id=\"mec-calendar-events-sec-428-20260428\" data-mec-cell=\"20260428\" ><h6 class=\"mec-table-side-title\">Eventos para <span class=\"mec-color mec-table-side-day\"> 28<\/span> abril<\/h6><article class=\"mec-past-event mec-event-article \"><div class=\"mec-event-image\"><img loading=\"lazy\" decoding=\"async\" width=\"300\" height=\"300\" src=\"https:\/\/chilemosaico.cl\/eventos\/wp-content\/uploads\/2026\/04\/Inscripciones-a-Laboratorio-de-Sublimacion-Textil-300x300.jpg\" class=\"attachment-thumblist size-thumblist wp-post-image\" alt=\"Inscripciones a Laboratorio de Sublimaci\u00f3n Textil\" data-mec-postid=\"17488\" \/><\/div><div class=\"mec-monthly-contents\" style=\"width: calc(100% - 85px)\"><div class=\"mec-event-time mec-color\"><i class=\"mec-sl-clock-o\"><\/i> Evento de todo el d\u00eda<\/div><h4 class=\"mec-event-title\"><a class=\"mec-color-hover\" data-event-id=\"17488\" href=\"https:\/\/chilemosaico.cl\/eventos\/eventos\/inscripciones-a-laboratorio-de-sublimacion-textil\/\" target=\"_blank\" rel=\"noopener\">Inscripciones a Laboratorio de Sublimaci\u00f3n Textil<\/a><span class=\"event-color\" style=\"background: #ad78e2\"><\/span><\/h4><div class=\"mec-event-detail\">\r\n                        <div class=\"mec-event-loc-place\">Edificio Econorte<\/div>\r\n                        \r\n                    <\/div><\/div><div style=\"clear:both\"><\/div><\/article><article class=\"mec-event-article \"><div class=\"mec-event-image\"><img loading=\"lazy\" decoding=\"async\" width=\"300\" height=\"300\" src=\"https:\/\/chilemosaico.cl\/eventos\/wp-content\/uploads\/2026\/04\/Reto-Construye-Academia-2026-300x300.jpg\" class=\"attachment-thumblist size-thumblist wp-post-image\" alt=\"Reto Construye Academia 2026\" data-mec-postid=\"17517\" \/><\/div><div class=\"mec-monthly-contents\" style=\"width: calc(100% - 85px)\"><div class=\"mec-event-time mec-color\"><i class=\"mec-sl-clock-o\"><\/i> Evento de todo el d\u00eda<\/div><h4 class=\"mec-event-title\"><a class=\"mec-color-hover\" data-event-id=\"17517\" href=\"https:\/\/chilemosaico.cl\/eventos\/eventos\/reto-construye-academia-2026\/\" target=\"_blank\" rel=\"noopener\">Reto Construye Academia 2026<\/a><span class=\"event-color\" style=\"background: #1e73be\"><\/span><\/h4><div class=\"mec-event-detail\">\r\n                        <div class=\"mec-event-loc-place\"><\/div>\r\n                        \r\n                    <\/div><\/div><div style=\"clear:both\"><\/div><\/article><article class=\"mec-past-event mec-event-article \"><div class=\"mec-event-image\"><img loading=\"lazy\" decoding=\"async\" width=\"300\" height=\"300\" src=\"https:\/\/chilemosaico.cl\/eventos\/wp-content\/uploads\/2026\/04\/Lanzamiento-de-la-novela-juvenil-Relampago-300x300.jpg\" class=\"attachment-thumblist size-thumblist wp-post-image\" alt=\"Lanzamiento de la novela juvenil Rel\u00e1mpago\" data-mec-postid=\"17468\" \/><\/div><div class=\"mec-monthly-contents\" style=\"width: calc(100% - 85px)\"><div class=\"mec-event-time mec-color\"><i class=\"mec-sl-clock-o\"><\/i> 18:30 - 21:00<\/div><h4 class=\"mec-event-title\"><a class=\"mec-color-hover\" data-event-id=\"17468\" href=\"https:\/\/chilemosaico.cl\/eventos\/eventos\/lanzamiento-de-la-novela-juvenil-relampago\/\" target=\"_blank\" rel=\"noopener\">Lanzamiento de la novela juvenil Rel\u00e1mpago<\/a><\/h4><div class=\"mec-event-detail\">\r\n                        <div class=\"mec-event-loc-place\">Casa Municipal de la Cultura de Iquique<\/div>\r\n                        \r\n                    <\/div><\/div><div style=\"clear:both\"><\/div><\/article><\/div><div class=\"mec-calendar-events-sec\" id=\"mec-calendar-events-sec-428-20260429\" data-mec-cell=\"20260429\" ><h6 class=\"mec-table-side-title\">Eventos para <span class=\"mec-color mec-table-side-day\"> 29<\/span> abril<\/h6><article class=\"mec-past-event mec-event-article \"><div class=\"mec-event-image\"><img loading=\"lazy\" decoding=\"async\" width=\"300\" height=\"300\" src=\"https:\/\/chilemosaico.cl\/eventos\/wp-content\/uploads\/2026\/04\/LETRAS-Y-VOCES-2026-300x300.jpg\" class=\"attachment-thumblist size-thumblist wp-post-image\" alt=\"LETRAS Y VOCES 2026\" data-mec-postid=\"17428\" \/><\/div><div class=\"mec-monthly-contents\" style=\"width: calc(100% - 85px)\"><div class=\"mec-event-time mec-color\"><i class=\"mec-sl-clock-o\"><\/i> 08:00 - 18:00<\/div><h4 class=\"mec-event-title\"><a class=\"mec-color-hover\" data-event-id=\"17428\" href=\"https:\/\/chilemosaico.cl\/eventos\/eventos\/letras-y-voces\/\" target=\"_blank\" rel=\"noopener\">Letras y Voces &#8211; Mes del Libro<\/a><span class=\"event-color\" style=\"background: #3426ff\"><\/span><\/h4><div class=\"mec-event-detail\">\r\n                        <div class=\"mec-event-loc-place\">Casa Municipal de la Cultura de Iquique<\/div>\r\n                        \r\n                    <\/div><\/div><div style=\"clear:both\"><\/div><\/article><article class=\"mec-past-event mec-event-article \"><div class=\"mec-event-image\"><img loading=\"lazy\" decoding=\"async\" width=\"300\" height=\"300\" src=\"https:\/\/chilemosaico.cl\/eventos\/wp-content\/uploads\/2026\/04\/Inscripciones-a-Laboratorio-de-Sublimacion-Textil-300x300.jpg\" class=\"attachment-thumblist size-thumblist wp-post-image\" alt=\"Inscripciones a Laboratorio de Sublimaci\u00f3n Textil\" data-mec-postid=\"17488\" \/><\/div><div class=\"mec-monthly-contents\" style=\"width: calc(100% - 85px)\"><div class=\"mec-event-time mec-color\"><i class=\"mec-sl-clock-o\"><\/i> Evento de todo el d\u00eda<\/div><h4 class=\"mec-event-title\"><a class=\"mec-color-hover\" data-event-id=\"17488\" href=\"https:\/\/chilemosaico.cl\/eventos\/eventos\/inscripciones-a-laboratorio-de-sublimacion-textil\/\" target=\"_blank\" rel=\"noopener\">Inscripciones a Laboratorio de Sublimaci\u00f3n Textil<\/a><span class=\"event-color\" style=\"background: #ad78e2\"><\/span><\/h4><div class=\"mec-event-detail\">\r\n                        <div class=\"mec-event-loc-place\">Edificio Econorte<\/div>\r\n                        \r\n                    <\/div><\/div><div style=\"clear:both\"><\/div><\/article><article class=\"mec-event-article \"><div class=\"mec-event-image\"><img loading=\"lazy\" decoding=\"async\" width=\"300\" height=\"300\" src=\"https:\/\/chilemosaico.cl\/eventos\/wp-content\/uploads\/2026\/04\/Reto-Construye-Academia-2026-300x300.jpg\" class=\"attachment-thumblist size-thumblist wp-post-image\" alt=\"Reto Construye Academia 2026\" data-mec-postid=\"17517\" \/><\/div><div class=\"mec-monthly-contents\" style=\"width: calc(100% - 85px)\"><div class=\"mec-event-time mec-color\"><i class=\"mec-sl-clock-o\"><\/i> Evento de todo el d\u00eda<\/div><h4 class=\"mec-event-title\"><a class=\"mec-color-hover\" data-event-id=\"17517\" href=\"https:\/\/chilemosaico.cl\/eventos\/eventos\/reto-construye-academia-2026\/\" target=\"_blank\" rel=\"noopener\">Reto Construye Academia 2026<\/a><span class=\"event-color\" style=\"background: #1e73be\"><\/span><\/h4><div class=\"mec-event-detail\">\r\n                        <div class=\"mec-event-loc-place\"><\/div>\r\n                        \r\n                    <\/div><\/div><div style=\"clear:both\"><\/div><\/article><\/div><div class=\"mec-calendar-events-sec\" id=\"mec-calendar-events-sec-428-20260430\" data-mec-cell=\"20260430\" ><h6 class=\"mec-table-side-title\">Eventos para <span class=\"mec-color mec-table-side-day\"> 30<\/span> abril<\/h6><article class=\"mec-past-event mec-event-article \"><div class=\"mec-event-image\"><img loading=\"lazy\" decoding=\"async\" width=\"300\" height=\"300\" src=\"https:\/\/chilemosaico.cl\/eventos\/wp-content\/uploads\/2026\/04\/Laboratorio-de-Fanzines-300x300.jpg\" class=\"attachment-thumblist size-thumblist wp-post-image\" alt=\"Laboratorio de Fanzines\" data-mec-postid=\"17377\" \/><\/div><div class=\"mec-monthly-contents\" style=\"width: calc(100% - 85px)\"><div class=\"mec-event-time mec-color\"><i class=\"mec-sl-clock-o\"><\/i> 08:00 - 18:00<\/div><h4 class=\"mec-event-title\"><a class=\"mec-color-hover\" data-event-id=\"17377\" href=\"https:\/\/chilemosaico.cl\/eventos\/eventos\/laboratorio-de-fanzines\/\" target=\"_blank\" rel=\"noopener\">Laboratorio de Fanzines<\/a><span class=\"event-color\" style=\"background: #a3b745\"><\/span><\/h4><div class=\"mec-event-detail\">\r\n                        <div class=\"mec-event-loc-place\">Museo Regional de Iquique<\/div>\r\n                        \r\n                    <\/div><\/div><div style=\"clear:both\"><\/div><\/article><article class=\"mec-past-event mec-event-article \"><div class=\"mec-event-image\"><img loading=\"lazy\" decoding=\"async\" width=\"300\" height=\"300\" src=\"https:\/\/chilemosaico.cl\/eventos\/wp-content\/uploads\/2026\/04\/Inscripciones-a-Laboratorio-de-Sublimacion-Textil-300x300.jpg\" class=\"attachment-thumblist size-thumblist wp-post-image\" alt=\"Inscripciones a Laboratorio de Sublimaci\u00f3n Textil\" data-mec-postid=\"17488\" \/><\/div><div class=\"mec-monthly-contents\" style=\"width: calc(100% - 85px)\"><div class=\"mec-event-time mec-color\"><i class=\"mec-sl-clock-o\"><\/i> Evento de todo el d\u00eda<\/div><h4 class=\"mec-event-title\"><a class=\"mec-color-hover\" data-event-id=\"17488\" href=\"https:\/\/chilemosaico.cl\/eventos\/eventos\/inscripciones-a-laboratorio-de-sublimacion-textil\/\" target=\"_blank\" rel=\"noopener\">Inscripciones a Laboratorio de Sublimaci\u00f3n Textil<\/a><span class=\"event-color\" style=\"background: #ad78e2\"><\/span><\/h4><div class=\"mec-event-detail\">\r\n                        <div class=\"mec-event-loc-place\">Edificio Econorte<\/div>\r\n                        \r\n                    <\/div><\/div><div style=\"clear:both\"><\/div><\/article><article class=\"mec-event-article \"><div class=\"mec-event-image\"><img loading=\"lazy\" decoding=\"async\" width=\"300\" height=\"300\" src=\"https:\/\/chilemosaico.cl\/eventos\/wp-content\/uploads\/2026\/04\/Reto-Construye-Academia-2026-300x300.jpg\" class=\"attachment-thumblist size-thumblist wp-post-image\" alt=\"Reto Construye Academia 2026\" data-mec-postid=\"17517\" \/><\/div><div class=\"mec-monthly-contents\" style=\"width: calc(100% - 85px)\"><div class=\"mec-event-time mec-color\"><i class=\"mec-sl-clock-o\"><\/i> Evento de todo el d\u00eda<\/div><h4 class=\"mec-event-title\"><a class=\"mec-color-hover\" data-event-id=\"17517\" href=\"https:\/\/chilemosaico.cl\/eventos\/eventos\/reto-construye-academia-2026\/\" target=\"_blank\" rel=\"noopener\">Reto Construye Academia 2026<\/a><span class=\"event-color\" style=\"background: #1e73be\"><\/span><\/h4><div class=\"mec-event-detail\">\r\n                        <div class=\"mec-event-loc-place\"><\/div>\r\n                        \r\n                    <\/div><\/div><div style=\"clear:both\"><\/div><\/article><article class=\"mec-past-event mec-event-article \"><div class=\"mec-event-image\"><img loading=\"lazy\" decoding=\"async\" width=\"300\" height=\"300\" src=\"https:\/\/chilemosaico.cl\/eventos\/wp-content\/uploads\/2026\/04\/Dia-del-trabajador-2026-Iquique-4-300x300.jpg\" class=\"attachment-thumblist size-thumblist wp-post-image\" alt=\"Dia del trabajador 2026 Iquique\" data-mec-postid=\"17661\" \/><\/div><div class=\"mec-monthly-contents\" style=\"width: calc(100% - 85px)\"><h4 class=\"mec-event-title\"><a class=\"mec-color-hover\" data-event-id=\"17661\" href=\"https:\/\/chilemosaico.cl\/eventos\/eventos\/dia-del-trabajador-2026-iquique\/\" target=\"_blank\" rel=\"noopener\">Dia del trabajador 2026 Iquique<\/a><span class=\"event-color\" style=\"background: #a32525\"><\/span><\/h4><div class=\"mec-event-detail\">\r\n                        <div class=\"mec-event-loc-place\">Varios Lugares en Tarapac\u00e1<\/div>\r\n                        \r\n                    <\/div><\/div><div style=\"clear:both\"><\/div><\/article><article class=\"mec-past-event mec-event-article \"><div class=\"mec-event-image\"><img loading=\"lazy\" decoding=\"async\" width=\"300\" height=\"300\" src=\"https:\/\/chilemosaico.cl\/eventos\/wp-content\/uploads\/2026\/04\/Historias-entre-la-camanchaca-300x300.jpg\" class=\"attachment-thumblist size-thumblist wp-post-image\" alt=\"Historias entre la camanchaca\" data-mec-postid=\"17530\" \/><\/div><div class=\"mec-monthly-contents\" style=\"width: calc(100% - 85px)\"><div class=\"mec-event-time mec-color\"><i class=\"mec-sl-clock-o\"><\/i> 20:30 - 22:00<\/div><h4 class=\"mec-event-title\"><a class=\"mec-color-hover\" data-event-id=\"17530\" href=\"https:\/\/chilemosaico.cl\/eventos\/eventos\/historias-entre-la-camanchaca\/\" target=\"_blank\" rel=\"noopener\">Historias entre la camanchaca<\/a><span class=\"event-color\" style=\"background: #e14d43\"><\/span><\/h4><div class=\"mec-event-detail\">\r\n                        <div class=\"mec-event-loc-place\">Sala Veteranos del 79<\/div>\r\n                        \r\n                    <\/div><\/div><div style=\"clear:both\"><\/div><\/article><article class=\"mec-past-event mec-event-article \"><div class=\"mec-event-image\"><img loading=\"lazy\" decoding=\"async\" width=\"300\" height=\"300\" src=\"https:\/\/chilemosaico.cl\/eventos\/wp-content\/uploads\/2026\/04\/Dia-del-trabajador-Pica-Matilla-300x300.jpg\" class=\"attachment-thumblist size-thumblist wp-post-image\" alt=\"Dia del trabajador Pica Matilla\" data-mec-postid=\"17658\" \/><\/div><div class=\"mec-monthly-contents\" style=\"width: calc(100% - 85px)\"><h4 class=\"mec-event-title\"><a class=\"mec-color-hover\" data-event-id=\"17658\" href=\"https:\/\/chilemosaico.cl\/eventos\/eventos\/dia-del-trabajador-pica-matilla\/\" target=\"_blank\" rel=\"noopener\">Dia del trabajador Pica Matilla<\/a><span class=\"event-color\" style=\"background: #003956\"><\/span><\/h4><div class=\"mec-event-detail\">\r\n                        <div class=\"mec-event-loc-place\"><\/div>\r\n                        \r\n                    <\/div><\/div><div style=\"clear:both\"><\/div><\/article><article class=\"mec-past-event mec-event-article \"><div class=\"mec-event-image\"><img loading=\"lazy\" decoding=\"async\" width=\"300\" height=\"300\" src=\"https:\/\/chilemosaico.cl\/eventos\/wp-content\/uploads\/2026\/04\/Dia-de-los-Trabajadores-300x300.jpg\" class=\"attachment-thumblist size-thumblist wp-post-image\" alt=\"D\u00eda de los trabajadores\" data-mec-postid=\"17457\" \/><\/div><div class=\"mec-monthly-contents\" style=\"width: calc(100% - 85px)\"><div class=\"mec-event-time mec-color\"><i class=\"mec-sl-clock-o\"><\/i> 22:00 - 02:00<\/div><h4 class=\"mec-event-title\"><a class=\"mec-color-hover\" data-event-id=\"17457\" href=\"https:\/\/chilemosaico.cl\/eventos\/eventos\/dia-de-los-trabajadores\/\" target=\"_blank\" rel=\"noopener\">Arriba los trabajadores<\/a><\/h4><div class=\"mec-event-detail\">\r\n                        <div class=\"mec-event-loc-place\">Rinc\u00f3n Guachaca<\/div>\r\n                        \r\n                    <\/div><\/div><div style=\"clear:both\"><\/div><\/article><\/div><div class=\"mec-calendar-events-sec\" id=\"mec-calendar-events-sec-428-20260501\" data-mec-cell=\"20260501\" ><h6 class=\"mec-table-side-title\">Eventos para <span class=\"mec-color mec-table-side-day\"> 1<\/span> mayo<\/h6><article class=\"mec-past-event mec-event-article \"><div class=\"mec-event-image\"><img loading=\"lazy\" decoding=\"async\" width=\"300\" height=\"300\" src=\"https:\/\/chilemosaico.cl\/eventos\/wp-content\/uploads\/2025\/09\/Feriados-Chile-1-300x300.jpg\" class=\"attachment-thumblist size-thumblist wp-post-image\" alt=\"Feriados Chile\" data-mec-postid=\"13204\" \/><\/div><div class=\"mec-monthly-contents\" style=\"width: calc(100% - 85px)\"><div class=\"mec-event-time mec-color\"><i class=\"mec-sl-clock-o\"><\/i> Evento de todo el d\u00eda<\/div><h4 class=\"mec-event-title\"><a class=\"mec-color-hover\" data-event-id=\"13204\" href=\"https:\/\/chilemosaico.cl\/eventos\/eventos\/feriados-legales-y-dias-importantes-chile-2026\/\" target=\"_blank\" rel=\"noopener\">Feriados legales y d\u00edas Importantes \u2013 Chile 2026<\/a><span class=\"event-color\" style=\"background: #e8e8e8\"><\/span><\/h4><div class=\"mec-event-detail\">\r\n                        <div class=\"mec-event-loc-place\"><\/div>\r\n                        \r\n                    <\/div><\/div><div style=\"clear:both\"><\/div><\/article><article class=\"mec-past-event mec-event-article \"><div class=\"mec-event-image\"><img loading=\"lazy\" decoding=\"async\" width=\"300\" height=\"300\" src=\"https:\/\/chilemosaico.cl\/eventos\/wp-content\/uploads\/2026\/04\/Inscripciones-a-Laboratorio-de-Sublimacion-Textil-300x300.jpg\" class=\"attachment-thumblist size-thumblist wp-post-image\" alt=\"Inscripciones a Laboratorio de Sublimaci\u00f3n Textil\" data-mec-postid=\"17488\" \/><\/div><div class=\"mec-monthly-contents\" style=\"width: calc(100% - 85px)\"><div class=\"mec-event-time mec-color\"><i class=\"mec-sl-clock-o\"><\/i> 00:00 - 18:00<\/div><h4 class=\"mec-event-title\"><a class=\"mec-color-hover\" data-event-id=\"17488\" href=\"https:\/\/chilemosaico.cl\/eventos\/eventos\/inscripciones-a-laboratorio-de-sublimacion-textil\/\" target=\"_blank\" rel=\"noopener\">Inscripciones a Laboratorio de Sublimaci\u00f3n Textil<\/a><span class=\"event-color\" style=\"background: #ad78e2\"><\/span><\/h4><div class=\"mec-event-detail\">\r\n                        <div class=\"mec-event-loc-place\">Edificio Econorte<\/div>\r\n                        \r\n                    <\/div><\/div><div style=\"clear:both\"><\/div><\/article><article class=\"mec-event-article \"><div class=\"mec-event-image\"><img loading=\"lazy\" decoding=\"async\" width=\"300\" height=\"300\" src=\"https:\/\/chilemosaico.cl\/eventos\/wp-content\/uploads\/2026\/04\/Reto-Construye-Academia-2026-300x300.jpg\" class=\"attachment-thumblist size-thumblist wp-post-image\" alt=\"Reto Construye Academia 2026\" data-mec-postid=\"17517\" \/><\/div><div class=\"mec-monthly-contents\" style=\"width: calc(100% - 85px)\"><div class=\"mec-event-time mec-color\"><i class=\"mec-sl-clock-o\"><\/i> Evento de todo el d\u00eda<\/div><h4 class=\"mec-event-title\"><a class=\"mec-color-hover\" data-event-id=\"17517\" href=\"https:\/\/chilemosaico.cl\/eventos\/eventos\/reto-construye-academia-2026\/\" target=\"_blank\" rel=\"noopener\">Reto Construye Academia 2026<\/a><span class=\"event-color\" style=\"background: #1e73be\"><\/span><\/h4><div class=\"mec-event-detail\">\r\n                        <div class=\"mec-event-loc-place\"><\/div>\r\n                        \r\n                    <\/div><\/div><div style=\"clear:both\"><\/div><\/article><article class=\"mec-past-event mec-event-article \"><div class=\"mec-event-image\"><img loading=\"lazy\" decoding=\"async\" width=\"300\" height=\"300\" src=\"https:\/\/chilemosaico.cl\/eventos\/wp-content\/uploads\/2026\/04\/Dia-del-trabajador-2026-Iquique-4-300x300.jpg\" class=\"attachment-thumblist size-thumblist wp-post-image\" alt=\"Dia del trabajador 2026 Iquique\" data-mec-postid=\"17661\" \/><\/div><div class=\"mec-monthly-contents\" style=\"width: calc(100% - 85px)\"><h4 class=\"mec-event-title\"><a class=\"mec-color-hover\" data-event-id=\"17661\" href=\"https:\/\/chilemosaico.cl\/eventos\/eventos\/dia-del-trabajador-2026-iquique\/\" target=\"_blank\" rel=\"noopener\">Dia del trabajador 2026 Iquique<\/a><span class=\"event-color\" style=\"background: #a32525\"><\/span><\/h4><div class=\"mec-event-detail\">\r\n                        <div class=\"mec-event-loc-place\">Varios Lugares en Tarapac\u00e1<\/div>\r\n                        \r\n                    <\/div><\/div><div style=\"clear:both\"><\/div><\/article><article class=\"mec-past-event mec-event-article \"><div class=\"mec-event-image\"><img loading=\"lazy\" decoding=\"async\" width=\"300\" height=\"300\" src=\"https:\/\/chilemosaico.cl\/eventos\/wp-content\/uploads\/2026\/04\/Dia-del-trabajador-Pica-Matilla-300x300.jpg\" class=\"attachment-thumblist size-thumblist wp-post-image\" alt=\"Dia del trabajador Pica Matilla\" data-mec-postid=\"17658\" \/><\/div><div class=\"mec-monthly-contents\" style=\"width: calc(100% - 85px)\"><h4 class=\"mec-event-title\"><a class=\"mec-color-hover\" data-event-id=\"17658\" href=\"https:\/\/chilemosaico.cl\/eventos\/eventos\/dia-del-trabajador-pica-matilla\/\" target=\"_blank\" rel=\"noopener\">Dia del trabajador Pica Matilla<\/a><span class=\"event-color\" style=\"background: #003956\"><\/span><\/h4><div class=\"mec-event-detail\">\r\n                        <div class=\"mec-event-loc-place\"><\/div>\r\n                        \r\n                    <\/div><\/div><div style=\"clear:both\"><\/div><\/article><article class=\"mec-past-event mec-event-article \"><div class=\"mec-event-image\"><img loading=\"lazy\" decoding=\"async\" width=\"300\" height=\"300\" src=\"https:\/\/chilemosaico.cl\/eventos\/wp-content\/uploads\/2026\/04\/DRAMA-Y-RUIDO-EN-ESPACIO-AKANA-300x300.jpg\" class=\"attachment-thumblist size-thumblist wp-post-image\" alt=\"Primer Acto: Drama y Ruido\" data-mec-postid=\"17527\" \/><\/div><div class=\"mec-monthly-contents\" style=\"width: calc(100% - 85px)\"><div class=\"mec-event-time mec-color\"><i class=\"mec-sl-clock-o\"><\/i> 17:00 - 23:00<\/div><h4 class=\"mec-event-title\"><a class=\"mec-color-hover\" data-event-id=\"17527\" href=\"https:\/\/chilemosaico.cl\/eventos\/eventos\/primer-acto-drama-y-ruido\/\" target=\"_blank\" rel=\"noopener\">Primer Acto: Drama y Ruido<\/a><span class=\"event-color\" style=\"background: #2edd91\"><\/span><\/h4><div class=\"mec-event-detail\">\r\n                        <div class=\"mec-event-loc-place\">Espacio Akana<\/div>\r\n                        \r\n                    <\/div><\/div><div style=\"clear:both\"><\/div><\/article><article class=\"mec-past-event mec-event-article \"><div class=\"mec-event-image\"><img loading=\"lazy\" decoding=\"async\" width=\"300\" height=\"300\" src=\"https:\/\/chilemosaico.cl\/eventos\/wp-content\/uploads\/2026\/04\/Apakcheta-y-Juan-Carlos-Rocha-300x300.jpg\" class=\"attachment-thumblist size-thumblist wp-post-image\" alt=\"Apakcheta y Juan Carlos Rocha\" data-mec-postid=\"17411\" \/><\/div><div class=\"mec-monthly-contents\" style=\"width: calc(100% - 85px)\"><div class=\"mec-event-time mec-color\"><i class=\"mec-sl-clock-o\"><\/i> 21:00 - 01:00<\/div><h4 class=\"mec-event-title\"><a class=\"mec-color-hover\" data-event-id=\"17411\" href=\"https:\/\/chilemosaico.cl\/eventos\/eventos\/apakcheta-y-juan-carlos-rocha\/\" target=\"_blank\" rel=\"noopener\">Apakcheta y Juan Carlos Rocha<\/a><span class=\"event-color\" style=\"background: #cc9966\"><\/span><\/h4><div class=\"mec-event-detail\">\r\n                        <div class=\"mec-event-loc-place\">Orella 1252, Iquique<\/div>\r\n                        \r\n                    <\/div><\/div><div style=\"clear:both\"><\/div><\/article><article class=\"mec-past-event mec-event-article \"><div class=\"mec-event-image\"><img loading=\"lazy\" decoding=\"async\" width=\"300\" height=\"300\" src=\"https:\/\/chilemosaico.cl\/eventos\/wp-content\/uploads\/2026\/04\/Desierto-Violento-v3-300x300.jpg\" class=\"attachment-thumblist size-thumblist wp-post-image\" alt=\"Desierto Violento v3\" data-mec-postid=\"17514\" \/><\/div><div class=\"mec-monthly-contents\" style=\"width: calc(100% - 85px)\"><div class=\"mec-event-time mec-color\"><i class=\"mec-sl-clock-o\"><\/i> 21:00 - 02:00<\/div><h4 class=\"mec-event-title\"><a class=\"mec-color-hover\" data-event-id=\"17514\" href=\"https:\/\/chilemosaico.cl\/eventos\/eventos\/desierto-violento-v3\/\" target=\"_blank\" rel=\"noopener\">Desierto Violento v3<\/a><span class=\"event-color\" style=\"background: #f9b6b6\"><\/span><\/h4><div class=\"mec-event-detail\">\r\n                        <div class=\"mec-event-loc-place\">Bar El Democr\u00e1tico<\/div>\r\n                        \r\n                    <\/div><\/div><div style=\"clear:both\"><\/div><\/article><article class=\"mec-past-event mec-event-article \"><div class=\"mec-event-image\"><img loading=\"lazy\" decoding=\"async\" width=\"300\" height=\"300\" src=\"https:\/\/chilemosaico.cl\/eventos\/wp-content\/uploads\/2026\/04\/Tripitambo-300x300.jpg\" class=\"attachment-thumblist size-thumblist wp-post-image\" alt=\"Tripitambo\" data-mec-postid=\"17519\" \/><\/div><div class=\"mec-monthly-contents\" style=\"width: calc(100% - 85px)\"><div class=\"mec-event-time mec-color\"><i class=\"mec-sl-clock-o\"><\/i> 21:00 - 02:00<\/div><h4 class=\"mec-event-title\"><a class=\"mec-color-hover\" data-event-id=\"17519\" href=\"https:\/\/chilemosaico.cl\/eventos\/eventos\/tripitambo\/\" target=\"_blank\" rel=\"noopener\">Tripitambo 2026<\/a><\/h4><div class=\"mec-event-detail\">\r\n                        <div class=\"mec-event-loc-place\">Rinc\u00f3n Guachaca<\/div>\r\n                        \r\n                    <\/div><\/div><div style=\"clear:both\"><\/div><\/article><\/div><div class=\"mec-calendar-events-sec\" id=\"mec-calendar-events-sec-428-20260502\" data-mec-cell=\"20260502\" ><h6 class=\"mec-table-side-title\">Eventos para <span class=\"mec-color mec-table-side-day\"> 2<\/span> mayo<\/h6><article class=\"mec-event-article \"><div class=\"mec-event-image\"><img loading=\"lazy\" decoding=\"async\" width=\"300\" height=\"300\" src=\"https:\/\/chilemosaico.cl\/eventos\/wp-content\/uploads\/2026\/04\/Reto-Construye-Academia-2026-300x300.jpg\" class=\"attachment-thumblist size-thumblist wp-post-image\" alt=\"Reto Construye Academia 2026\" data-mec-postid=\"17517\" \/><\/div><div class=\"mec-monthly-contents\" style=\"width: calc(100% - 85px)\"><div class=\"mec-event-time mec-color\"><i class=\"mec-sl-clock-o\"><\/i> Evento de todo el d\u00eda<\/div><h4 class=\"mec-event-title\"><a class=\"mec-color-hover\" data-event-id=\"17517\" href=\"https:\/\/chilemosaico.cl\/eventos\/eventos\/reto-construye-academia-2026\/\" target=\"_blank\" rel=\"noopener\">Reto Construye Academia 2026<\/a><span class=\"event-color\" style=\"background: #1e73be\"><\/span><\/h4><div class=\"mec-event-detail\">\r\n                        <div class=\"mec-event-loc-place\"><\/div>\r\n                        \r\n                    <\/div><\/div><div style=\"clear:both\"><\/div><\/article><article class=\"mec-past-event mec-event-article \"><div class=\"mec-event-image\"><img loading=\"lazy\" decoding=\"async\" width=\"300\" height=\"300\" src=\"https:\/\/chilemosaico.cl\/eventos\/wp-content\/uploads\/2026\/04\/Recuperando-espacios-2026-300x300.jpg\" class=\"attachment-thumblist size-thumblist wp-post-image\" alt=\"Recuperando espacios 2026 2\" data-mec-postid=\"17521\" \/><\/div><div class=\"mec-monthly-contents\" style=\"width: calc(100% - 85px)\"><div class=\"mec-event-time mec-color\"><i class=\"mec-sl-clock-o\"><\/i> 10:00 - 13:00<\/div><h4 class=\"mec-event-title\"><a class=\"mec-color-hover\" data-event-id=\"17521\" href=\"https:\/\/chilemosaico.cl\/eventos\/eventos\/recuperando-espacios-2\/\" target=\"_blank\" rel=\"noopener\">Recuperando espacios<\/a><span class=\"event-color\" style=\"background: #aec972\"><\/span><\/h4><div class=\"mec-event-detail\">\r\n                        <div class=\"mec-event-loc-place\">FormArte Espacio Creativo<\/div>\r\n                        \r\n                    <\/div><\/div><div style=\"clear:both\"><\/div><\/article><article class=\"mec-past-event mec-event-article \"><div class=\"mec-event-image\"><img loading=\"lazy\" decoding=\"async\" width=\"300\" height=\"300\" src=\"https:\/\/chilemosaico.cl\/eventos\/wp-content\/uploads\/2026\/04\/Oasis-Tropical-DJ-Set-Paisa-Ceballos-300x300.jpg\" class=\"attachment-thumblist size-thumblist wp-post-image\" alt=\"Sonora Oasis Tropical + DJ Set Paisa Ceballos\" data-mec-postid=\"17509\" \/><\/div><div class=\"mec-monthly-contents\" style=\"width: calc(100% - 85px)\"><div class=\"mec-event-time mec-color\"><i class=\"mec-sl-clock-o\"><\/i> 13:00 - 14:00<\/div><h4 class=\"mec-event-title\"><a class=\"mec-color-hover\" data-event-id=\"17509\" href=\"https:\/\/chilemosaico.cl\/eventos\/eventos\/sonora-oasis-tropical-dj-set-paisa-ceballos\/\" target=\"_blank\" rel=\"noopener\">Sonora Oasis Tropical + DJ Set Paisa Ceballos<\/a><\/h4><div class=\"mec-event-detail\">\r\n                        <div class=\"mec-event-loc-place\">Caleta Cavancha<\/div>\r\n                        \r\n                    <\/div><\/div><div style=\"clear:both\"><\/div><\/article><article class=\"mec-past-event mec-event-article \"><div class=\"mec-event-image\"><img loading=\"lazy\" decoding=\"async\" width=\"300\" height=\"300\" src=\"https:\/\/chilemosaico.cl\/eventos\/wp-content\/uploads\/2026\/04\/Sodamania-2-300x300.jpg\" class=\"attachment-thumblist size-thumblist wp-post-image\" alt=\"Sodamania\" data-mec-postid=\"17419\" \/><\/div><div class=\"mec-monthly-contents\" style=\"width: calc(100% - 85px)\"><div class=\"mec-event-time mec-color\"><i class=\"mec-sl-clock-o\"><\/i> 16:00 - 01:00<\/div><h4 class=\"mec-event-title\"><a class=\"mec-color-hover\" data-event-id=\"17419\" href=\"https:\/\/chilemosaico.cl\/eventos\/eventos\/sodamania\/\" target=\"_blank\" rel=\"noopener\">Sodamania<\/a><span class=\"event-color\" style=\"background: #821f64\"><\/span><\/h4><div class=\"mec-event-detail\">\r\n                        <div class=\"mec-event-loc-place\">Club Apoquindo Iquique<\/div>\r\n                        \r\n                    <\/div><\/div><div style=\"clear:both\"><\/div><\/article><article class=\"mec-past-event mec-event-article \"><div class=\"mec-event-image\"><img loading=\"lazy\" decoding=\"async\" width=\"300\" height=\"300\" src=\"https:\/\/chilemosaico.cl\/eventos\/wp-content\/uploads\/2026\/05\/Pogo-B-Day-300x300.jpg\" class=\"attachment-thumblist size-thumblist wp-post-image\" alt=\"Pogo B-Day\" data-mec-postid=\"17672\" \/><\/div><div class=\"mec-monthly-contents\" style=\"width: calc(100% - 85px)\"><div class=\"mec-event-time mec-color\"><i class=\"mec-sl-clock-o\"><\/i> 22:30 - 02:00<\/div><h4 class=\"mec-event-title\"><a class=\"mec-color-hover\" data-event-id=\"17672\" href=\"https:\/\/chilemosaico.cl\/eventos\/eventos\/pogo-b-day\/\" target=\"_blank\" rel=\"noopener\">Homenaje a Pogo B-Day<\/a><\/h4><div class=\"mec-event-detail\">\r\n                        <div class=\"mec-event-loc-place\">Bar El Democr\u00e1tico<\/div>\r\n                        \r\n                    <\/div><\/div><div style=\"clear:both\"><\/div><\/article><\/div><div class=\"mec-calendar-events-sec\" id=\"mec-calendar-events-sec-428-20260503\" data-mec-cell=\"20260503\"  style=\"display: block;\"><h6 class=\"mec-table-side-title\">Eventos para <span class=\"mec-color mec-table-side-day\"> 3<\/span> mayo<\/h6><article class=\"mec-event-article \"><div class=\"mec-event-image\"><img loading=\"lazy\" decoding=\"async\" width=\"300\" height=\"300\" src=\"https:\/\/chilemosaico.cl\/eventos\/wp-content\/uploads\/2026\/04\/Reto-Construye-Academia-2026-300x300.jpg\" class=\"attachment-thumblist size-thumblist wp-post-image\" alt=\"Reto Construye Academia 2026\" data-mec-postid=\"17517\" \/><\/div><div class=\"mec-monthly-contents\" style=\"width: calc(100% - 85px)\"><div class=\"mec-event-time mec-color\"><i class=\"mec-sl-clock-o\"><\/i> Evento de todo el d\u00eda<\/div><h4 class=\"mec-event-title\"><a class=\"mec-color-hover\" data-event-id=\"17517\" href=\"https:\/\/chilemosaico.cl\/eventos\/eventos\/reto-construye-academia-2026\/\" target=\"_blank\" rel=\"noopener\">Reto Construye Academia 2026<\/a><span class=\"event-color\" style=\"background: #1e73be\"><\/span><\/h4><div class=\"mec-event-detail\">\r\n                        <div class=\"mec-event-loc-place\"><\/div>\r\n                        \r\n                    <\/div><\/div><div style=\"clear:both\"><\/div><\/article><article class=\"mec-event-article \"><div class=\"mec-event-image\"><img loading=\"lazy\" decoding=\"async\" width=\"300\" height=\"300\" src=\"https:\/\/chilemosaico.cl\/eventos\/wp-content\/uploads\/2026\/03\/Rodrigo-Villegas-vuelve-con-renovado-show-a-Iquique-300x300.avif\" class=\"attachment-thumblist size-thumblist wp-post-image\" alt=\"Rodrigo Villegas vuelve con renovado show a Iquique\" data-mec-postid=\"17037\" \/><\/div><div class=\"mec-monthly-contents\" style=\"width: calc(100% - 85px)\"><div class=\"mec-event-time mec-color\"><i class=\"mec-sl-clock-o\"><\/i> 21:00<\/div><h4 class=\"mec-event-title\"><a class=\"mec-color-hover\" data-event-id=\"17037\" href=\"https:\/\/chilemosaico.cl\/eventos\/eventos\/luego-de-triunfar-en-vina-del-mar-rodrigo-villegas-vuelve-con-renovado-show-a-iquique\/\" target=\"_blank\" rel=\"noopener\">Luego de triunfar en Vi\u00f1a del Mar, Rodrigo Villegas vuelve con renovado show a Iquique<\/a><span class=\"event-color\" style=\"background: #3426ff\"><\/span><\/h4><div class=\"mec-event-detail\">\r\n                        <div class=\"mec-event-loc-place\">Hotel Gavina Costa Mar<\/div>\r\n                        \r\n                    <\/div><\/div><div style=\"clear:both\"><\/div><\/article><\/div><div class=\"mec-calendar-events-sec\" id=\"mec-calendar-events-sec-428-20260504\" data-mec-cell=\"20260504\" ><h6 class=\"mec-table-side-title\">Eventos para <span class=\"mec-color mec-table-side-day\"> 4<\/span> mayo<\/h6><article class=\"mec-event-article \"><div class=\"mec-event-image\"><img loading=\"lazy\" decoding=\"async\" width=\"300\" height=\"300\" src=\"https:\/\/chilemosaico.cl\/eventos\/wp-content\/uploads\/2026\/04\/Reto-Construye-Academia-2026-300x300.jpg\" class=\"attachment-thumblist size-thumblist wp-post-image\" alt=\"Reto Construye Academia 2026\" data-mec-postid=\"17517\" \/><\/div><div class=\"mec-monthly-contents\" style=\"width: calc(100% - 85px)\"><div class=\"mec-event-time mec-color\"><i class=\"mec-sl-clock-o\"><\/i> Evento de todo el d\u00eda<\/div><h4 class=\"mec-event-title\"><a class=\"mec-color-hover\" data-event-id=\"17517\" href=\"https:\/\/chilemosaico.cl\/eventos\/eventos\/reto-construye-academia-2026\/\" target=\"_blank\" rel=\"noopener\">Reto Construye Academia 2026<\/a><span class=\"event-color\" style=\"background: #1e73be\"><\/span><\/h4><div class=\"mec-event-detail\">\r\n                        <div class=\"mec-event-loc-place\"><\/div>\r\n                        \r\n                    <\/div><\/div><div style=\"clear:both\"><\/div><\/article><\/div><div class=\"mec-calendar-events-sec\" id=\"mec-calendar-events-sec-428-20260505\" data-mec-cell=\"20260505\" ><h6 class=\"mec-table-side-title\">Eventos para <span class=\"mec-color mec-table-side-day\"> 5<\/span> mayo<\/h6><article class=\"mec-event-article \"><div class=\"mec-event-image\"><img loading=\"lazy\" decoding=\"async\" width=\"300\" height=\"300\" src=\"https:\/\/chilemosaico.cl\/eventos\/wp-content\/uploads\/2026\/04\/Reto-Construye-Academia-2026-300x300.jpg\" class=\"attachment-thumblist size-thumblist wp-post-image\" alt=\"Reto Construye Academia 2026\" data-mec-postid=\"17517\" \/><\/div><div class=\"mec-monthly-contents\" style=\"width: calc(100% - 85px)\"><div class=\"mec-event-time mec-color\"><i class=\"mec-sl-clock-o\"><\/i> Evento de todo el d\u00eda<\/div><h4 class=\"mec-event-title\"><a class=\"mec-color-hover\" data-event-id=\"17517\" href=\"https:\/\/chilemosaico.cl\/eventos\/eventos\/reto-construye-academia-2026\/\" target=\"_blank\" rel=\"noopener\">Reto Construye Academia 2026<\/a><span class=\"event-color\" style=\"background: #1e73be\"><\/span><\/h4><div class=\"mec-event-detail\">\r\n                        <div class=\"mec-event-loc-place\"><\/div>\r\n                        \r\n                    <\/div><\/div><div style=\"clear:both\"><\/div><\/article><\/div><div class=\"mec-calendar-events-sec\" id=\"mec-calendar-events-sec-428-20260506\" data-mec-cell=\"20260506\" ><h6 class=\"mec-table-side-title\">Eventos para <span class=\"mec-color mec-table-side-day\"> 6<\/span> mayo<\/h6><article class=\"mec-event-article \"><div class=\"mec-event-image\"><img loading=\"lazy\" decoding=\"async\" width=\"300\" height=\"300\" src=\"https:\/\/chilemosaico.cl\/eventos\/wp-content\/uploads\/2026\/04\/Reto-Construye-Academia-2026-300x300.jpg\" class=\"attachment-thumblist size-thumblist wp-post-image\" alt=\"Reto Construye Academia 2026\" data-mec-postid=\"17517\" \/><\/div><div class=\"mec-monthly-contents\" style=\"width: calc(100% - 85px)\"><div class=\"mec-event-time mec-color\"><i class=\"mec-sl-clock-o\"><\/i> Evento de todo el d\u00eda<\/div><h4 class=\"mec-event-title\"><a class=\"mec-color-hover\" data-event-id=\"17517\" href=\"https:\/\/chilemosaico.cl\/eventos\/eventos\/reto-construye-academia-2026\/\" target=\"_blank\" rel=\"noopener\">Reto Construye Academia 2026<\/a><span class=\"event-color\" style=\"background: #1e73be\"><\/span><\/h4><div class=\"mec-event-detail\">\r\n                        <div class=\"mec-event-loc-place\"><\/div>\r\n                        \r\n                    <\/div><\/div><div style=\"clear:both\"><\/div><\/article><\/div><div class=\"mec-calendar-events-sec\" id=\"mec-calendar-events-sec-428-20260507\" data-mec-cell=\"20260507\" ><h6 class=\"mec-table-side-title\">Eventos para <span class=\"mec-color mec-table-side-day\"> 7<\/span> mayo<\/h6><article class=\"mec-event-article \"><div class=\"mec-event-image\"><img loading=\"lazy\" decoding=\"async\" width=\"300\" height=\"300\" src=\"https:\/\/chilemosaico.cl\/eventos\/wp-content\/uploads\/2026\/04\/Reto-Construye-Academia-2026-300x300.jpg\" class=\"attachment-thumblist size-thumblist wp-post-image\" alt=\"Reto Construye Academia 2026\" data-mec-postid=\"17517\" \/><\/div><div class=\"mec-monthly-contents\" style=\"width: calc(100% - 85px)\"><div class=\"mec-event-time mec-color\"><i class=\"mec-sl-clock-o\"><\/i> Evento de todo el d\u00eda<\/div><h4 class=\"mec-event-title\"><a class=\"mec-color-hover\" data-event-id=\"17517\" href=\"https:\/\/chilemosaico.cl\/eventos\/eventos\/reto-construye-academia-2026\/\" target=\"_blank\" rel=\"noopener\">Reto Construye Academia 2026<\/a><span class=\"event-color\" style=\"background: #1e73be\"><\/span><\/h4><div class=\"mec-event-detail\">\r\n                        <div class=\"mec-event-loc-place\"><\/div>\r\n                        \r\n                    <\/div><\/div><div style=\"clear:both\"><\/div><\/article><\/div><div class=\"mec-calendar-events-sec\" id=\"mec-calendar-events-sec-428-20260508\" data-mec-cell=\"20260508\" ><h6 class=\"mec-table-side-title\">Eventos para <span class=\"mec-color mec-table-side-day\"> 8<\/span> mayo<\/h6><article class=\"mec-event-article \"><div class=\"mec-event-image\"><img loading=\"lazy\" decoding=\"async\" width=\"300\" height=\"300\" src=\"https:\/\/chilemosaico.cl\/eventos\/wp-content\/uploads\/2026\/04\/Reto-Construye-Academia-2026-300x300.jpg\" class=\"attachment-thumblist size-thumblist wp-post-image\" alt=\"Reto Construye Academia 2026\" data-mec-postid=\"17517\" \/><\/div><div class=\"mec-monthly-contents\" style=\"width: calc(100% - 85px)\"><div class=\"mec-event-time mec-color\"><i class=\"mec-sl-clock-o\"><\/i> 00:00 - 18:00<\/div><h4 class=\"mec-event-title\"><a class=\"mec-color-hover\" data-event-id=\"17517\" href=\"https:\/\/chilemosaico.cl\/eventos\/eventos\/reto-construye-academia-2026\/\" target=\"_blank\" rel=\"noopener\">Reto Construye Academia 2026<\/a><span class=\"event-color\" style=\"background: #1e73be\"><\/span><\/h4><div class=\"mec-event-detail\">\r\n                        <div class=\"mec-event-loc-place\"><\/div>\r\n                        \r\n                    <\/div><\/div><div style=\"clear:both\"><\/div><\/article><article class=\"mec-event-article \"><div class=\"mec-event-image\"><img loading=\"lazy\" decoding=\"async\" width=\"300\" height=\"300\" src=\"https:\/\/chilemosaico.cl\/eventos\/wp-content\/uploads\/2024\/02\/Club-de-Deportes-Iquique-300x300.jpg\" class=\"attachment-thumblist size-thumblist wp-post-image\" alt=\"Club de Deportes Iquique\" data-mec-postid=\"16094\" \/><\/div><div class=\"mec-monthly-contents\" style=\"width: calc(100% - 85px)\"><div class=\"mec-event-time mec-color\"><i class=\"mec-sl-clock-o\"><\/i> 16:00 - 18:00<\/div><h4 class=\"mec-event-title\"><a class=\"mec-color-hover\" data-event-id=\"16094\" href=\"https:\/\/chilemosaico.cl\/eventos\/eventos\/deportes-iquique-2026-de-local\/\" target=\"_blank\" rel=\"noopener\">Deportes Iquique 2026 de local<\/a><span class=\"event-color\" style=\"background: #00a0d2\"><\/span><\/h4><div class=\"mec-event-detail\">\r\n                        <div class=\"mec-event-loc-place\"><\/div>\r\n                        \r\n                    <\/div><\/div><div style=\"clear:both\"><\/div><\/article><\/div><div class=\"mec-calendar-events-sec\" id=\"mec-calendar-events-sec-428-20260509\" data-mec-cell=\"20260509\" ><h6 class=\"mec-table-side-title\">Eventos para <span class=\"mec-color mec-table-side-day\"> 9<\/span> mayo<\/h6><article class=\"mec-event-article \"><div class=\"mec-event-image\"><img loading=\"lazy\" decoding=\"async\" width=\"300\" height=\"300\" src=\"https:\/\/chilemosaico.cl\/eventos\/wp-content\/uploads\/2026\/04\/Recuperando-espacios-2026-300x300.jpg\" class=\"attachment-thumblist size-thumblist wp-post-image\" alt=\"Recuperando espacios 2026 2\" data-mec-postid=\"17521\" \/><\/div><div class=\"mec-monthly-contents\" style=\"width: calc(100% - 85px)\"><div class=\"mec-event-time mec-color\"><i class=\"mec-sl-clock-o\"><\/i> 10:00 - 13:00<\/div><h4 class=\"mec-event-title\"><a class=\"mec-color-hover\" data-event-id=\"17521\" href=\"https:\/\/chilemosaico.cl\/eventos\/eventos\/recuperando-espacios-2\/\" target=\"_blank\" rel=\"noopener\">Recuperando espacios<\/a><span class=\"event-color\" style=\"background: #aec972\"><\/span><\/h4><div class=\"mec-event-detail\">\r\n                        <div class=\"mec-event-loc-place\">FormArte Espacio Creativo<\/div>\r\n                        \r\n                    <\/div><\/div><div style=\"clear:both\"><\/div><\/article><\/div><div class=\"mec-calendar-events-sec\" id=\"mec-calendar-events-sec-428-20260510\" data-mec-cell=\"20260510\" ><h6 class=\"mec-table-side-title\">Eventos para <span class=\"mec-color mec-table-side-day\"> 10<\/span> mayo<\/h6><article class=\"mec-event-article\"><div class=\"mec-event-detail\">Sin eventos<\/div><\/article><\/div><div class=\"mec-calendar-events-sec\" id=\"mec-calendar-events-sec-428-20260511\" data-mec-cell=\"20260511\" ><h6 class=\"mec-table-side-title\">Eventos para <span class=\"mec-color mec-table-side-day\"> 11<\/span> mayo<\/h6><article class=\"mec-event-article\"><div class=\"mec-event-detail\">Sin eventos<\/div><\/article><\/div><div class=\"mec-calendar-events-sec\" id=\"mec-calendar-events-sec-428-20260512\" data-mec-cell=\"20260512\" ><h6 class=\"mec-table-side-title\">Eventos para <span class=\"mec-color mec-table-side-day\"> 12<\/span> mayo<\/h6><article class=\"mec-event-article\"><div class=\"mec-event-detail\">Sin eventos<\/div><\/article><\/div><div class=\"mec-calendar-events-sec\" id=\"mec-calendar-events-sec-428-20260513\" data-mec-cell=\"20260513\" ><h6 class=\"mec-table-side-title\">Eventos para <span class=\"mec-color mec-table-side-day\"> 13<\/span> mayo<\/h6><article class=\"mec-event-article\"><div class=\"mec-event-detail\">Sin eventos<\/div><\/article><\/div><div class=\"mec-calendar-events-sec\" id=\"mec-calendar-events-sec-428-20260514\" data-mec-cell=\"20260514\" ><h6 class=\"mec-table-side-title\">Eventos para <span class=\"mec-color mec-table-side-day\"> 14<\/span> mayo<\/h6><article class=\"mec-event-article\"><div class=\"mec-event-detail\">Sin eventos<\/div><\/article><\/div><div class=\"mec-calendar-events-sec\" id=\"mec-calendar-events-sec-428-20260515\" data-mec-cell=\"20260515\" ><h6 class=\"mec-table-side-title\">Eventos para <span class=\"mec-color mec-table-side-day\"> 15<\/span> mayo<\/h6><article class=\"mec-event-article \"><div class=\"mec-event-image\"><img loading=\"lazy\" decoding=\"async\" width=\"300\" height=\"300\" src=\"https:\/\/chilemosaico.cl\/eventos\/wp-content\/uploads\/2026\/04\/Perra-Chola-en-el-Teatro-Municipal-de-Iquique-300x300.jpg\" class=\"attachment-thumblist size-thumblist wp-post-image\" alt=\"Perra Chola en el Teatro Municipal de Iquique\" data-mec-postid=\"17443\" \/><\/div><div class=\"mec-monthly-contents\" style=\"width: calc(100% - 85px)\"><div class=\"mec-event-time mec-color\"><i class=\"mec-sl-clock-o\"><\/i> 20:00 - 22:00<\/div><h4 class=\"mec-event-title\"><a class=\"mec-color-hover\" data-event-id=\"17443\" href=\"https:\/\/chilemosaico.cl\/eventos\/eventos\/perra-chola-en-el-teatro-municipal-de-iquique\/\" target=\"_blank\" rel=\"noopener\">Perra Chola en el Teatro Municipal de Iquique<\/a><span class=\"event-color\" style=\"background: #c4ae8d\"><\/span><\/h4><div class=\"mec-event-detail\">\r\n                        <div class=\"mec-event-loc-place\">Teatro Municipal de Iquique<\/div>\r\n                        \r\n                    <\/div><\/div><div style=\"clear:both\"><\/div><\/article><\/div><div class=\"mec-calendar-events-sec\" id=\"mec-calendar-events-sec-428-20260516\" data-mec-cell=\"20260516\" ><h6 class=\"mec-table-side-title\">Eventos para <span class=\"mec-color mec-table-side-day\"> 16<\/span> mayo<\/h6><article class=\"mec-event-article \"><div class=\"mec-event-image\"><img loading=\"lazy\" decoding=\"async\" width=\"300\" height=\"300\" src=\"https:\/\/chilemosaico.cl\/eventos\/wp-content\/uploads\/2026\/04\/Recuperando-espacios-2026-300x300.jpg\" class=\"attachment-thumblist size-thumblist wp-post-image\" alt=\"Recuperando espacios 2026 2\" data-mec-postid=\"17521\" \/><\/div><div class=\"mec-monthly-contents\" style=\"width: calc(100% - 85px)\"><div class=\"mec-event-time mec-color\"><i class=\"mec-sl-clock-o\"><\/i> 10:00 - 13:00<\/div><h4 class=\"mec-event-title\"><a class=\"mec-color-hover\" data-event-id=\"17521\" href=\"https:\/\/chilemosaico.cl\/eventos\/eventos\/recuperando-espacios-2\/\" target=\"_blank\" rel=\"noopener\">Recuperando espacios<\/a><span class=\"event-color\" style=\"background: #aec972\"><\/span><\/h4><div class=\"mec-event-detail\">\r\n                        <div class=\"mec-event-loc-place\">FormArte Espacio Creativo<\/div>\r\n                        \r\n                    <\/div><\/div><div style=\"clear:both\"><\/div><\/article><article class=\"mec-event-article \"><div class=\"mec-event-image\"><img loading=\"lazy\" decoding=\"async\" width=\"300\" height=\"300\" src=\"https:\/\/chilemosaico.cl\/eventos\/wp-content\/uploads\/2026\/04\/Perra-Chola-en-el-Teatro-Municipal-de-Iquique-300x300.jpg\" class=\"attachment-thumblist size-thumblist wp-post-image\" alt=\"Perra Chola en el Teatro Municipal de Iquique\" data-mec-postid=\"17443\" \/><\/div><div class=\"mec-monthly-contents\" style=\"width: calc(100% - 85px)\"><div class=\"mec-event-time mec-color\"><i class=\"mec-sl-clock-o\"><\/i> 20:00 - 22:00<\/div><h4 class=\"mec-event-title\"><a class=\"mec-color-hover\" data-event-id=\"17443\" href=\"https:\/\/chilemosaico.cl\/eventos\/eventos\/perra-chola-en-el-teatro-municipal-de-iquique\/\" target=\"_blank\" rel=\"noopener\">Perra Chola en el Teatro Municipal de Iquique<\/a><span class=\"event-color\" style=\"background: #c4ae8d\"><\/span><\/h4><div class=\"mec-event-detail\">\r\n                        <div class=\"mec-event-loc-place\">Teatro Municipal de Iquique<\/div>\r\n                        \r\n                    <\/div><\/div><div style=\"clear:both\"><\/div><\/article><\/div><div class=\"mec-calendar-events-sec\" id=\"mec-calendar-events-sec-428-20260517\" data-mec-cell=\"20260517\" ><h6 class=\"mec-table-side-title\">Eventos para <span class=\"mec-color mec-table-side-day\"> 17<\/span> mayo<\/h6><article class=\"mec-event-article\"><div class=\"mec-event-detail\">Sin eventos<\/div><\/article><\/div><div class=\"mec-calendar-events-sec\" id=\"mec-calendar-events-sec-428-20260518\" data-mec-cell=\"20260518\" ><h6 class=\"mec-table-side-title\">Eventos para <span class=\"mec-color mec-table-side-day\"> 18<\/span> mayo<\/h6><article class=\"mec-event-article\"><div class=\"mec-event-detail\">Sin eventos<\/div><\/article><\/div><div class=\"mec-calendar-events-sec\" id=\"mec-calendar-events-sec-428-20260519\" data-mec-cell=\"20260519\" ><h6 class=\"mec-table-side-title\">Eventos para <span class=\"mec-color mec-table-side-day\"> 19<\/span> mayo<\/h6><article class=\"mec-event-article\"><div class=\"mec-event-detail\">Sin eventos<\/div><\/article><\/div><div class=\"mec-calendar-events-sec\" id=\"mec-calendar-events-sec-428-20260520\" data-mec-cell=\"20260520\" ><h6 class=\"mec-table-side-title\">Eventos para <span class=\"mec-color mec-table-side-day\"> 20<\/span> mayo<\/h6><article class=\"mec-event-article\"><div class=\"mec-event-detail\">Sin eventos<\/div><\/article><\/div><div class=\"mec-calendar-events-sec\" id=\"mec-calendar-events-sec-428-20260521\" data-mec-cell=\"20260521\" ><h6 class=\"mec-table-side-title\">Eventos para <span class=\"mec-color mec-table-side-day\"> 21<\/span> mayo<\/h6><article class=\"mec-event-article \"><div class=\"mec-event-image\"><img loading=\"lazy\" decoding=\"async\" width=\"300\" height=\"300\" src=\"https:\/\/chilemosaico.cl\/eventos\/wp-content\/uploads\/2025\/09\/Feriados-Chile-1-300x300.jpg\" class=\"attachment-thumblist size-thumblist wp-post-image\" alt=\"Feriados Chile\" data-mec-postid=\"13204\" \/><\/div><div class=\"mec-monthly-contents\" style=\"width: calc(100% - 85px)\"><div class=\"mec-event-time mec-color\"><i class=\"mec-sl-clock-o\"><\/i> Evento de todo el d\u00eda<\/div><h4 class=\"mec-event-title\"><a class=\"mec-color-hover\" data-event-id=\"13204\" href=\"https:\/\/chilemosaico.cl\/eventos\/eventos\/feriados-legales-y-dias-importantes-chile-2026\/\" target=\"_blank\" rel=\"noopener\">Feriados legales y d\u00edas Importantes \u2013 Chile 2026<\/a><span class=\"event-color\" style=\"background: #e8e8e8\"><\/span><\/h4><div class=\"mec-event-detail\">\r\n                        <div class=\"mec-event-loc-place\"><\/div>\r\n                        \r\n                    <\/div><\/div><div style=\"clear:both\"><\/div><\/article><article class=\"mec-event-article \"><div class=\"mec-event-image\"><img loading=\"lazy\" decoding=\"async\" width=\"300\" height=\"300\" src=\"https:\/\/chilemosaico.cl\/eventos\/wp-content\/uploads\/2026\/03\/Eva-Ayllon-Tour-Chile-2026-Iquique-300x300.jpg\" class=\"attachment-thumblist size-thumblist wp-post-image\" alt=\"Eva Ayll\u00f3n Tour Chile 2026 Iquique\" data-mec-postid=\"17322\" \/><\/div><div class=\"mec-monthly-contents\" style=\"width: calc(100% - 85px)\"><div class=\"mec-event-time mec-color\"><i class=\"mec-sl-clock-o\"><\/i> 08:00 - 18:00<\/div><h4 class=\"mec-event-title\"><a class=\"mec-color-hover\" data-event-id=\"17322\" href=\"https:\/\/chilemosaico.cl\/eventos\/eventos\/eva-ayllon-tour-chile-2026-iquique\/\" target=\"_blank\" rel=\"noopener\">Eva Ayll\u00f3n Tour Chile 2026 Iquique<\/a><span class=\"event-color\" style=\"background: #e14d43\"><\/span><\/h4><div class=\"mec-event-detail\">\r\n                        <div class=\"mec-event-loc-place\"><\/div>\r\n                        \r\n                    <\/div><\/div><div style=\"clear:both\"><\/div><\/article><\/div><div class=\"mec-calendar-events-sec\" id=\"mec-calendar-events-sec-428-20260522\" data-mec-cell=\"20260522\" ><h6 class=\"mec-table-side-title\">Eventos para <span class=\"mec-color mec-table-side-day\"> 22<\/span> mayo<\/h6><article class=\"mec-event-article \"><div class=\"mec-event-image\"><img loading=\"lazy\" decoding=\"async\" width=\"300\" height=\"300\" src=\"https:\/\/chilemosaico.cl\/eventos\/wp-content\/uploads\/2026\/05\/Julius-Popper-en-Iquique-300x300.jpg\" class=\"attachment-thumblist size-thumblist wp-post-image\" alt=\"Julius Popper en Iquique\" data-mec-postid=\"17670\" \/><\/div><div class=\"mec-monthly-contents\" style=\"width: calc(100% - 85px)\"><div class=\"mec-event-time mec-color\"><i class=\"mec-sl-clock-o\"><\/i> 08:00 - 18:00<\/div><h4 class=\"mec-event-title\"><a class=\"mec-color-hover\" data-event-id=\"17670\" href=\"https:\/\/chilemosaico.cl\/eventos\/eventos\/julius-popper-en-iquique\/\" target=\"_blank\" rel=\"noopener\">Julius Popper en Iquique<\/a><\/h4><div class=\"mec-event-detail\">\r\n                        <div class=\"mec-event-loc-place\">Aura Lounge<\/div>\r\n                        \r\n                    <\/div><\/div><div style=\"clear:both\"><\/div><\/article><\/div><div class=\"mec-calendar-events-sec\" id=\"mec-calendar-events-sec-428-20260523\" data-mec-cell=\"20260523\" ><h6 class=\"mec-table-side-title\">Eventos para <span class=\"mec-color mec-table-side-day\"> 23<\/span> mayo<\/h6><article class=\"mec-event-article \"><div class=\"mec-event-image\"><img loading=\"lazy\" decoding=\"async\" width=\"300\" height=\"300\" src=\"https:\/\/chilemosaico.cl\/eventos\/wp-content\/uploads\/2026\/04\/Banda-Juventud-del-Norte-en-Senor-de-Laonzana-2026-300x300.jpg\" class=\"attachment-thumblist size-thumblist wp-post-image\" alt=\"Banda Juventud del Norte en Se\u00f1or de Laonzana 2026\" data-mec-postid=\"17455\" \/><\/div><div class=\"mec-monthly-contents\" style=\"width: calc(100% - 85px)\"><div class=\"mec-event-time mec-color\"><i class=\"mec-sl-clock-o\"><\/i> 08:00 - 00:00<\/div><h4 class=\"mec-event-title\"><a class=\"mec-color-hover\" data-event-id=\"17455\" href=\"https:\/\/chilemosaico.cl\/eventos\/eventos\/banda-juventud-del-norte-en-senor-de-laonzana-2026\/\" target=\"_blank\" rel=\"noopener\">Banda Juventud del Norte en Se\u00f1or de Laonzana 2026<\/a><\/h4><div class=\"mec-event-detail\">\r\n                        <div class=\"mec-event-loc-place\">Pueblo Laonzana<\/div>\r\n                        \r\n                    <\/div><\/div><div style=\"clear:both\"><\/div><\/article><article class=\"mec-event-article \"><div class=\"mec-event-image\"><img loading=\"lazy\" decoding=\"async\" width=\"300\" height=\"300\" src=\"https:\/\/chilemosaico.cl\/eventos\/wp-content\/uploads\/2026\/04\/Recuperando-espacios-2026-300x300.jpg\" class=\"attachment-thumblist size-thumblist wp-post-image\" alt=\"Recuperando espacios 2026 2\" data-mec-postid=\"17521\" \/><\/div><div class=\"mec-monthly-contents\" style=\"width: calc(100% - 85px)\"><div class=\"mec-event-time mec-color\"><i class=\"mec-sl-clock-o\"><\/i> 10:00 - 13:00<\/div><h4 class=\"mec-event-title\"><a class=\"mec-color-hover\" data-event-id=\"17521\" href=\"https:\/\/chilemosaico.cl\/eventos\/eventos\/recuperando-espacios-2\/\" target=\"_blank\" rel=\"noopener\">Recuperando espacios<\/a><span class=\"event-color\" style=\"background: #aec972\"><\/span><\/h4><div class=\"mec-event-detail\">\r\n                        <div class=\"mec-event-loc-place\">FormArte Espacio Creativo<\/div>\r\n                        \r\n                    <\/div><\/div><div style=\"clear:both\"><\/div><\/article><article class=\"mec-event-article \"><div class=\"mec-event-image\"><img loading=\"lazy\" decoding=\"async\" width=\"300\" height=\"300\" src=\"https:\/\/chilemosaico.cl\/eventos\/wp-content\/uploads\/2024\/02\/Club-de-Deportes-Iquique-300x300.jpg\" class=\"attachment-thumblist size-thumblist wp-post-image\" alt=\"Club de Deportes Iquique\" data-mec-postid=\"16094\" \/><\/div><div class=\"mec-monthly-contents\" style=\"width: calc(100% - 85px)\"><div class=\"mec-event-time mec-color\"><i class=\"mec-sl-clock-o\"><\/i> 16:00 - 18:00<\/div><h4 class=\"mec-event-title\"><a class=\"mec-color-hover\" data-event-id=\"16094\" href=\"https:\/\/chilemosaico.cl\/eventos\/eventos\/deportes-iquique-2026-de-local\/\" target=\"_blank\" rel=\"noopener\">Deportes Iquique 2026 de local<\/a><span class=\"event-color\" style=\"background: #00a0d2\"><\/span><\/h4><div class=\"mec-event-detail\">\r\n                        <div class=\"mec-event-loc-place\"><\/div>\r\n                        \r\n                    <\/div><\/div><div style=\"clear:both\"><\/div><\/article><\/div><div class=\"mec-calendar-events-sec\" id=\"mec-calendar-events-sec-428-20260524\" data-mec-cell=\"20260524\" ><h6 class=\"mec-table-side-title\">Eventos para <span class=\"mec-color mec-table-side-day\"> 24<\/span> mayo<\/h6><article class=\"mec-event-article \"><div class=\"mec-event-image\"><img loading=\"lazy\" decoding=\"async\" width=\"300\" height=\"300\" src=\"https:\/\/chilemosaico.cl\/eventos\/wp-content\/uploads\/2026\/04\/Banda-Juventud-del-Norte-en-Senor-de-Laonzana-2026-300x300.jpg\" class=\"attachment-thumblist size-thumblist wp-post-image\" alt=\"Banda Juventud del Norte en Se\u00f1or de Laonzana 2026\" data-mec-postid=\"17455\" \/><\/div><div class=\"mec-monthly-contents\" style=\"width: calc(100% - 85px)\"><div class=\"mec-event-time mec-color\"><i class=\"mec-sl-clock-o\"><\/i> Evento de todo el d\u00eda<\/div><h4 class=\"mec-event-title\"><a class=\"mec-color-hover\" data-event-id=\"17455\" href=\"https:\/\/chilemosaico.cl\/eventos\/eventos\/banda-juventud-del-norte-en-senor-de-laonzana-2026\/\" target=\"_blank\" rel=\"noopener\">Banda Juventud del Norte en Se\u00f1or de Laonzana 2026<\/a><\/h4><div class=\"mec-event-detail\">\r\n                        <div class=\"mec-event-loc-place\">Pueblo Laonzana<\/div>\r\n                        \r\n                    <\/div><\/div><div style=\"clear:both\"><\/div><\/article><\/div><div class=\"mec-calendar-events-sec\" id=\"mec-calendar-events-sec-428-20260525\" data-mec-cell=\"20260525\" ><h6 class=\"mec-table-side-title\">Eventos para <span class=\"mec-color mec-table-side-day\"> 25<\/span> mayo<\/h6><article class=\"mec-event-article \"><div class=\"mec-event-image\"><img loading=\"lazy\" decoding=\"async\" width=\"300\" height=\"300\" src=\"https:\/\/chilemosaico.cl\/eventos\/wp-content\/uploads\/2026\/04\/Banda-Juventud-del-Norte-en-Senor-de-Laonzana-2026-300x300.jpg\" class=\"attachment-thumblist size-thumblist wp-post-image\" alt=\"Banda Juventud del Norte en Se\u00f1or de Laonzana 2026\" data-mec-postid=\"17455\" \/><\/div><div class=\"mec-monthly-contents\" style=\"width: calc(100% - 85px)\"><div class=\"mec-event-time mec-color\"><i class=\"mec-sl-clock-o\"><\/i> Evento de todo el d\u00eda<\/div><h4 class=\"mec-event-title\"><a class=\"mec-color-hover\" data-event-id=\"17455\" href=\"https:\/\/chilemosaico.cl\/eventos\/eventos\/banda-juventud-del-norte-en-senor-de-laonzana-2026\/\" target=\"_blank\" rel=\"noopener\">Banda Juventud del Norte en Se\u00f1or de Laonzana 2026<\/a><\/h4><div class=\"mec-event-detail\">\r\n                        <div class=\"mec-event-loc-place\">Pueblo Laonzana<\/div>\r\n                        \r\n                    <\/div><\/div><div style=\"clear:both\"><\/div><\/article><\/div><div class=\"mec-calendar-events-sec\" id=\"mec-calendar-events-sec-428-20260526\" data-mec-cell=\"20260526\" ><h6 class=\"mec-table-side-title\">Eventos para <span class=\"mec-color mec-table-side-day\"> 26<\/span> mayo<\/h6><article class=\"mec-event-article \"><div class=\"mec-event-image\"><img loading=\"lazy\" decoding=\"async\" width=\"300\" height=\"300\" src=\"https:\/\/chilemosaico.cl\/eventos\/wp-content\/uploads\/2026\/04\/Banda-Juventud-del-Norte-en-Senor-de-Laonzana-2026-300x300.jpg\" class=\"attachment-thumblist size-thumblist wp-post-image\" alt=\"Banda Juventud del Norte en Se\u00f1or de Laonzana 2026\" data-mec-postid=\"17455\" \/><\/div><div class=\"mec-monthly-contents\" style=\"width: calc(100% - 85px)\"><div class=\"mec-event-time mec-color\"><i class=\"mec-sl-clock-o\"><\/i> 00:00 - 18:00<\/div><h4 class=\"mec-event-title\"><a class=\"mec-color-hover\" data-event-id=\"17455\" href=\"https:\/\/chilemosaico.cl\/eventos\/eventos\/banda-juventud-del-norte-en-senor-de-laonzana-2026\/\" target=\"_blank\" rel=\"noopener\">Banda Juventud del Norte en Se\u00f1or de Laonzana 2026<\/a><\/h4><div class=\"mec-event-detail\">\r\n                        <div class=\"mec-event-loc-place\">Pueblo Laonzana<\/div>\r\n                        \r\n                    <\/div><\/div><div style=\"clear:both\"><\/div><\/article><\/div><div class=\"mec-calendar-events-sec\" id=\"mec-calendar-events-sec-428-20260527\" data-mec-cell=\"20260527\" ><h6 class=\"mec-table-side-title\">Eventos para <span class=\"mec-color mec-table-side-day\"> 27<\/span> mayo<\/h6><article class=\"mec-event-article\"><div class=\"mec-event-detail\">Sin eventos<\/div><\/article><\/div><div class=\"mec-calendar-events-sec\" id=\"mec-calendar-events-sec-428-20260528\" data-mec-cell=\"20260528\" ><h6 class=\"mec-table-side-title\">Eventos para <span class=\"mec-color mec-table-side-day\"> 28<\/span> mayo<\/h6><article class=\"mec-event-article\"><div class=\"mec-event-detail\">Sin eventos<\/div><\/article><\/div><div class=\"mec-calendar-events-sec\" id=\"mec-calendar-events-sec-428-20260529\" data-mec-cell=\"20260529\" ><h6 class=\"mec-table-side-title\">Eventos para <span class=\"mec-color mec-table-side-day\"> 29<\/span> mayo<\/h6><article class=\"mec-event-article\"><div class=\"mec-event-detail\">Sin eventos<\/div><\/article><\/div><div class=\"mec-calendar-events-sec\" id=\"mec-calendar-events-sec-428-20260530\" data-mec-cell=\"20260530\" ><h6 class=\"mec-table-side-title\">Eventos para <span class=\"mec-color mec-table-side-day\"> 30<\/span> mayo<\/h6><article class=\"mec-event-article\"><div class=\"mec-event-detail\">Sin eventos<\/div><\/article><\/div><div class=\"mec-calendar-events-sec\" id=\"mec-calendar-events-sec-428-20260531\" data-mec-cell=\"20260531\" ><h6 class=\"mec-table-side-title\">Eventos para <span class=\"mec-color mec-table-side-day\"> 31<\/span> mayo<\/h6><article class=\"mec-event-article\"><div class=\"mec-event-detail\">Sin eventos<\/div><\/article><\/div><\/div><\/div><\/div><div class=\"mec-event-footer\"><\/div>    <\/div>\r\n\r\n        \r\n        <div class=\"mec-modal-result\"><\/div>\r\n\r\n<\/div>    <\/div>\r\n\r\n    <\/div>\r\n<\/p>\n\n\n\n<div class=\"wp-block-columns alignwide is-layout-flex wp-container-core-columns-is-layout-073d1066 wp-block-columns-is-layout-flex\" style=\"padding-right:0px;padding-left:0px\">\n<div class=\"wp-block-column is-vertically-aligned-top is-layout-flow wp-block-column-is-layout-flow\" style=\"flex-basis:27%\"><div class=\"wp-block-image\">\n<figure class=\"aligncenter size-medium is-resized\"><a href=\"https:\/\/chilemosaico.cl\/eventos\/almanaques-libros-de-eventos\/\"><img loading=\"lazy\" decoding=\"async\" width=\"300\" height=\"300\" src=\"https:\/\/chilemosaico.cl\/eventos\/wp-content\/uploads\/2026\/01\/Afiches-de-Tarapaca-2025-2026-prox-300x300.jpg\" alt=\"\" class=\"wp-image-15357\" style=\"width:250px\" srcset=\"https:\/\/chilemosaico.cl\/eventos\/wp-content\/uploads\/2026\/01\/Afiches-de-Tarapaca-2025-2026-prox-300x300.jpg 300w, https:\/\/chilemosaico.cl\/eventos\/wp-content\/uploads\/2026\/01\/Afiches-de-Tarapaca-2025-2026-prox-150x150.jpg 150w, https:\/\/chilemosaico.cl\/eventos\/wp-content\/uploads\/2026\/01\/Afiches-de-Tarapaca-2025-2026-prox-500x500.jpg 500w, https:\/\/chilemosaico.cl\/eventos\/wp-content\/uploads\/2026\/01\/Afiches-de-Tarapaca-2025-2026-prox.jpg 553w\" sizes=\"auto, (max-width: 300px) 100vw, 300px\" \/><\/a><figcaption class=\"wp-element-caption\"><a href=\"https:\/\/chilemosaico.cl\/eventos\/almanaques-libros-de-eventos\/\" target=\"_blank\" rel=\"noopener\" title=\"\">Se viene nuevo librito<\/a><\/figcaption><\/figure>\n<\/div>\n\n\n<p><\/p>\n<\/div>\n\n\n\n<div class=\"wp-block-column is-vertically-aligned-top is-layout-flow wp-block-column-is-layout-flow\" style=\"flex-basis:36%\">\n<figure class=\"wp-block-embed aligncenter is-type-video is-provider-youtube wp-block-embed-youtube wp-embed-aspect-16-9 wp-has-aspect-ratio\"><div class=\"wp-block-embed__wrapper\">\n<iframe loading=\"lazy\" title=\"Canci\u00f3n Express\" width=\"720\" height=\"405\" src=\"https:\/\/www.youtube.com\/embed\/videoseries?list=PLTYnX0Gteu0QbvFtUiOMZfdh63hcRtmOY\" frameborder=\"0\" allow=\"accelerometer; autoplay; clipboard-write; encrypted-media; gyroscope; picture-in-picture; web-share\" referrerpolicy=\"strict-origin-when-cross-origin\" allowfullscreen><\/iframe>\n<\/div><figcaption class=\"wp-element-caption\"><a href=\"https:\/\/chilemosaico.cl\/eventos\/cancion-express\/\" target=\"_blank\" rel=\"noopener\" title=\"\">Canci\u00f3n Express de Chilemosaico<\/a><\/figcaption><\/figure>\n<\/div>\n\n\n\n<div class=\"wp-block-column is-vertically-aligned-top is-layout-flow wp-block-column-is-layout-flow\" style=\"padding-right:10px;padding-left:10px;flex-basis:37%\">\n<figure class=\"wp-block-embed aligncenter is-type-video is-provider-youtube wp-block-embed-youtube wp-embed-aspect-16-9 wp-has-aspect-ratio\" style=\"margin-top:0;margin-bottom:0\"><div class=\"wp-block-embed__wrapper\">\n<iframe loading=\"lazy\" title=\"Video Tarapac\u00e1\" width=\"720\" height=\"405\" src=\"https:\/\/www.youtube.com\/embed\/videoseries?list=PLTYnX0Gteu0QPHkUzJhiql4nVOMCjc1gG\" frameborder=\"0\" allow=\"accelerometer; autoplay; clipboard-write; encrypted-media; gyroscope; picture-in-picture; web-share\" referrerpolicy=\"strict-origin-when-cross-origin\" allowfullscreen><\/iframe>\n<\/div><figcaption class=\"wp-element-caption\"><em>Listado de videoclips de Tarapac\u00e1<\/em><\/figcaption><\/figure>\n<\/div>\n<\/div>\n\n\n\n<div class=\"wp-block-columns is-layout-flex wp-container-core-columns-is-layout-9d6595d7 wp-block-columns-is-layout-flex\">\n<div class=\"wp-block-column is-layout-flow wp-block-column-is-layout-flow\" style=\"flex-basis:100%\">\n<h2 class=\"wp-block-heading has-text-align-center has-large-font-size\">Cartelera de Tarapac\u00e1<\/h2>\n\n\n\n<p class=\"has-text-align-center has-medium-font-size\">\ud83c\udfad Arte, cultura, talleres, teatro, m\u00fasica, fiestas tradicionales y m\u00e1s.<\/p>\n\n\n\n<p class=\"has-text-align-center\"><div class=\"mec-wrap mec-skin-masonry-container  colorskin-custom  \" id=\"mec_skin_15\" data-filterby=\"\" data-sortascending=\"1\">\r\n    \r\n        <div class=\"mec-events-masonry-wrap\" id=\"mec_skin_events_15\">\r\n        <div class=\"mec-wrap colorskin-custom\">\r\n    <div class=\"mec-event-masonry\">\r\n                    <div data-sort-masonry=\"2026-05-03\" class=\"mec-masonry-item-wrap \">\r\n                <div class=\"mec-masonry\">\r\n\r\n                    <article class=\"mec-event-article mec-clear  \">\r\n                                                    <div class=\"mec-masonry-img\"><a data-event-id=\"17517\" href=\"https:\/\/chilemosaico.cl\/eventos\/eventos\/reto-construye-academia-2026\/\" target=\"_self\" rel=\"noopener\"><img loading=\"lazy\" decoding=\"async\" width=\"800\" height=\"1000\" src=\"https:\/\/chilemosaico.cl\/eventos\/wp-content\/uploads\/2026\/04\/Reto-Construye-Academia-2026.jpg\" class=\"attachment-full size-full wp-post-image\" alt=\"Reto Construye Academia 2026\" data-mec-postid=\"17517\" \/><\/a><\/div>\r\n                        \r\n                        \r\n                        <div class=\"mec-masonry-content mec-event-grid-modern\">\r\n                            <div class=\"event-grid-modern-head clearfix\">\r\n\r\n                                <div class=\"mec-masonry-col12\">\r\n                                                                            <div class=\"mec-event-date mec-color\">3<\/div>\r\n                                        <div class=\"mec-event-month\">mayo<\/div>\r\n                                                                        <div class=\"mec-event-detail\">08:00 - 00:00<\/div>\r\n                                                                    <\/div>\r\n\r\n                                \r\n                            <\/div>\r\n                                                                                    <div class=\"mec-event-content\">\r\n                                                                <h4 class=\"mec-event-title\"><a class=\"mec-color-hover\" data-event-id=\"17517\" href=\"https:\/\/chilemosaico.cl\/eventos\/eventos\/reto-construye-academia-2026\/\" target=\"_self\" rel=\"noopener\">Reto Construye Academia 2026<\/a>  <span class=\"event-color\" style=\"background: #1e73be\"><\/span><\/h4>\r\n                                                                                                                                <div class=\"mec-event-description mec-events-content\">\r\n                                    <p>CChC Tarapac\u00e1 abre convocatoria al Reto Construye Academia 2026 para impulsar la innovaci\u00f3n en la construcci\u00f3n desde el talento joven La iniciativa invita a estudiantes de todo Chile a desarrollar soluciones reales para la industria, con la posibilidad de representar a la regi\u00f3n en la gran final nacional en EDIFICA, el principal encuentro de la... ...<\/p>\r\n                                <\/div>\r\n                            <\/div>\r\n                            <div class=\"mec-event-footer\">\r\n                                <a class=\"mec-booking-button\" data-event-id=\"17517\" href=\"https:\/\/chilemosaico.cl\/eventos\/eventos\/reto-construye-academia-2026\/\" target=\"_self\" rel=\"noopener\">Ver detalle<\/a>                                                                                            <\/div>\r\n                        <\/div>\r\n                    <\/article>\r\n\r\n                <\/div>\r\n            <\/div>\r\n                    <div data-sort-masonry=\"2026-05-03\" class=\"mec-masonry-item-wrap \">\r\n                <div class=\"mec-masonry\">\r\n\r\n                    <article class=\"mec-event-article mec-clear  \">\r\n                                                    <div class=\"mec-masonry-img\"><a data-event-id=\"17037\" href=\"https:\/\/chilemosaico.cl\/eventos\/eventos\/luego-de-triunfar-en-vina-del-mar-rodrigo-villegas-vuelve-con-renovado-show-a-iquique\/\" target=\"_self\" rel=\"noopener\"><img loading=\"lazy\" decoding=\"async\" width=\"1080\" height=\"1080\" src=\"https:\/\/chilemosaico.cl\/eventos\/wp-content\/uploads\/2026\/03\/Rodrigo-Villegas-vuelve-con-renovado-show-a-Iquique.avif\" class=\"attachment-full size-full wp-post-image\" alt=\"Rodrigo Villegas vuelve con renovado show a Iquique\" data-mec-postid=\"17037\" \/><\/a><\/div>\r\n                        \r\n                        \r\n                        <div class=\"mec-masonry-content mec-event-grid-modern\">\r\n                            <div class=\"event-grid-modern-head clearfix\">\r\n\r\n                                <div class=\"mec-masonry-col6\">\r\n                                                                            <div class=\"mec-event-date mec-color\">3<\/div>\r\n                                        <div class=\"mec-event-month\">mayo<\/div>\r\n                                                                        <div class=\"mec-event-detail\">21:00<\/div>\r\n                                                                    <\/div>\r\n\r\n                                                                <div class=\"mec-masonry-col6\">\r\n                                    <div class=\"mec-event-location\">\r\n                                        <i class=\"mec-sl-location-pin\"><\/i>                                        <div class=\"mec-event-location-det\">\r\n                                            <h6 class=\"mec-location\">Hotel Gavina Costa Mar<\/h6>\r\n                                            <address class=\"mec-events-address\"><span class=\"mec-address\">Av. Arturo Prat Chac\u00f3n 1497, Iquique<\/span><\/address>\r\n                                        <\/div>\r\n                                    <\/div>\r\n                                <\/div>\r\n                                \r\n                            <\/div>\r\n                                                                                    <div class=\"mec-event-content\">\r\n                                                                <h4 class=\"mec-event-title\"><a class=\"mec-color-hover\" data-event-id=\"17037\" href=\"https:\/\/chilemosaico.cl\/eventos\/eventos\/luego-de-triunfar-en-vina-del-mar-rodrigo-villegas-vuelve-con-renovado-show-a-iquique\/\" target=\"_self\" rel=\"noopener\">Luego de triunfar en Vi\u00f1a del Mar, Rodrigo Villegas vuelve con renovado show a Iquique<\/a>  <span class=\"event-color\" style=\"background: #3426ff\"><\/span><\/h4>\r\n                                                                                                                                <div class=\"mec-event-description mec-events-content\">\r\n                                    <p>La presentaci\u00f3n del destacado c\u00f3mico nacional ser\u00e1 en el Hotel Gavina, el mi\u00e9rcoles 3 de mayo, a las 21 horas. Las entradas ya est\u00e1n a la venta en el sistema Ticketplus+. Luego de ser uno de los peaks de sinton\u00eda del Festival de Vi\u00f1a del Mar y con \u201cGaviota de Plata\u201d y \u201cGaviota de Oro\u201d... ...<\/p>\r\n                                <\/div>\r\n                            <\/div>\r\n                            <div class=\"mec-event-footer\">\r\n                                <a class=\"mec-booking-button\" data-event-id=\"17037\" href=\"https:\/\/chilemosaico.cl\/eventos\/eventos\/luego-de-triunfar-en-vina-del-mar-rodrigo-villegas-vuelve-con-renovado-show-a-iquique\/\" target=\"_self\" rel=\"noopener\">Ver detalle<\/a>                                                                                            <\/div>\r\n                        <\/div>\r\n                    <\/article>\r\n\r\n                <\/div>\r\n            <\/div>\r\n                            <div data-sort-masonry=\"2026-05-08\" class=\"mec-past-event mec-masonry-item-wrap \">\r\n                <div class=\"mec-masonry\">\r\n\r\n                    <article class=\"mec-event-article mec-clear  \">\r\n                                                    <div class=\"mec-masonry-img\"><a data-event-id=\"16094\" href=\"https:\/\/chilemosaico.cl\/eventos\/eventos\/deportes-iquique-2026-de-local\/\" target=\"_self\" rel=\"noopener\"><img loading=\"lazy\" decoding=\"async\" width=\"716\" height=\"716\" src=\"https:\/\/chilemosaico.cl\/eventos\/wp-content\/uploads\/2024\/02\/Club-de-Deportes-Iquique.jpg\" class=\"attachment-full size-full wp-post-image\" alt=\"Club de Deportes Iquique\" data-mec-postid=\"16094\" \/><\/a><\/div>\r\n                        \r\n                        \r\n                        <div class=\"mec-masonry-content mec-event-grid-modern\">\r\n                            <div class=\"event-grid-modern-head clearfix\">\r\n\r\n                                <div class=\"mec-masonry-col12\">\r\n                                                                            <div class=\"mec-event-date mec-color\">8<\/div>\r\n                                        <div class=\"mec-event-month\">mayo<\/div>\r\n                                                                        <div class=\"mec-event-detail\">16:00 - 18:00<\/div>\r\n                                                                    <\/div>\r\n\r\n                                \r\n                            <\/div>\r\n                                                                                    <div class=\"mec-event-content\">\r\n                                                                <h4 class=\"mec-event-title\"><a class=\"mec-color-hover\" data-event-id=\"16094\" href=\"https:\/\/chilemosaico.cl\/eventos\/eventos\/deportes-iquique-2026-de-local\/\" target=\"_self\" rel=\"noopener\">Deportes Iquique 2026 de local<\/a><span class=\"mec-repeating-label\">Repeating Event<\/span>  <span class=\"event-color\" style=\"background: #00a0d2\"><\/span><\/h4>\r\n                                                                                                                                <div class=\"mec-event-description mec-events-content\">\r\n                                    <p>Jornada 1 21 de febrero 20:30 Deportes Iquique vs. U. San Felipe 20.02. 20:00 Arica vs. CD Santa Cruz 21.02. 12:00 S. Wanderers vs. Recoleta 21.02. 18:00 U. Espa\u00f1ola vs. San Luis 22.02. 18:00 Rangers vs. Antofagasta 22.02. 20:30 D. Puerto Montt vs. Copiap\u00f3 23.02. 18:00 Cobreloa vs. Deportes Temuco 23.02. 18:00 Curic\u00f3 Unido vs.... ...<\/p>\r\n                                <\/div>\r\n                            <\/div>\r\n                            <div class=\"mec-event-footer\">\r\n                                <a class=\"mec-booking-button\" data-event-id=\"16094\" href=\"https:\/\/chilemosaico.cl\/eventos\/eventos\/deportes-iquique-2026-de-local\/\" target=\"_self\" rel=\"noopener\">Ver detalle<\/a>                                                                                            <\/div>\r\n                        <\/div>\r\n                    <\/article>\r\n\r\n                <\/div>\r\n            <\/div>\r\n                            <div data-sort-masonry=\"2026-05-09\" class=\"mec-past-event mec-masonry-item-wrap \">\r\n                <div class=\"mec-masonry\">\r\n\r\n                    <article class=\"mec-event-article mec-clear  \">\r\n                                                    <div class=\"mec-masonry-img\"><a data-event-id=\"17521\" href=\"https:\/\/chilemosaico.cl\/eventos\/eventos\/recuperando-espacios-2\/\" target=\"_self\" rel=\"noopener\"><img loading=\"lazy\" decoding=\"async\" width=\"590\" height=\"590\" src=\"https:\/\/chilemosaico.cl\/eventos\/wp-content\/uploads\/2026\/04\/Recuperando-espacios-2026.jpg\" class=\"attachment-full size-full wp-post-image\" alt=\"Recuperando espacios 2026 2\" data-mec-postid=\"17521\" \/><\/a><\/div>\r\n                        \r\n                        \r\n                        <div class=\"mec-masonry-content mec-event-grid-modern\">\r\n                            <div class=\"event-grid-modern-head clearfix\">\r\n\r\n                                <div class=\"mec-masonry-col6\">\r\n                                                                            <div class=\"mec-event-date mec-color\">9<\/div>\r\n                                        <div class=\"mec-event-month\">mayo<\/div>\r\n                                                                        <div class=\"mec-event-detail\">10:00 - 13:00<\/div>\r\n                                                                    <\/div>\r\n\r\n                                                                <div class=\"mec-masonry-col6\">\r\n                                    <div class=\"mec-event-location\">\r\n                                        <i class=\"mec-sl-location-pin\"><\/i>                                        <div class=\"mec-event-location-det\">\r\n                                            <h6 class=\"mec-location\">FormArte Espacio Creativo<\/h6>\r\n                                            <address class=\"mec-events-address\"><span class=\"mec-address\">Pasaje santa Mar\u00eda 1835, Iquique<\/span><\/address>\r\n                                        <\/div>\r\n                                    <\/div>\r\n                                <\/div>\r\n                                \r\n                            <\/div>\r\n                                                                                    <div class=\"mec-event-content\">\r\n                                                                <h4 class=\"mec-event-title\"><a class=\"mec-color-hover\" data-event-id=\"17521\" href=\"https:\/\/chilemosaico.cl\/eventos\/eventos\/recuperando-espacios-2\/\" target=\"_self\" rel=\"noopener\">Recuperando espacios<\/a><span class=\"mec-repeating-label\">Semanalmente<\/span>  <span class=\"event-color\" style=\"background: #aec972\"><\/span><\/h4>\r\n                                                                                                                                <div class=\"mec-event-description mec-events-content\">\r\n                                    <p>#RecursosGore \ud83d\udcaf En el marco del proyecto \u00abManos Creativas\u00bb, que ejecuta FormArte Espacio Creativo y que financia el Fondo 8% FNDR Cultura del Gobierno de #Tarapac\u00e1, te dejamos cordialmente invitado e invitada a participar del \u00abTaller Recuperando Espacios\u00bb que se realizara los d\u00edas 2, 9, 16 y 22 de mayo de 10:00 a 13:00 horas,... ...<\/p>\r\n                                <\/div>\r\n                            <\/div>\r\n                            <div class=\"mec-event-footer\">\r\n                                <a class=\"mec-booking-button\" data-event-id=\"17521\" href=\"https:\/\/chilemosaico.cl\/eventos\/eventos\/recuperando-espacios-2\/\" target=\"_self\" rel=\"noopener\">Ver detalle<\/a>                                                                                            <\/div>\r\n                        <\/div>\r\n                    <\/article>\r\n\r\n                <\/div>\r\n            <\/div>\r\n                            <div data-sort-masonry=\"2026-05-15\" class=\"mec-masonry-item-wrap \">\r\n                <div class=\"mec-masonry\">\r\n\r\n                    <article class=\"mec-event-article mec-clear  \">\r\n                                                    <div class=\"mec-masonry-img\"><a data-event-id=\"17443\" href=\"https:\/\/chilemosaico.cl\/eventos\/eventos\/perra-chola-en-el-teatro-municipal-de-iquique\/\" target=\"_self\" rel=\"noopener\"><img loading=\"lazy\" decoding=\"async\" width=\"603\" height=\"869\" src=\"https:\/\/chilemosaico.cl\/eventos\/wp-content\/uploads\/2026\/04\/Perra-Chola-en-el-Teatro-Municipal-de-Iquique.jpg\" class=\"attachment-full size-full wp-post-image\" alt=\"Perra Chola en el Teatro Municipal de Iquique\" data-mec-postid=\"17443\" \/><\/a><\/div>\r\n                        \r\n                        \r\n                        <div class=\"mec-masonry-content mec-event-grid-modern\">\r\n                            <div class=\"event-grid-modern-head clearfix\">\r\n\r\n                                <div class=\"mec-masonry-col6\">\r\n                                                                            <div class=\"mec-event-date mec-color\">15<\/div>\r\n                                        <div class=\"mec-event-month\">mayo<\/div>\r\n                                                                        <div class=\"mec-event-detail\">20:00 - 22:00<\/div>\r\n                                                                    <\/div>\r\n\r\n                                                                <div class=\"mec-masonry-col6\">\r\n                                    <div class=\"mec-event-location\">\r\n                                        <i class=\"mec-sl-location-pin\"><\/i>                                        <div class=\"mec-event-location-det\">\r\n                                            <h6 class=\"mec-location\">Teatro Municipal de Iquique<\/h6>\r\n                                            <address class=\"mec-events-address\"><span class=\"mec-address\">Thompson 269, Iquique<\/span><\/address>\r\n                                        <\/div>\r\n                                    <\/div>\r\n                                <\/div>\r\n                                \r\n                            <\/div>\r\n                                                                                    <div class=\"mec-event-content\">\r\n                                                                <h4 class=\"mec-event-title\"><a class=\"mec-color-hover\" data-event-id=\"17443\" href=\"https:\/\/chilemosaico.cl\/eventos\/eventos\/perra-chola-en-el-teatro-municipal-de-iquique\/\" target=\"_self\" rel=\"noopener\">Perra Chola en el Teatro Municipal de Iquique<\/a><span class=\"mec-repeating-label\">Diariamente<\/span>  <span class=\"event-color\" style=\"background: #c4ae8d\"><\/span><\/h4>\r\n                                                                                                                                <div class=\"mec-event-description mec-events-content\">\r\n                                    <p>Obra teatral en Iquique abordar\u00e1 el femicidio frustrado desde la memoria y la ficci\u00f3n El proyecto financiado por el Ministerio de las Culturas, las Artes y el Patrimonio, a trav\u00e9s del Fondo Nacional de Artes Esc\u00e9nicas, l\u00ednea Creaci\u00f3n y Producci\u00f3n, convocatoria 2025.\u00a0 La obra \u201cPerra Chola\u201d, de la dramaturga e int\u00e9rprete iquique\u00f1a Gisela Villalobos, se... ...<\/p>\r\n                                <\/div>\r\n                            <\/div>\r\n                            <div class=\"mec-event-footer\">\r\n                                <a class=\"mec-booking-button\" data-event-id=\"17443\" href=\"https:\/\/chilemosaico.cl\/eventos\/eventos\/perra-chola-en-el-teatro-municipal-de-iquique\/\" target=\"_self\" rel=\"noopener\">Ver detalle<\/a>                                                                                            <\/div>\r\n                        <\/div>\r\n                    <\/article>\r\n\r\n                <\/div>\r\n            <\/div>\r\n                            <div data-sort-masonry=\"2026-05-21\" class=\"mec-past-event mec-masonry-item-wrap \">\r\n                <div class=\"mec-masonry\">\r\n\r\n                    <article class=\"mec-event-article mec-clear  \">\r\n                                                    <div class=\"mec-masonry-img\"><a data-event-id=\"13204\" href=\"https:\/\/chilemosaico.cl\/eventos\/eventos\/feriados-legales-y-dias-importantes-chile-2026\/\" target=\"_self\" rel=\"noopener\"><img loading=\"lazy\" decoding=\"async\" width=\"1000\" height=\"1000\" src=\"https:\/\/chilemosaico.cl\/eventos\/wp-content\/uploads\/2025\/09\/Feriados-Chile-1.jpg\" class=\"attachment-full size-full wp-post-image\" alt=\"Feriados Chile\" data-mec-postid=\"13204\" \/><\/a><\/div>\r\n                        \r\n                        \r\n                        <div class=\"mec-masonry-content mec-event-grid-modern\">\r\n                            <div class=\"event-grid-modern-head clearfix\">\r\n\r\n                                <div class=\"mec-masonry-col12\">\r\n                                                                            <div class=\"mec-event-date mec-color\">21<\/div>\r\n                                        <div class=\"mec-event-month\">mayo<\/div>\r\n                                                                        <div class=\"mec-event-detail\">Evento de todo el d\u00eda<\/div>\r\n                                                                    <\/div>\r\n\r\n                                \r\n                            <\/div>\r\n                                                                                    <div class=\"mec-event-content\">\r\n                                                                <h4 class=\"mec-event-title\"><a class=\"mec-color-hover\" data-event-id=\"13204\" href=\"https:\/\/chilemosaico.cl\/eventos\/eventos\/feriados-legales-y-dias-importantes-chile-2026\/\" target=\"_self\" rel=\"noopener\">Feriados legales y d\u00edas Importantes \u2013 Chile 2026<\/a><span class=\"mec-repeating-label\">Repeating Event<\/span>  <span class=\"event-color\" style=\"background: #e8e8e8\"><\/span><\/h4>\r\n                                                                                                                                <div class=\"mec-event-description mec-events-content\">\r\n                                    <p>\ud83d\udcc5 Conoce los d\u00edas feriados y fechas relevantes del a\u00f1o 2026 para que puedas organizar tus panoramas con anticipaci\u00f3n. ENERO \u2744\ufe0f Jueves 1 de enero A\u00f1o Nuevo (feriado civil irrenunciable) ABRIL \ud83c\udf38 Viernes 3 de abril Viernes Santo (feriado religioso) S\u00e1bado 4 de abril S\u00e1bado Santo (feriado religioso) MAYO \ud83c\udf42 Viernes 1 de mayo D\u00eda... ...<\/p>\r\n                                <\/div>\r\n                            <\/div>\r\n                            <div class=\"mec-event-footer\">\r\n                                <a class=\"mec-booking-button\" data-event-id=\"13204\" href=\"https:\/\/chilemosaico.cl\/eventos\/eventos\/feriados-legales-y-dias-importantes-chile-2026\/\" target=\"_self\" rel=\"noopener\">Ver detalle<\/a>                                                                                            <\/div>\r\n                        <\/div>\r\n                    <\/article>\r\n\r\n                <\/div>\r\n            <\/div>\r\n                    <div data-sort-masonry=\"2026-05-21\" class=\"mec-masonry-item-wrap \">\r\n                <div class=\"mec-masonry\">\r\n\r\n                    <article class=\"mec-event-article mec-clear  \">\r\n                                                    <div class=\"mec-masonry-img\"><a data-event-id=\"17322\" href=\"https:\/\/chilemosaico.cl\/eventos\/eventos\/eva-ayllon-tour-chile-2026-iquique\/\" target=\"_self\" rel=\"noopener\"><img loading=\"lazy\" decoding=\"async\" width=\"563\" height=\"1000\" src=\"https:\/\/chilemosaico.cl\/eventos\/wp-content\/uploads\/2026\/03\/Eva-Ayllon-Tour-Chile-2026-Iquique.jpg\" class=\"attachment-full size-full wp-post-image\" alt=\"Eva Ayll\u00f3n Tour Chile 2026 Iquique\" data-mec-postid=\"17322\" \/><\/a><\/div>\r\n                        \r\n                        \r\n                        <div class=\"mec-masonry-content mec-event-grid-modern\">\r\n                            <div class=\"event-grid-modern-head clearfix\">\r\n\r\n                                <div class=\"mec-masonry-col12\">\r\n                                                                            <div class=\"mec-event-date mec-color\">21<\/div>\r\n                                        <div class=\"mec-event-month\">mayo<\/div>\r\n                                                                        <div class=\"mec-event-detail\">08:00 - 18:00<\/div>\r\n                                                                    <\/div>\r\n\r\n                                \r\n                            <\/div>\r\n                                                                                    <div class=\"mec-event-content\">\r\n                                                                <h4 class=\"mec-event-title\"><a class=\"mec-color-hover\" data-event-id=\"17322\" href=\"https:\/\/chilemosaico.cl\/eventos\/eventos\/eva-ayllon-tour-chile-2026-iquique\/\" target=\"_self\" rel=\"noopener\">Eva Ayll\u00f3n Tour Chile 2026 Iquique<\/a>  <span class=\"event-color\" style=\"background: #e14d43\"><\/span><\/h4>\r\n                                                                                                                                <div class=\"mec-event-description mec-events-content\">\r\n                                    <p>Eva Ayll\u00f3n regresa a Chile para ofrecer gira\u00a0 por nueve ciudades La voz m\u00e1s influyente de la m\u00fasica peruana presentar\u00e1 su renovado show en Arica, Coquimbo, Copiap\u00f3, Concepci\u00f3n, Iquique, Calama, Antofagasta, Vi\u00f1a del Mar y Santiago. La leyenda viva de la canci\u00f3n en espa\u00f1ol, Eva Ayll\u00f3n, anuncia su arribo al pa\u00eds en el mes de... ...<\/p>\r\n                                <\/div>\r\n                            <\/div>\r\n                            <div class=\"mec-event-footer\">\r\n                                <a class=\"mec-booking-button\" data-event-id=\"17322\" href=\"https:\/\/chilemosaico.cl\/eventos\/eventos\/eva-ayllon-tour-chile-2026-iquique\/\" target=\"_self\" rel=\"noopener\">Ver detalle<\/a>                                                                                            <\/div>\r\n                        <\/div>\r\n                    <\/article>\r\n\r\n                <\/div>\r\n            <\/div>\r\n                            <div data-sort-masonry=\"2026-05-22\" class=\"mec-masonry-item-wrap \">\r\n                <div class=\"mec-masonry\">\r\n\r\n                    <article class=\"mec-event-article mec-clear  \">\r\n                                                    <div class=\"mec-masonry-img\"><a data-event-id=\"17670\" href=\"https:\/\/chilemosaico.cl\/eventos\/eventos\/julius-popper-en-iquique\/\" target=\"_self\" rel=\"noopener\"><img loading=\"lazy\" decoding=\"async\" width=\"800\" height=\"1000\" src=\"https:\/\/chilemosaico.cl\/eventos\/wp-content\/uploads\/2026\/05\/Julius-Popper-en-Iquique.jpg\" class=\"attachment-full size-full wp-post-image\" alt=\"Julius Popper en Iquique\" data-mec-postid=\"17670\" \/><\/a><\/div>\r\n                        \r\n                        \r\n                        <div class=\"mec-masonry-content mec-event-grid-modern\">\r\n                            <div class=\"event-grid-modern-head clearfix\">\r\n\r\n                                <div class=\"mec-masonry-col6\">\r\n                                                                            <div class=\"mec-event-date mec-color\">22<\/div>\r\n                                        <div class=\"mec-event-month\">mayo<\/div>\r\n                                                                        <div class=\"mec-event-detail\">08:00 - 18:00<\/div>\r\n                                                                    <\/div>\r\n\r\n                                                                <div class=\"mec-masonry-col6\">\r\n                                    <div class=\"mec-event-location\">\r\n                                        <i class=\"mec-sl-location-pin\"><\/i>                                        <div class=\"mec-event-location-det\">\r\n                                            <h6 class=\"mec-location\">Aura Lounge<\/h6>\r\n                                            <address class=\"mec-events-address\"><span class=\"mec-address\">Baquedano 1115, Iquique<\/span><\/address>\r\n                                        <\/div>\r\n                                    <\/div>\r\n                                <\/div>\r\n                                \r\n                            <\/div>\r\n                                                                                    <div class=\"mec-event-content\">\r\n                                                                <h4 class=\"mec-event-title\"><a class=\"mec-color-hover\" data-event-id=\"17670\" href=\"https:\/\/chilemosaico.cl\/eventos\/eventos\/julius-popper-en-iquique\/\" target=\"_self\" rel=\"noopener\">Julius Popper en Iquique<\/a>  <\/h4>\r\n                                                                                                                                <div class=\"mec-event-description mec-events-content\">\r\n                                    <p>La destacada banda de Rock\/Blues oriunda de Concepci\u00f3n, Julius Popper, llega por primera vez a la ciudad de IQUIQUE para repasar todos sus \u00e9xitos en un show de larga duraci\u00f3n que no te puedes perder. \ud83d\udcc5Fecha: Viernes 22 de Mayo. \ud83d\udd59Hora: 22 hrs \ud83d\udccdLugar: Aura Lounge \ud83d\udcccDirecci\u00f3n: Baquedano # 1115 con Ohiggins, Iquique \ud83c\udf9f\ufe0f Entradas... ...<\/p>\r\n                                <\/div>\r\n                            <\/div>\r\n                            <div class=\"mec-event-footer\">\r\n                                <a class=\"mec-booking-button\" data-event-id=\"17670\" href=\"https:\/\/chilemosaico.cl\/eventos\/eventos\/julius-popper-en-iquique\/\" target=\"_self\" rel=\"noopener\">Ver detalle<\/a>                                                                                            <\/div>\r\n                        <\/div>\r\n                    <\/article>\r\n\r\n                <\/div>\r\n            <\/div>\r\n                            <div data-sort-masonry=\"2026-05-23\" class=\"mec-masonry-item-wrap \">\r\n                <div class=\"mec-masonry\">\r\n\r\n                    <article class=\"mec-event-article mec-clear  \">\r\n                                                    <div class=\"mec-masonry-img\"><a data-event-id=\"17455\" href=\"https:\/\/chilemosaico.cl\/eventos\/eventos\/banda-juventud-del-norte-en-senor-de-laonzana-2026\/\" target=\"_self\" rel=\"noopener\"><img loading=\"lazy\" decoding=\"async\" width=\"512\" height=\"640\" src=\"https:\/\/chilemosaico.cl\/eventos\/wp-content\/uploads\/2026\/04\/Banda-Juventud-del-Norte-en-Senor-de-Laonzana-2026.jpg\" class=\"attachment-full size-full wp-post-image\" alt=\"Banda Juventud del Norte en Se\u00f1or de Laonzana 2026\" data-mec-postid=\"17455\" \/><\/a><\/div>\r\n                        \r\n                        \r\n                        <div class=\"mec-masonry-content mec-event-grid-modern\">\r\n                            <div class=\"event-grid-modern-head clearfix\">\r\n\r\n                                <div class=\"mec-masonry-col6\">\r\n                                                                            <div class=\"mec-event-date mec-color\">23<\/div>\r\n                                        <div class=\"mec-event-month\">mayo<\/div>\r\n                                                                        <div class=\"mec-event-detail\">08:00 - 00:00<\/div>\r\n                                                                    <\/div>\r\n\r\n                                                                <div class=\"mec-masonry-col6\">\r\n                                    <div class=\"mec-event-location\">\r\n                                        <i class=\"mec-sl-location-pin\"><\/i>                                        <div class=\"mec-event-location-det\">\r\n                                            <h6 class=\"mec-location\">Pueblo Laonzana<\/h6>\r\n                                            <address class=\"mec-events-address\"><span class=\"mec-address\">Laonzana<\/span><\/address>\r\n                                        <\/div>\r\n                                    <\/div>\r\n                                <\/div>\r\n                                \r\n                            <\/div>\r\n                                                                                    <div class=\"mec-event-content\">\r\n                                                                <h4 class=\"mec-event-title\"><a class=\"mec-color-hover\" data-event-id=\"17455\" href=\"https:\/\/chilemosaico.cl\/eventos\/eventos\/banda-juventud-del-norte-en-senor-de-laonzana-2026\/\" target=\"_self\" rel=\"noopener\">Banda Juventud del Norte en Se\u00f1or de Laonzana 2026<\/a>  <\/h4>\r\n                                                                                                                                <div class=\"mec-event-description mec-events-content\">\r\n                                    <p>\ud835\udc12\ud835\udc04\ud835\udc0d\u0303\ud835\udc0e\ud835\udc11 \ud835\udc03\ud835\udc04 \ud835\udc0b\ud835\udc00\ud835\udc0e\ud835\udc0d\ud835\udc19\ud835\udc00\ud835\udc0d\ud835\udc00 \ud835\udfd0\ud835\udfce\ud835\udfd0\ud835\udfd4\ud83d\udd34\u26aa\ufe0f Del 23 al 26 de mayo volveremos al coraz\u00f3n del norte, para celebrar y conmemorar a SE\u00d1OR DE LAONZANA, una celebraci\u00f3n llena de tradici\u00f3n, fe y encuentro en medio de nuestro norte \ud83c\udf04\ud83c\udfba Un lugar donde la m\u00fasica, los bailes y la devoci\u00f3n se mezclan, y donde cada a\u00f1o se re\u00fanen... ...<\/p>\r\n                                <\/div>\r\n                            <\/div>\r\n                            <div class=\"mec-event-footer\">\r\n                                <a class=\"mec-booking-button\" data-event-id=\"17455\" href=\"https:\/\/chilemosaico.cl\/eventos\/eventos\/banda-juventud-del-norte-en-senor-de-laonzana-2026\/\" target=\"_self\" rel=\"noopener\">Ver detalle<\/a>                                                                                            <\/div>\r\n                        <\/div>\r\n                    <\/article>\r\n\r\n                <\/div>\r\n            <\/div>\r\n                \t<\/div>\r\n<\/div>    <\/div>\r\n    <div class=\"mec-skin-masonry-no-events-container mec-util-hidden\" id=\"mec_skin_no_events_15\">\r\n        \u00a1No hay eventos!    <\/div>\r\n    \r\n    <div class=\"mec-load-more-wrap\">\r\n                <div tabindex=\"0\" onkeydown=\"if(event.keyCode===13){jQuery(this).trigger('click');}\" class=\"mec-load-more-button \">Ver m\u00e1s<\/div>\r\n            <\/div><\/div>\r\n<\/p>\n<\/div>\n<\/div>\n\n\n\n<p><\/p>\n","protected":false},"excerpt":{"rendered":"<p>Eventos Culturales Y no tan culturales en Iquique y la regi\u00f3n de Tarapac\u00e1 \ud83c\udf1e Cartelera de Tarapac\u00e1 \ud83c\udfad Arte, cultura, talleres, teatro, m\u00fasica, fiestas tradicionales y m\u00e1s.<\/p>\n","protected":false},"author":1,"featured_media":13303,"parent":0,"menu_order":0,"comment_status":"closed","ping_status":"closed","template":"","meta":{"om_disable_all_campaigns":false,"_monsterinsights_skip_tracking":false,"_monsterinsights_sitenote_active":false,"_monsterinsights_sitenote_note":"","_monsterinsights_sitenote_category":0,"_kad_post_transparent":"disable","_kad_post_title":"hide","_kad_post_layout":"","_kad_post_sidebar_id":"","_kad_post_content_style":"","_kad_post_vertical_padding":"","_kad_post_feature":"","_kad_post_feature_position":"","_kad_post_header":false,"_kad_post_footer":false,"_kad_post_classname":"","footnotes":""},"class_list":["post-11334","page","type-page","status-publish","has-post-thumbnail","hentry"],"aioseo_notices":[],"_links":{"self":[{"href":"https:\/\/chilemosaico.cl\/eventos\/wp-json\/wp\/v2\/pages\/11334","targetHints":{"allow":["GET"]}}],"collection":[{"href":"https:\/\/chilemosaico.cl\/eventos\/wp-json\/wp\/v2\/pages"}],"about":[{"href":"https:\/\/chilemosaico.cl\/eventos\/wp-json\/wp\/v2\/types\/page"}],"author":[{"embeddable":true,"href":"https:\/\/chilemosaico.cl\/eventos\/wp-json\/wp\/v2\/users\/1"}],"replies":[{"embeddable":true,"href":"https:\/\/chilemosaico.cl\/eventos\/wp-json\/wp\/v2\/comments?post=11334"}],"version-history":[{"count":106,"href":"https:\/\/chilemosaico.cl\/eventos\/wp-json\/wp\/v2\/pages\/11334\/revisions"}],"predecessor-version":[{"id":16539,"href":"https:\/\/chilemosaico.cl\/eventos\/wp-json\/wp\/v2\/pages\/11334\/revisions\/16539"}],"wp:featuredmedia":[{"embeddable":true,"href":"https:\/\/chilemosaico.cl\/eventos\/wp-json\/wp\/v2\/media\/13303"}],"wp:attachment":[{"href":"https:\/\/chilemosaico.cl\/eventos\/wp-json\/wp\/v2\/media?parent=11334"}],"curies":[{"name":"wp","href":"https:\/\/api.w.org\/{rel}","templated":true}]}}