{"id":2311,"date":"2023-05-22T23:28:20","date_gmt":"2023-05-23T03:28:20","guid":{"rendered":"https:\/\/chilemosaico.cl\/eventos\/?page_id=2311"},"modified":"2024-01-12T05:04:14","modified_gmt":"2024-01-12T08:04:14","slug":"ensayo-shortcodes-eventos","status":"publish","type":"page","link":"https:\/\/chilemosaico.cl\/eventos\/ensayo-shortcodes-eventos\/","title":{"rendered":"Ensayo Shortcodes Eventos"},"content":{"rendered":"\n<div class=\"wp-block-columns is-layout-flex wp-container-core-columns-is-layout-9d6595d7 wp-block-columns-is-layout-flex\">\n<div class=\"wp-block-column is-layout-flow wp-block-column-is-layout-flow\"><div class=\"wp-radio-player align-center shortcode \">\n\n    <!--******* Details ********-->\n    <div class=\"wp-radio-player-details\">\n        <a href=\"https:\/\/chilemosaico.cl\/eventos\/station\/radio-chilemosaico\/\" class=\"station-thumbnail-wrap\">\n            <img decoding=\"async\" src=\"https:\/\/chilemosaico.cl\/eventos\/wp-content\/uploads\/2023\/01\/Chilemosaico-mascota-2.webp\" class=\"station-thumbnail\"\n                 alt=\"Radio Chilemosaico\"\/>\n        <\/a>\n\n        <div class=\"station-meta\">\n            <a href=\"https:\/\/chilemosaico.cl\/eventos\/station\/radio-chilemosaico\/\" class=\"station-title\">Radio Chilemosaico<\/a>\n\n            <!-- Player Status -->\n            <div class=\"station-status\">\n                <div class=\"wp-radio-player-status status-41\">\n                    <span class=\"status-text-offline\">OFFLINE<\/span>\n                    <span class=\"status-text-live\">LIVE<\/span>\n\n                    <span class=\"status-dot\"><\/span>\n                <\/div>\n\n                <!--Song Title-->\n                <div class=\"wp-radio-player-song-title\" data-id=\"41\"><\/div>\n            <\/div>\n        <\/div>\n    <\/div>\n\n    <!--******* Player Controls *******-->\n    <div class=\"wp-radio-player-controls\">\n\n\t\t\n        <!-- Previous -->\n\t\t\n        <!-- Play\/ Pause -->\n        <button\n                type=\"button\"\n                aria-label=\"Play\/Pause\"\n                title=\"Play\/Pause\"\n                class=\"play-btn\"\n                data-id=\"41\"\n\t\t\t                onclick='wpRadioHooks.doAction(\"playPause\",this, {\"id\":\"41\",\"title\":\"Radio Chilemosaico\",\"thumbnail\":\"https:\\\/\\\/chilemosaico.cl\\\/eventos\\\/wp-content\\\/uploads\\\/2023\\\/01\\\/Chilemosaico-mascota-2.webp\",\"link\":\"https:\\\/\\\/chilemosaico.cl\\\/eventos\\\/station\\\/radio-chilemosaico\\\/\",\"stream\":\"http:\\\/\\\/stream.zeno.fm\\\/nsqq22kaxzzuv\"})'\n\t\t\t        >\n\n            <div class=\"wp-radio-spinner\">\n                <div><\/div>\n                <div><\/div>\n                <div><\/div>\n                <div><\/div>\n                <div><\/div>\n                <div><\/div>\n                <div><\/div>\n            <\/div>\n\n            <span class=\"dashicons dashicons-controls-play\"><\/span>\n            <span class=\"dashicons dashicons-controls-pause\"><\/span>\n        <\/button>\n\n        <!-- Next -->\n\t\t\n        <!-- Popup Icon -->\n\t\t\n        <!-- Volume Control -->\n        <div class=\"player-volume-wrap\">\n            <div class=\"volume-slider\">\n                <div class=\"volume-slider-bar\">\n                    <div class=\"volume-slider-handle\"><\/div>\n                <\/div>\n                <input type=\"range\" min=\"0\" max=\"100\" value=\"100\" step=\"1\">\n            <\/div>\n            <button type=\"button\" class=\"player-volume\">\n                <i class=\"dashicons dashicons-controls-volumeon\"><\/i>\n            <\/button>\n        <\/div>\n\n\t\t\n    <\/div>\n\n    <!-- Player toggle -->\n\t\n\n\t\n<\/div>\n<\/div>\n\n\n\n<div class=\"wp-block-column is-layout-flow wp-block-column-is-layout-flow\">\n<div class=\"mec-wrap mec-skin-masonry-container  colorskin-custom  \" id=\"mec_skin_2309\" data-filterby=\"\" data-sortascending=\"1\">\r\n    \r\n        <div class=\"mec-events-masonry-wrap\" id=\"mec_skin_events_2309\">\r\n        <div class=\"mec-wrap colorskin-custom\">\r\n    <div class=\"mec-event-masonry\">\r\n                    <div data-sort-masonry=\"2026-04-28\" class=\"mec-masonry-item-wrap \">\r\n                <div class=\"mec-masonry\">\r\n\r\n                    <article class=\"mec-event-article mec-clear  \">\r\n                                                    <div class=\"mec-masonry-img\"><a data-event-id=\"17488\" href=\"https:\/\/chilemosaico.cl\/eventos\/eventos\/inscripciones-a-laboratorio-de-sublimacion-textil\/\" target=\"_self\" rel=\"noopener\"><img loading=\"lazy\" decoding=\"async\" width=\"720\" height=\"900\" src=\"https:\/\/chilemosaico.cl\/eventos\/wp-content\/uploads\/2026\/04\/Inscripciones-a-Laboratorio-de-Sublimacion-Textil.jpg\" class=\"attachment-full size-full wp-post-image\" alt=\"Inscripciones a Laboratorio de Sublimaci\u00f3n Textil\" data-mec-postid=\"17488\" \/><\/a><\/div>\r\n                        \r\n                        \r\n                        <div class=\"mec-masonry-content mec-event-grid-modern\">\r\n                            <div class=\"event-grid-modern-head clearfix\">\r\n\r\n                                <div class=\"mec-masonry-col6\">\r\n                                                                            <div class=\"mec-event-date mec-color\">28<\/div>\r\n                                        <div class=\"mec-event-month\">abril<\/div>\r\n                                                                        <div class=\"mec-event-detail\">08:00 - 00:00<\/div>\r\n                                                                    <\/div>\r\n\r\n                                                                <div class=\"mec-masonry-col6\">\r\n                                    <div class=\"mec-event-location\">\r\n                                        <i class=\"mec-sl-location-pin\"><\/i>                                        <div class=\"mec-event-location-det\">\r\n                                            <h6 class=\"mec-location\">Edificio Econorte<\/h6>\r\n                                            <address class=\"mec-events-address\"><span class=\"mec-address\">Serrano 145, Iquique<\/span><\/address>\r\n                                        <\/div>\r\n                                    <\/div>\r\n                                <\/div>\r\n                                \r\n                            <\/div>\r\n                                                                                    <div class=\"mec-event-content\">\r\n                                                                <h4 class=\"mec-event-title\"><a class=\"mec-color-hover\" data-event-id=\"17488\" href=\"https:\/\/chilemosaico.cl\/eventos\/eventos\/inscripciones-a-laboratorio-de-sublimacion-textil\/\" target=\"_self\" rel=\"noopener\">Inscripciones a Laboratorio de Sublimaci\u00f3n Textil<\/a>  <span class=\"event-color\" style=\"background: #ad78e2\"><\/span><\/h4>\r\n                                                                                                                                <div class=\"mec-event-description mec-events-content\">\r\n                                    <p>\u2728 \ud835\udddf\ud835\uddee\ud835\uddef\ud835\uddfc\ud835\uddff\ud835\uddee\ud835\ude01\ud835\uddfc\ud835\uddff\ud835\uddf6\ud835\uddfc \ud835\uddf1\ud835\uddf2 \ud835\udde6\ud835\ude02\ud835\uddef\ud835\uddf9\ud835\uddf6\ud835\uddfa\ud835\uddee\ud835\uddf0\ud835\uddf6\u00f3\ud835\uddfb \ud835\udde7\ud835\uddf2\ud835\ude05\ud835\ude01\ud835\uddf6\ud835\uddf9 \u2728 Te invitamos a ser parte de este espacio creativo junto a \ud835\uddde\ud835\uddee\ud835\uddff\ud835\uddf2\ud835\uddfb \ud835\udde0\ud835\ude02\ud835\uddfb\ud835\uddf1\ud835\uddee\ud835\uddf0\ud835\uddee, donde exploraremos t\u00e9cnicas de sublimaci\u00f3n textil para intervenir telas y dar vida a tus propias creaciones. \ud83d\udcc5 Fechas: lunes 4, 11, 18 y 25 de mayo\u2028\ud83d\udd54 Horario: 17:00 a 20:00 hrs\u2028\ud83d\udccd Lugar: Estudio OF \ud83d\udcb0 Valor:... ...<\/p>\r\n                                <\/div>\r\n                            <\/div>\r\n                            <div class=\"mec-event-footer\">\r\n                                <a class=\"mec-booking-button\" data-event-id=\"17488\" href=\"https:\/\/chilemosaico.cl\/eventos\/eventos\/inscripciones-a-laboratorio-de-sublimacion-textil\/\" target=\"_self\" rel=\"noopener\">Ver detalle<\/a>                                                                                            <\/div>\r\n                        <\/div>\r\n                    <\/article>\r\n\r\n                <\/div>\r\n            <\/div>\r\n                    <div data-sort-masonry=\"2026-04-28\" class=\"mec-masonry-item-wrap \">\r\n                <div class=\"mec-masonry\">\r\n\r\n                    <article class=\"mec-event-article mec-clear  \">\r\n                                                    <div class=\"mec-masonry-img\"><a data-event-id=\"17517\" href=\"https:\/\/chilemosaico.cl\/eventos\/eventos\/reto-construye-academia-2026\/\" target=\"_self\" rel=\"noopener\"><img loading=\"lazy\" decoding=\"async\" width=\"800\" height=\"1000\" src=\"https:\/\/chilemosaico.cl\/eventos\/wp-content\/uploads\/2026\/04\/Reto-Construye-Academia-2026.jpg\" class=\"attachment-full size-full wp-post-image\" alt=\"Reto Construye Academia 2026\" data-mec-postid=\"17517\" \/><\/a><\/div>\r\n                        \r\n                        \r\n                        <div class=\"mec-masonry-content mec-event-grid-modern\">\r\n                            <div class=\"event-grid-modern-head clearfix\">\r\n\r\n                                <div class=\"mec-masonry-col12\">\r\n                                                                            <div class=\"mec-event-date mec-color\">28<\/div>\r\n                                        <div class=\"mec-event-month\">abril<\/div>\r\n                                                                        <div class=\"mec-event-detail\">08:00 - 00:00<\/div>\r\n                                                                    <\/div>\r\n\r\n                                \r\n                            <\/div>\r\n                                                                                    <div class=\"mec-event-content\">\r\n                                                                <h4 class=\"mec-event-title\"><a class=\"mec-color-hover\" data-event-id=\"17517\" href=\"https:\/\/chilemosaico.cl\/eventos\/eventos\/reto-construye-academia-2026\/\" target=\"_self\" rel=\"noopener\">Reto Construye Academia 2026<\/a>  <span class=\"event-color\" style=\"background: #1e73be\"><\/span><\/h4>\r\n                                                                                                                                <div class=\"mec-event-description mec-events-content\">\r\n                                    <p>CChC Tarapac\u00e1 abre convocatoria al Reto Construye Academia 2026 para impulsar la innovaci\u00f3n en la construcci\u00f3n desde el talento joven La iniciativa invita a estudiantes de todo Chile a desarrollar soluciones reales para la industria, con la posibilidad de representar a la regi\u00f3n en la gran final nacional en EDIFICA, el principal encuentro de la... ...<\/p>\r\n                                <\/div>\r\n                            <\/div>\r\n                            <div class=\"mec-event-footer\">\r\n                                <a class=\"mec-booking-button\" data-event-id=\"17517\" href=\"https:\/\/chilemosaico.cl\/eventos\/eventos\/reto-construye-academia-2026\/\" target=\"_self\" rel=\"noopener\">Ver detalle<\/a>                                                                                            <\/div>\r\n                        <\/div>\r\n                    <\/article>\r\n\r\n                <\/div>\r\n            <\/div>\r\n                    <div data-sort-masonry=\"2026-04-28\" class=\"mec-masonry-item-wrap \">\r\n                <div class=\"mec-masonry\">\r\n\r\n                    <article class=\"mec-event-article mec-clear  \">\r\n                                                    <div class=\"mec-masonry-img\"><a data-event-id=\"17468\" href=\"https:\/\/chilemosaico.cl\/eventos\/eventos\/lanzamiento-de-la-novela-juvenil-relampago\/\" target=\"_self\" rel=\"noopener\"><img loading=\"lazy\" decoding=\"async\" width=\"384\" height=\"506\" src=\"https:\/\/chilemosaico.cl\/eventos\/wp-content\/uploads\/2026\/04\/Lanzamiento-de-la-novela-juvenil-Relampago.jpg\" class=\"attachment-full size-full wp-post-image\" alt=\"Lanzamiento de la novela juvenil Rel\u00e1mpago\" data-mec-postid=\"17468\" \/><\/a><\/div>\r\n                        \r\n                        \r\n                        <div class=\"mec-masonry-content mec-event-grid-modern\">\r\n                            <div class=\"event-grid-modern-head clearfix\">\r\n\r\n                                <div class=\"mec-masonry-col6\">\r\n                                                                            <div class=\"mec-event-date mec-color\">28<\/div>\r\n                                        <div class=\"mec-event-month\">abril<\/div>\r\n                                                                        <div class=\"mec-event-detail\">18:30 - 21:00<\/div>\r\n                                                                    <\/div>\r\n\r\n                                                                <div class=\"mec-masonry-col6\">\r\n                                    <div class=\"mec-event-location\">\r\n                                        <i class=\"mec-sl-location-pin\"><\/i>                                        <div class=\"mec-event-location-det\">\r\n                                            <h6 class=\"mec-location\">Casa Municipal de la Cultura de Iquique<\/h6>\r\n                                            <address class=\"mec-events-address\"><span class=\"mec-address\">Baquedano 789, Iquique<\/span><\/address>\r\n                                        <\/div>\r\n                                    <\/div>\r\n                                <\/div>\r\n                                \r\n                            <\/div>\r\n                                                                                    <div class=\"mec-event-content\">\r\n                                                                <h4 class=\"mec-event-title\"><a class=\"mec-color-hover\" data-event-id=\"17468\" href=\"https:\/\/chilemosaico.cl\/eventos\/eventos\/lanzamiento-de-la-novela-juvenil-relampago\/\" target=\"_self\" rel=\"noopener\">Lanzamiento de la novela juvenil Rel\u00e1mpago<\/a>  <\/h4>\r\n                                                                                                                                <div class=\"mec-event-description mec-events-content\">\r\n                                    <p>Bienvenido al esperado lanzamiento de la novela juvenil Rel\u00e1mpago, obra del escritor V\u00edctor Munzar, quien ha residido por m\u00e1s de cuarenta a\u00f1os en Suecia. Esta velada celebra no solo la publicaci\u00f3n de una nueva obra literaria, sino tambi\u00e9n el puente cultural que une a Chile y Suecia a trav\u00e9s de la literatura. Rese\u00f1a: V\u00edctor Munzar,... ...<\/p>\r\n                                <\/div>\r\n                            <\/div>\r\n                            <div class=\"mec-event-footer\">\r\n                                <a class=\"mec-booking-button\" data-event-id=\"17468\" href=\"https:\/\/chilemosaico.cl\/eventos\/eventos\/lanzamiento-de-la-novela-juvenil-relampago\/\" target=\"_self\" rel=\"noopener\">Ver detalle<\/a>                                                                                            <\/div>\r\n                        <\/div>\r\n                    <\/article>\r\n\r\n                <\/div>\r\n            <\/div>\r\n                            <div data-sort-masonry=\"2026-04-29\" class=\"mec-masonry-item-wrap \">\r\n                <div class=\"mec-masonry\">\r\n\r\n                    <article class=\"mec-event-article mec-clear  \">\r\n                                                    <div class=\"mec-masonry-img\"><a data-event-id=\"17428\" href=\"https:\/\/chilemosaico.cl\/eventos\/eventos\/letras-y-voces\/\" target=\"_self\" rel=\"noopener\"><img loading=\"lazy\" decoding=\"async\" width=\"900\" height=\"900\" src=\"https:\/\/chilemosaico.cl\/eventos\/wp-content\/uploads\/2026\/04\/LETRAS-Y-VOCES-2026.jpg\" class=\"attachment-full size-full wp-post-image\" alt=\"LETRAS Y VOCES 2026\" data-mec-postid=\"17428\" \/><\/a><\/div>\r\n                        \r\n                        \r\n                        <div class=\"mec-masonry-content mec-event-grid-modern\">\r\n                            <div class=\"event-grid-modern-head clearfix\">\r\n\r\n                                <div class=\"mec-masonry-col6\">\r\n                                                                            <div class=\"mec-event-date mec-color\">29<\/div>\r\n                                        <div class=\"mec-event-month\">abril<\/div>\r\n                                                                        <div class=\"mec-event-detail\">08:00 - 18:00<\/div>\r\n                                                                    <\/div>\r\n\r\n                                                                <div class=\"mec-masonry-col6\">\r\n                                    <div class=\"mec-event-location\">\r\n                                        <i class=\"mec-sl-location-pin\"><\/i>                                        <div class=\"mec-event-location-det\">\r\n                                            <h6 class=\"mec-location\">Casa Municipal de la Cultura de Iquique<\/h6>\r\n                                            <address class=\"mec-events-address\"><span class=\"mec-address\">Baquedano 789, Iquique<\/span><\/address>\r\n                                        <\/div>\r\n                                    <\/div>\r\n                                <\/div>\r\n                                \r\n                            <\/div>\r\n                                                                                    <div class=\"mec-event-content\">\r\n                                                                <h4 class=\"mec-event-title\"><a class=\"mec-color-hover\" data-event-id=\"17428\" href=\"https:\/\/chilemosaico.cl\/eventos\/eventos\/letras-y-voces\/\" target=\"_self\" rel=\"noopener\">Letras y Voces &#8211; Mes del Libro<\/a>  <span class=\"event-color\" style=\"background: #3426ff\"><\/span><\/h4>\r\n                                                                                                                                <div class=\"mec-event-description mec-events-content\">\r\n                                    <p>ACERCAR LAS LETRAS A LA JUVENTUD MARCAR\u00c1 LA CONMEMORACI\u00d3N DEL MES DEL LIBRO La Seremi de las Culturas, las Artes y el Patrimonio organiz\u00f3 diversas actividades pensadas para promover el fomento lector en la regi\u00f3n.\u00a0 Vincularse con el libro desde la infancia y que la lectura sea una compa\u00f1era a lo largo de todas las... ...<\/p>\r\n                                <\/div>\r\n                            <\/div>\r\n                            <div class=\"mec-event-footer\">\r\n                                <a class=\"mec-booking-button\" data-event-id=\"17428\" href=\"https:\/\/chilemosaico.cl\/eventos\/eventos\/letras-y-voces\/\" target=\"_self\" rel=\"noopener\">Ver detalle<\/a>                                                                                            <\/div>\r\n                        <\/div>\r\n                    <\/article>\r\n\r\n                <\/div>\r\n            <\/div>\r\n                    <div data-sort-masonry=\"2026-04-29\" class=\"mec-masonry-item-wrap \">\r\n                <div class=\"mec-masonry\">\r\n\r\n                    <article class=\"mec-event-article mec-clear  \">\r\n                                                    <div class=\"mec-masonry-img\"><a data-event-id=\"17488\" href=\"https:\/\/chilemosaico.cl\/eventos\/eventos\/inscripciones-a-laboratorio-de-sublimacion-textil\/\" target=\"_self\" rel=\"noopener\"><img loading=\"lazy\" decoding=\"async\" width=\"720\" height=\"900\" src=\"https:\/\/chilemosaico.cl\/eventos\/wp-content\/uploads\/2026\/04\/Inscripciones-a-Laboratorio-de-Sublimacion-Textil.jpg\" class=\"attachment-full size-full wp-post-image\" alt=\"Inscripciones a Laboratorio de Sublimaci\u00f3n Textil\" data-mec-postid=\"17488\" \/><\/a><\/div>\r\n                        \r\n                        \r\n                        <div class=\"mec-masonry-content mec-event-grid-modern\">\r\n                            <div class=\"event-grid-modern-head clearfix\">\r\n\r\n                                <div class=\"mec-masonry-col6\">\r\n                                                                            <div class=\"mec-event-date mec-color\">29<\/div>\r\n                                        <div class=\"mec-event-month\">abril<\/div>\r\n                                                                        <div class=\"mec-event-detail\">Evento de todo el d\u00eda<\/div>\r\n                                                                    <\/div>\r\n\r\n                                                                <div class=\"mec-masonry-col6\">\r\n                                    <div class=\"mec-event-location\">\r\n                                        <i class=\"mec-sl-location-pin\"><\/i>                                        <div class=\"mec-event-location-det\">\r\n                                            <h6 class=\"mec-location\">Edificio Econorte<\/h6>\r\n                                            <address class=\"mec-events-address\"><span class=\"mec-address\">Serrano 145, Iquique<\/span><\/address>\r\n                                        <\/div>\r\n                                    <\/div>\r\n                                <\/div>\r\n                                \r\n                            <\/div>\r\n                                                                                    <div class=\"mec-event-content\">\r\n                                                                <h4 class=\"mec-event-title\"><a class=\"mec-color-hover\" data-event-id=\"17488\" href=\"https:\/\/chilemosaico.cl\/eventos\/eventos\/inscripciones-a-laboratorio-de-sublimacion-textil\/\" target=\"_self\" rel=\"noopener\">Inscripciones a Laboratorio de Sublimaci\u00f3n Textil<\/a>  <span class=\"event-color\" style=\"background: #ad78e2\"><\/span><\/h4>\r\n                                                                                                                                <div class=\"mec-event-description mec-events-content\">\r\n                                    <p>\u2728 \ud835\udddf\ud835\uddee\ud835\uddef\ud835\uddfc\ud835\uddff\ud835\uddee\ud835\ude01\ud835\uddfc\ud835\uddff\ud835\uddf6\ud835\uddfc \ud835\uddf1\ud835\uddf2 \ud835\udde6\ud835\ude02\ud835\uddef\ud835\uddf9\ud835\uddf6\ud835\uddfa\ud835\uddee\ud835\uddf0\ud835\uddf6\u00f3\ud835\uddfb \ud835\udde7\ud835\uddf2\ud835\ude05\ud835\ude01\ud835\uddf6\ud835\uddf9 \u2728 Te invitamos a ser parte de este espacio creativo junto a \ud835\uddde\ud835\uddee\ud835\uddff\ud835\uddf2\ud835\uddfb \ud835\udde0\ud835\ude02\ud835\uddfb\ud835\uddf1\ud835\uddee\ud835\uddf0\ud835\uddee, donde exploraremos t\u00e9cnicas de sublimaci\u00f3n textil para intervenir telas y dar vida a tus propias creaciones. \ud83d\udcc5 Fechas: lunes 4, 11, 18 y 25 de mayo\u2028\ud83d\udd54 Horario: 17:00 a 20:00 hrs\u2028\ud83d\udccd Lugar: Estudio OF \ud83d\udcb0 Valor:... ...<\/p>\r\n                                <\/div>\r\n                            <\/div>\r\n                            <div class=\"mec-event-footer\">\r\n                                <a class=\"mec-booking-button\" data-event-id=\"17488\" href=\"https:\/\/chilemosaico.cl\/eventos\/eventos\/inscripciones-a-laboratorio-de-sublimacion-textil\/\" target=\"_self\" rel=\"noopener\">Ver detalle<\/a>                                                                                            <\/div>\r\n                        <\/div>\r\n                    <\/article>\r\n\r\n                <\/div>\r\n            <\/div>\r\n                    <div data-sort-masonry=\"2026-04-29\" class=\"mec-masonry-item-wrap \">\r\n                <div class=\"mec-masonry\">\r\n\r\n                    <article class=\"mec-event-article mec-clear  \">\r\n                                                    <div class=\"mec-masonry-img\"><a data-event-id=\"17517\" href=\"https:\/\/chilemosaico.cl\/eventos\/eventos\/reto-construye-academia-2026\/\" target=\"_self\" rel=\"noopener\"><img loading=\"lazy\" decoding=\"async\" width=\"800\" height=\"1000\" src=\"https:\/\/chilemosaico.cl\/eventos\/wp-content\/uploads\/2026\/04\/Reto-Construye-Academia-2026.jpg\" class=\"attachment-full size-full wp-post-image\" alt=\"Reto Construye Academia 2026\" data-mec-postid=\"17517\" \/><\/a><\/div>\r\n                        \r\n                        \r\n                        <div class=\"mec-masonry-content mec-event-grid-modern\">\r\n                            <div class=\"event-grid-modern-head clearfix\">\r\n\r\n                                <div class=\"mec-masonry-col12\">\r\n                                                                            <div class=\"mec-event-date mec-color\">29<\/div>\r\n                                        <div class=\"mec-event-month\">abril<\/div>\r\n                                                                        <div class=\"mec-event-detail\">Evento de todo el d\u00eda<\/div>\r\n                                                                    <\/div>\r\n\r\n                                \r\n                            <\/div>\r\n                                                                                    <div class=\"mec-event-content\">\r\n                                                                <h4 class=\"mec-event-title\"><a class=\"mec-color-hover\" data-event-id=\"17517\" href=\"https:\/\/chilemosaico.cl\/eventos\/eventos\/reto-construye-academia-2026\/\" target=\"_self\" rel=\"noopener\">Reto Construye Academia 2026<\/a>  <span class=\"event-color\" style=\"background: #1e73be\"><\/span><\/h4>\r\n                                                                                                                                <div class=\"mec-event-description mec-events-content\">\r\n                                    <p>CChC Tarapac\u00e1 abre convocatoria al Reto Construye Academia 2026 para impulsar la innovaci\u00f3n en la construcci\u00f3n desde el talento joven La iniciativa invita a estudiantes de todo Chile a desarrollar soluciones reales para la industria, con la posibilidad de representar a la regi\u00f3n en la gran final nacional en EDIFICA, el principal encuentro de la... ...<\/p>\r\n                                <\/div>\r\n                            <\/div>\r\n                            <div class=\"mec-event-footer\">\r\n                                <a class=\"mec-booking-button\" data-event-id=\"17517\" href=\"https:\/\/chilemosaico.cl\/eventos\/eventos\/reto-construye-academia-2026\/\" target=\"_self\" rel=\"noopener\">Ver detalle<\/a>                                                                                            <\/div>\r\n                        <\/div>\r\n                    <\/article>\r\n\r\n                <\/div>\r\n            <\/div>\r\n                \t<\/div>\r\n<\/div>    <\/div>\r\n    <div class=\"mec-skin-masonry-no-events-container mec-util-hidden\" id=\"mec_skin_no_events_2309\">\r\n        \u00a1No hay eventos!    <\/div>\r\n    \r\n    <div class=\"mec-load-more-wrap\">\r\n                <div tabindex=\"0\" onkeydown=\"if(event.keyCode===13){jQuery(this).trigger('click');}\" class=\"mec-load-more-button \">Ver m\u00e1s<\/div>\r\n            <\/div><\/div>\r\n\n<\/div>\n<\/div>\n\n\n<div class=\"wp-block-image\">\n<figure class=\"aligncenter\"><img loading=\"lazy\" decoding=\"async\" width=\"1024\" height=\"684\" src=\"https:\/\/chilemosaico.cl\/eventos\/wp-content\/uploads\/2023\/02\/mascota-mosaico-1024x684.jpg\" alt=\"\" class=\"wp-image-677\" srcset=\"https:\/\/chilemosaico.cl\/eventos\/wp-content\/uploads\/2023\/02\/mascota-mosaico-1024x684.jpg 1024w, https:\/\/chilemosaico.cl\/eventos\/wp-content\/uploads\/2023\/02\/mascota-mosaico-300x200.jpg 300w, https:\/\/chilemosaico.cl\/eventos\/wp-content\/uploads\/2023\/02\/mascota-mosaico-768x513.jpg 768w, https:\/\/chilemosaico.cl\/eventos\/wp-content\/uploads\/2023\/02\/mascota-mosaico-391x260.jpg 391w, https:\/\/chilemosaico.cl\/eventos\/wp-content\/uploads\/2023\/02\/mascota-mosaico.jpg 1200w\" sizes=\"auto, (max-width: 1024px) 100vw, 1024px\" \/><\/figure>\n<\/div>\n\n\n<div class=\"mec-wrap mec-skin-masonry-container  colorskin-custom  \" id=\"mec_skin_2309\" data-filterby=\"\" data-sortascending=\"1\">\r\n    \r\n        <div class=\"mec-events-masonry-wrap\" id=\"mec_skin_events_2309\">\r\n        <div class=\"mec-wrap colorskin-custom\">\r\n    <div class=\"mec-event-masonry\">\r\n                    <div data-sort-masonry=\"2026-04-28\" class=\"mec-masonry-item-wrap \">\r\n                <div class=\"mec-masonry\">\r\n\r\n                    <article class=\"mec-event-article mec-clear  \">\r\n                                                    <div class=\"mec-masonry-img\"><a data-event-id=\"17488\" href=\"https:\/\/chilemosaico.cl\/eventos\/eventos\/inscripciones-a-laboratorio-de-sublimacion-textil\/\" target=\"_self\" rel=\"noopener\"><img loading=\"lazy\" decoding=\"async\" width=\"720\" height=\"900\" src=\"https:\/\/chilemosaico.cl\/eventos\/wp-content\/uploads\/2026\/04\/Inscripciones-a-Laboratorio-de-Sublimacion-Textil.jpg\" class=\"attachment-full size-full wp-post-image\" alt=\"Inscripciones a Laboratorio de Sublimaci\u00f3n Textil\" data-mec-postid=\"17488\" \/><\/a><\/div>\r\n                        \r\n                        \r\n                        <div class=\"mec-masonry-content mec-event-grid-modern\">\r\n                            <div class=\"event-grid-modern-head clearfix\">\r\n\r\n                                <div class=\"mec-masonry-col6\">\r\n                                                                            <div class=\"mec-event-date mec-color\">28<\/div>\r\n                                        <div class=\"mec-event-month\">abril<\/div>\r\n                                                                        <div class=\"mec-event-detail\">Evento de todo el d\u00eda<\/div>\r\n                                                                    <\/div>\r\n\r\n                                                                <div class=\"mec-masonry-col6\">\r\n                                    <div class=\"mec-event-location\">\r\n                                        <i class=\"mec-sl-location-pin\"><\/i>                                        <div class=\"mec-event-location-det\">\r\n                                            <h6 class=\"mec-location\">Edificio Econorte<\/h6>\r\n                                            <address class=\"mec-events-address\"><span class=\"mec-address\">Serrano 145, Iquique<\/span><\/address>\r\n                                        <\/div>\r\n                                    <\/div>\r\n                                <\/div>\r\n                                \r\n                            <\/div>\r\n                                                                                    <div class=\"mec-event-content\">\r\n                                                                <h4 class=\"mec-event-title\"><a class=\"mec-color-hover\" data-event-id=\"17488\" href=\"https:\/\/chilemosaico.cl\/eventos\/eventos\/inscripciones-a-laboratorio-de-sublimacion-textil\/\" target=\"_self\" rel=\"noopener\">Inscripciones a Laboratorio de Sublimaci\u00f3n Textil<\/a>  <span class=\"event-color\" style=\"background: #ad78e2\"><\/span><\/h4>\r\n                                                                                                                                <div class=\"mec-event-description mec-events-content\">\r\n                                    <p>\u2728 \ud835\udddf\ud835\uddee\ud835\uddef\ud835\uddfc\ud835\uddff\ud835\uddee\ud835\ude01\ud835\uddfc\ud835\uddff\ud835\uddf6\ud835\uddfc \ud835\uddf1\ud835\uddf2 \ud835\udde6\ud835\ude02\ud835\uddef\ud835\uddf9\ud835\uddf6\ud835\uddfa\ud835\uddee\ud835\uddf0\ud835\uddf6\u00f3\ud835\uddfb \ud835\udde7\ud835\uddf2\ud835\ude05\ud835\ude01\ud835\uddf6\ud835\uddf9 \u2728 Te invitamos a ser parte de este espacio creativo junto a \ud835\uddde\ud835\uddee\ud835\uddff\ud835\uddf2\ud835\uddfb \ud835\udde0\ud835\ude02\ud835\uddfb\ud835\uddf1\ud835\uddee\ud835\uddf0\ud835\uddee, donde exploraremos t\u00e9cnicas de sublimaci\u00f3n textil para intervenir telas y dar vida a tus propias creaciones. \ud83d\udcc5 Fechas: lunes 4, 11, 18 y 25 de mayo\u2028\ud83d\udd54 Horario: 17:00 a 20:00 hrs\u2028\ud83d\udccd Lugar: Estudio OF \ud83d\udcb0 Valor:... ...<\/p>\r\n                                <\/div>\r\n                            <\/div>\r\n                            <div class=\"mec-event-footer\">\r\n                                <a class=\"mec-booking-button\" data-event-id=\"17488\" href=\"https:\/\/chilemosaico.cl\/eventos\/eventos\/inscripciones-a-laboratorio-de-sublimacion-textil\/\" target=\"_self\" rel=\"noopener\">Ver detalle<\/a>                                                                                            <\/div>\r\n                        <\/div>\r\n                    <\/article>\r\n\r\n                <\/div>\r\n            <\/div>\r\n                    <div data-sort-masonry=\"2026-04-28\" class=\"mec-masonry-item-wrap \">\r\n                <div class=\"mec-masonry\">\r\n\r\n                    <article class=\"mec-event-article mec-clear  \">\r\n                                                    <div class=\"mec-masonry-img\"><a data-event-id=\"17517\" href=\"https:\/\/chilemosaico.cl\/eventos\/eventos\/reto-construye-academia-2026\/\" target=\"_self\" rel=\"noopener\"><img loading=\"lazy\" decoding=\"async\" width=\"800\" height=\"1000\" src=\"https:\/\/chilemosaico.cl\/eventos\/wp-content\/uploads\/2026\/04\/Reto-Construye-Academia-2026.jpg\" class=\"attachment-full size-full wp-post-image\" alt=\"Reto Construye Academia 2026\" data-mec-postid=\"17517\" \/><\/a><\/div>\r\n                        \r\n                        \r\n                        <div class=\"mec-masonry-content mec-event-grid-modern\">\r\n                            <div class=\"event-grid-modern-head clearfix\">\r\n\r\n                                <div class=\"mec-masonry-col12\">\r\n                                                                            <div class=\"mec-event-date mec-color\">28<\/div>\r\n                                        <div class=\"mec-event-month\">abril<\/div>\r\n                                                                        <div class=\"mec-event-detail\">Evento de todo el d\u00eda<\/div>\r\n                                                                    <\/div>\r\n\r\n                                \r\n                            <\/div>\r\n                                                                                    <div class=\"mec-event-content\">\r\n                                                                <h4 class=\"mec-event-title\"><a class=\"mec-color-hover\" data-event-id=\"17517\" href=\"https:\/\/chilemosaico.cl\/eventos\/eventos\/reto-construye-academia-2026\/\" target=\"_self\" rel=\"noopener\">Reto Construye Academia 2026<\/a>  <span class=\"event-color\" style=\"background: #1e73be\"><\/span><\/h4>\r\n                                                                                                                                <div class=\"mec-event-description mec-events-content\">\r\n                                    <p>CChC Tarapac\u00e1 abre convocatoria al Reto Construye Academia 2026 para impulsar la innovaci\u00f3n en la construcci\u00f3n desde el talento joven La iniciativa invita a estudiantes de todo Chile a desarrollar soluciones reales para la industria, con la posibilidad de representar a la regi\u00f3n en la gran final nacional en EDIFICA, el principal encuentro de la... ...<\/p>\r\n                                <\/div>\r\n                            <\/div>\r\n                            <div class=\"mec-event-footer\">\r\n                                <a class=\"mec-booking-button\" data-event-id=\"17517\" href=\"https:\/\/chilemosaico.cl\/eventos\/eventos\/reto-construye-academia-2026\/\" target=\"_self\" rel=\"noopener\">Ver detalle<\/a>                                                                                            <\/div>\r\n                        <\/div>\r\n                    <\/article>\r\n\r\n                <\/div>\r\n            <\/div>\r\n                    <div data-sort-masonry=\"2026-04-28\" class=\"mec-masonry-item-wrap \">\r\n                <div class=\"mec-masonry\">\r\n\r\n                    <article class=\"mec-event-article mec-clear  \">\r\n                                                    <div class=\"mec-masonry-img\"><a data-event-id=\"17468\" href=\"https:\/\/chilemosaico.cl\/eventos\/eventos\/lanzamiento-de-la-novela-juvenil-relampago\/\" target=\"_self\" rel=\"noopener\"><img loading=\"lazy\" decoding=\"async\" width=\"384\" height=\"506\" src=\"https:\/\/chilemosaico.cl\/eventos\/wp-content\/uploads\/2026\/04\/Lanzamiento-de-la-novela-juvenil-Relampago.jpg\" class=\"attachment-full size-full wp-post-image\" alt=\"Lanzamiento de la novela juvenil Rel\u00e1mpago\" data-mec-postid=\"17468\" \/><\/a><\/div>\r\n                        \r\n                        \r\n                        <div class=\"mec-masonry-content mec-event-grid-modern\">\r\n                            <div class=\"event-grid-modern-head clearfix\">\r\n\r\n                                <div class=\"mec-masonry-col6\">\r\n                                                                            <div class=\"mec-event-date mec-color\">28<\/div>\r\n                                        <div class=\"mec-event-month\">abril<\/div>\r\n                                                                        <div class=\"mec-event-detail\">18:30 - 21:00<\/div>\r\n                                                                    <\/div>\r\n\r\n                                                                <div class=\"mec-masonry-col6\">\r\n                                    <div class=\"mec-event-location\">\r\n                                        <i class=\"mec-sl-location-pin\"><\/i>                                        <div class=\"mec-event-location-det\">\r\n                                            <h6 class=\"mec-location\">Casa Municipal de la Cultura de Iquique<\/h6>\r\n                                            <address class=\"mec-events-address\"><span class=\"mec-address\">Baquedano 789, Iquique<\/span><\/address>\r\n                                        <\/div>\r\n                                    <\/div>\r\n                                <\/div>\r\n                                \r\n                            <\/div>\r\n                                                                                    <div class=\"mec-event-content\">\r\n                                                                <h4 class=\"mec-event-title\"><a class=\"mec-color-hover\" data-event-id=\"17468\" href=\"https:\/\/chilemosaico.cl\/eventos\/eventos\/lanzamiento-de-la-novela-juvenil-relampago\/\" target=\"_self\" rel=\"noopener\">Lanzamiento de la novela juvenil Rel\u00e1mpago<\/a>  <\/h4>\r\n                                                                                                                                <div class=\"mec-event-description mec-events-content\">\r\n                                    <p>Bienvenido al esperado lanzamiento de la novela juvenil Rel\u00e1mpago, obra del escritor V\u00edctor Munzar, quien ha residido por m\u00e1s de cuarenta a\u00f1os en Suecia. Esta velada celebra no solo la publicaci\u00f3n de una nueva obra literaria, sino tambi\u00e9n el puente cultural que une a Chile y Suecia a trav\u00e9s de la literatura. Rese\u00f1a: V\u00edctor Munzar,... ...<\/p>\r\n                                <\/div>\r\n                            <\/div>\r\n                            <div class=\"mec-event-footer\">\r\n                                <a class=\"mec-booking-button\" data-event-id=\"17468\" href=\"https:\/\/chilemosaico.cl\/eventos\/eventos\/lanzamiento-de-la-novela-juvenil-relampago\/\" target=\"_self\" rel=\"noopener\">Ver detalle<\/a>                                                                                            <\/div>\r\n                        <\/div>\r\n                    <\/article>\r\n\r\n                <\/div>\r\n            <\/div>\r\n                            <div data-sort-masonry=\"2026-04-29\" class=\"mec-masonry-item-wrap \">\r\n                <div class=\"mec-masonry\">\r\n\r\n                    <article class=\"mec-event-article mec-clear  \">\r\n                                                    <div class=\"mec-masonry-img\"><a data-event-id=\"17428\" href=\"https:\/\/chilemosaico.cl\/eventos\/eventos\/letras-y-voces\/\" target=\"_self\" rel=\"noopener\"><img loading=\"lazy\" decoding=\"async\" width=\"900\" height=\"900\" src=\"https:\/\/chilemosaico.cl\/eventos\/wp-content\/uploads\/2026\/04\/LETRAS-Y-VOCES-2026.jpg\" class=\"attachment-full size-full wp-post-image\" alt=\"LETRAS Y VOCES 2026\" data-mec-postid=\"17428\" \/><\/a><\/div>\r\n                        \r\n                        \r\n                        <div class=\"mec-masonry-content mec-event-grid-modern\">\r\n                            <div class=\"event-grid-modern-head clearfix\">\r\n\r\n                                <div class=\"mec-masonry-col6\">\r\n                                                                            <div class=\"mec-event-date mec-color\">29<\/div>\r\n                                        <div class=\"mec-event-month\">abril<\/div>\r\n                                                                        <div class=\"mec-event-detail\">08:00 - 18:00<\/div>\r\n                                                                    <\/div>\r\n\r\n                                                                <div class=\"mec-masonry-col6\">\r\n                                    <div class=\"mec-event-location\">\r\n                                        <i class=\"mec-sl-location-pin\"><\/i>                                        <div class=\"mec-event-location-det\">\r\n                                            <h6 class=\"mec-location\">Casa Municipal de la Cultura de Iquique<\/h6>\r\n                                            <address class=\"mec-events-address\"><span class=\"mec-address\">Baquedano 789, Iquique<\/span><\/address>\r\n                                        <\/div>\r\n                                    <\/div>\r\n                                <\/div>\r\n                                \r\n                            <\/div>\r\n                                                                                    <div class=\"mec-event-content\">\r\n                                                                <h4 class=\"mec-event-title\"><a class=\"mec-color-hover\" data-event-id=\"17428\" href=\"https:\/\/chilemosaico.cl\/eventos\/eventos\/letras-y-voces\/\" target=\"_self\" rel=\"noopener\">Letras y Voces &#8211; Mes del Libro<\/a>  <span class=\"event-color\" style=\"background: #3426ff\"><\/span><\/h4>\r\n                                                                                                                                <div class=\"mec-event-description mec-events-content\">\r\n                                    <p>ACERCAR LAS LETRAS A LA JUVENTUD MARCAR\u00c1 LA CONMEMORACI\u00d3N DEL MES DEL LIBRO La Seremi de las Culturas, las Artes y el Patrimonio organiz\u00f3 diversas actividades pensadas para promover el fomento lector en la regi\u00f3n.\u00a0 Vincularse con el libro desde la infancia y que la lectura sea una compa\u00f1era a lo largo de todas las... ...<\/p>\r\n                                <\/div>\r\n                            <\/div>\r\n                            <div class=\"mec-event-footer\">\r\n                                <a class=\"mec-booking-button\" data-event-id=\"17428\" href=\"https:\/\/chilemosaico.cl\/eventos\/eventos\/letras-y-voces\/\" target=\"_self\" rel=\"noopener\">Ver detalle<\/a>                                                                                            <\/div>\r\n                        <\/div>\r\n                    <\/article>\r\n\r\n                <\/div>\r\n            <\/div>\r\n                    <div data-sort-masonry=\"2026-04-29\" class=\"mec-masonry-item-wrap \">\r\n                <div class=\"mec-masonry\">\r\n\r\n                    <article class=\"mec-event-article mec-clear  \">\r\n                                                    <div class=\"mec-masonry-img\"><a data-event-id=\"17488\" href=\"https:\/\/chilemosaico.cl\/eventos\/eventos\/inscripciones-a-laboratorio-de-sublimacion-textil\/\" target=\"_self\" rel=\"noopener\"><img loading=\"lazy\" decoding=\"async\" width=\"720\" height=\"900\" src=\"https:\/\/chilemosaico.cl\/eventos\/wp-content\/uploads\/2026\/04\/Inscripciones-a-Laboratorio-de-Sublimacion-Textil.jpg\" class=\"attachment-full size-full wp-post-image\" alt=\"Inscripciones a Laboratorio de Sublimaci\u00f3n Textil\" data-mec-postid=\"17488\" \/><\/a><\/div>\r\n                        \r\n                        \r\n                        <div class=\"mec-masonry-content mec-event-grid-modern\">\r\n                            <div class=\"event-grid-modern-head clearfix\">\r\n\r\n                                <div class=\"mec-masonry-col6\">\r\n                                                                            <div class=\"mec-event-date mec-color\">29<\/div>\r\n                                        <div class=\"mec-event-month\">abril<\/div>\r\n                                                                        <div class=\"mec-event-detail\">Evento de todo el d\u00eda<\/div>\r\n                                                                    <\/div>\r\n\r\n                                                                <div class=\"mec-masonry-col6\">\r\n                                    <div class=\"mec-event-location\">\r\n                                        <i class=\"mec-sl-location-pin\"><\/i>                                        <div class=\"mec-event-location-det\">\r\n                                            <h6 class=\"mec-location\">Edificio Econorte<\/h6>\r\n                                            <address class=\"mec-events-address\"><span class=\"mec-address\">Serrano 145, Iquique<\/span><\/address>\r\n                                        <\/div>\r\n                                    <\/div>\r\n                                <\/div>\r\n                                \r\n                            <\/div>\r\n                                                                                    <div class=\"mec-event-content\">\r\n                                                                <h4 class=\"mec-event-title\"><a class=\"mec-color-hover\" data-event-id=\"17488\" href=\"https:\/\/chilemosaico.cl\/eventos\/eventos\/inscripciones-a-laboratorio-de-sublimacion-textil\/\" target=\"_self\" rel=\"noopener\">Inscripciones a Laboratorio de Sublimaci\u00f3n Textil<\/a>  <span class=\"event-color\" style=\"background: #ad78e2\"><\/span><\/h4>\r\n                                                                                                                                <div class=\"mec-event-description mec-events-content\">\r\n                                    <p>\u2728 \ud835\udddf\ud835\uddee\ud835\uddef\ud835\uddfc\ud835\uddff\ud835\uddee\ud835\ude01\ud835\uddfc\ud835\uddff\ud835\uddf6\ud835\uddfc \ud835\uddf1\ud835\uddf2 \ud835\udde6\ud835\ude02\ud835\uddef\ud835\uddf9\ud835\uddf6\ud835\uddfa\ud835\uddee\ud835\uddf0\ud835\uddf6\u00f3\ud835\uddfb \ud835\udde7\ud835\uddf2\ud835\ude05\ud835\ude01\ud835\uddf6\ud835\uddf9 \u2728 Te invitamos a ser parte de este espacio creativo junto a \ud835\uddde\ud835\uddee\ud835\uddff\ud835\uddf2\ud835\uddfb \ud835\udde0\ud835\ude02\ud835\uddfb\ud835\uddf1\ud835\uddee\ud835\uddf0\ud835\uddee, donde exploraremos t\u00e9cnicas de sublimaci\u00f3n textil para intervenir telas y dar vida a tus propias creaciones. \ud83d\udcc5 Fechas: lunes 4, 11, 18 y 25 de mayo\u2028\ud83d\udd54 Horario: 17:00 a 20:00 hrs\u2028\ud83d\udccd Lugar: Estudio OF \ud83d\udcb0 Valor:... ...<\/p>\r\n                                <\/div>\r\n                            <\/div>\r\n                            <div class=\"mec-event-footer\">\r\n                                <a class=\"mec-booking-button\" data-event-id=\"17488\" href=\"https:\/\/chilemosaico.cl\/eventos\/eventos\/inscripciones-a-laboratorio-de-sublimacion-textil\/\" target=\"_self\" rel=\"noopener\">Ver detalle<\/a>                                                                                            <\/div>\r\n                        <\/div>\r\n                    <\/article>\r\n\r\n                <\/div>\r\n            <\/div>\r\n                    <div data-sort-masonry=\"2026-04-29\" class=\"mec-masonry-item-wrap \">\r\n                <div class=\"mec-masonry\">\r\n\r\n                    <article class=\"mec-event-article mec-clear  \">\r\n                                                    <div class=\"mec-masonry-img\"><a data-event-id=\"17517\" href=\"https:\/\/chilemosaico.cl\/eventos\/eventos\/reto-construye-academia-2026\/\" target=\"_self\" rel=\"noopener\"><img loading=\"lazy\" decoding=\"async\" width=\"800\" height=\"1000\" src=\"https:\/\/chilemosaico.cl\/eventos\/wp-content\/uploads\/2026\/04\/Reto-Construye-Academia-2026.jpg\" class=\"attachment-full size-full wp-post-image\" alt=\"Reto Construye Academia 2026\" data-mec-postid=\"17517\" \/><\/a><\/div>\r\n                        \r\n                        \r\n                        <div class=\"mec-masonry-content mec-event-grid-modern\">\r\n                            <div class=\"event-grid-modern-head clearfix\">\r\n\r\n                                <div class=\"mec-masonry-col12\">\r\n                                                                            <div class=\"mec-event-date mec-color\">29<\/div>\r\n                                        <div class=\"mec-event-month\">abril<\/div>\r\n                                                                        <div class=\"mec-event-detail\">Evento de todo el d\u00eda<\/div>\r\n                                                                    <\/div>\r\n\r\n                                \r\n                            <\/div>\r\n                                                                                    <div class=\"mec-event-content\">\r\n                                                                <h4 class=\"mec-event-title\"><a class=\"mec-color-hover\" data-event-id=\"17517\" href=\"https:\/\/chilemosaico.cl\/eventos\/eventos\/reto-construye-academia-2026\/\" target=\"_self\" rel=\"noopener\">Reto Construye Academia 2026<\/a>  <span class=\"event-color\" style=\"background: #1e73be\"><\/span><\/h4>\r\n                                                                                                                                <div class=\"mec-event-description mec-events-content\">\r\n                                    <p>CChC Tarapac\u00e1 abre convocatoria al Reto Construye Academia 2026 para impulsar la innovaci\u00f3n en la construcci\u00f3n desde el talento joven La iniciativa invita a estudiantes de todo Chile a desarrollar soluciones reales para la industria, con la posibilidad de representar a la regi\u00f3n en la gran final nacional en EDIFICA, el principal encuentro de la... ...<\/p>\r\n                                <\/div>\r\n                            <\/div>\r\n                            <div class=\"mec-event-footer\">\r\n                                <a class=\"mec-booking-button\" data-event-id=\"17517\" href=\"https:\/\/chilemosaico.cl\/eventos\/eventos\/reto-construye-academia-2026\/\" target=\"_self\" rel=\"noopener\">Ver detalle<\/a>                                                                                            <\/div>\r\n                        <\/div>\r\n                    <\/article>\r\n\r\n                <\/div>\r\n            <\/div>\r\n                \t<\/div>\r\n<\/div>    <\/div>\r\n    <div class=\"mec-skin-masonry-no-events-container mec-util-hidden\" id=\"mec_skin_no_events_2309\">\r\n        \u00a1No hay eventos!    <\/div>\r\n    \r\n    <div class=\"mec-load-more-wrap\">\r\n                <div tabindex=\"0\" onkeydown=\"if(event.keyCode===13){jQuery(this).trigger('click');}\" class=\"mec-load-more-button \">Ver m\u00e1s<\/div>\r\n            <\/div><\/div>\r\n\n","protected":false},"excerpt":{"rendered":"","protected":false},"author":1,"featured_media":0,"parent":0,"menu_order":10,"comment_status":"closed","ping_status":"closed","template":"","meta":{"om_disable_all_campaigns":false,"_monsterinsights_skip_tracking":false,"_monsterinsights_sitenote_active":false,"_monsterinsights_sitenote_note":"","_monsterinsights_sitenote_category":0,"_kad_post_transparent":"","_kad_post_title":"","_kad_post_layout":"","_kad_post_sidebar_id":"","_kad_post_content_style":"","_kad_post_vertical_padding":"","_kad_post_feature":"","_kad_post_feature_position":"","_kad_post_header":false,"_kad_post_footer":false,"_kad_post_classname":"","footnotes":""},"class_list":["post-2311","page","type-page","status-publish","hentry"],"aioseo_notices":[],"_links":{"self":[{"href":"https:\/\/chilemosaico.cl\/eventos\/wp-json\/wp\/v2\/pages\/2311","targetHints":{"allow":["GET"]}}],"collection":[{"href":"https:\/\/chilemosaico.cl\/eventos\/wp-json\/wp\/v2\/pages"}],"about":[{"href":"https:\/\/chilemosaico.cl\/eventos\/wp-json\/wp\/v2\/types\/page"}],"author":[{"embeddable":true,"href":"https:\/\/chilemosaico.cl\/eventos\/wp-json\/wp\/v2\/users\/1"}],"replies":[{"embeddable":true,"href":"https:\/\/chilemosaico.cl\/eventos\/wp-json\/wp\/v2\/comments?post=2311"}],"version-history":[{"count":0,"href":"https:\/\/chilemosaico.cl\/eventos\/wp-json\/wp\/v2\/pages\/2311\/revisions"}],"wp:attachment":[{"href":"https:\/\/chilemosaico.cl\/eventos\/wp-json\/wp\/v2\/media?parent=2311"}],"curies":[{"name":"wp","href":"https:\/\/api.w.org\/{rel}","templated":true}]}}