{"id":665,"date":"2023-02-15T23:49:46","date_gmt":"2023-02-16T02:49:46","guid":{"rendered":"https:\/\/chilemosaico.cl\/eventos\/?page_id=665"},"modified":"2026-02-07T20:28:46","modified_gmt":"2026-02-07T23:28:46","slug":"sobre-eventos-chilemosaico","status":"publish","type":"page","link":"https:\/\/chilemosaico.cl\/eventos\/sobre-eventos-chilemosaico\/","title":{"rendered":"Sobre Chilemosaico"},"content":{"rendered":"<div class=\"wp-block-image\">\n<figure class=\"aligncenter size-full is-resized\"><img loading=\"lazy\" decoding=\"async\" width=\"512\" height=\"512\" src=\"https:\/\/chilemosaico.cl\/eventos\/wp-content\/uploads\/2023\/11\/cropped-Chilemosaico.png\" alt=\"Chilemosaico - Eventos en Arica-Parinacota e Iquique, Tarapac\u00e1\" class=\"wp-image-13542\" style=\"width:240px\" srcset=\"https:\/\/chilemosaico.cl\/eventos\/wp-content\/uploads\/2023\/11\/cropped-Chilemosaico.png 512w, https:\/\/chilemosaico.cl\/eventos\/wp-content\/uploads\/2023\/11\/cropped-Chilemosaico-300x300.png 300w, https:\/\/chilemosaico.cl\/eventos\/wp-content\/uploads\/2023\/11\/cropped-Chilemosaico-150x150.png 150w, https:\/\/chilemosaico.cl\/eventos\/wp-content\/uploads\/2023\/11\/cropped-Chilemosaico-500x500.png 500w, https:\/\/chilemosaico.cl\/eventos\/wp-content\/uploads\/2023\/11\/cropped-Chilemosaico-270x270.png 270w, https:\/\/chilemosaico.cl\/eventos\/wp-content\/uploads\/2023\/11\/cropped-Chilemosaico-192x192.png 192w, https:\/\/chilemosaico.cl\/eventos\/wp-content\/uploads\/2023\/11\/cropped-Chilemosaico-180x180.png 180w, https:\/\/chilemosaico.cl\/eventos\/wp-content\/uploads\/2023\/11\/cropped-Chilemosaico-32x32.png 32w\" sizes=\"auto, (max-width: 512px) 100vw, 512px\" \/><\/figure>\n<\/div>\n\n\n<div class=\"wp-block-columns is-layout-flex wp-container-core-columns-is-layout-9d6595d7 wp-block-columns-is-layout-flex\">\n<div class=\"wp-block-column is-layout-flow wp-block-column-is-layout-flow\" style=\"flex-basis:20%\">\n<p><\/p>\n<\/div>\n\n\n\n<div class=\"wp-block-column is-layout-flow wp-block-column-is-layout-flow\" style=\"flex-basis:60%\">\n<h2 class=\"wp-block-heading\"><strong>\u00bfQu\u00e9 es Chilemosaico?<\/strong><\/h2>\n\n\n\n<p class=\"has-medium-font-size\">Somos una <strong>plataforma independiente y autogestionada<\/strong> que re\u00fane, visibiliza y promueve la diversidad art\u00edstica y cultural en el extremo norte de Chile.<\/p>\n\n\n\n<p class=\"has-medium-font-size\">Desde 2011, nuestro <strong>calendario de eventos<\/strong> impulsa la difusi\u00f3n de actividades de artistas locales, gestores culturales, centros culturales y organizaciones de la regi\u00f3n de <strong>Tarapac\u00e1<\/strong>. Adem\u00e1s, ofrecemos una sala de ensayo como <strong>punto de encuentro activo<\/strong> para m\u00fasicos y creativos locales.<\/p>\n<\/div>\n\n\n\n<div class=\"wp-block-column is-layout-flow wp-block-column-is-layout-flow\" style=\"flex-basis:20%\">\n<p class=\"has-medium-font-size\"><\/p>\n<\/div>\n<\/div>\n\n\n\n<div style=\"height:30px\" aria-hidden=\"true\" class=\"wp-block-spacer\"><\/div>\n\n\n\n<p class=\"has-text-align-center\" style=\"font-size:150px\">\ud83c\udf1f<\/p>\n\n\n<style>.kb-lottie-container665_cb4faf-1c dotlottie-player{max-width:266px;}<\/style><div class=\"kb-lottie-container kb-lottie-container665_cb4faf-1c\"><dotlottie-player loop=\"true\" speed=\"1\" autoplay=\"true\" mode=\"normal\" src=\"https:\/\/assets5.lottiefiles.com\/packages\/lf20_sz1JuRzT9G.json\"\n\t\t\t\t\t\t\tid=\"kb-lottie-player665_cb4faf-1c\"\n\t\t\t\t\t\t><\/dotlottie-player><\/div>\n\n\n<div class=\"wp-block-columns is-layout-flex wp-container-core-columns-is-layout-9d6595d7 wp-block-columns-is-layout-flex\">\n<div class=\"wp-block-column is-layout-flow wp-block-column-is-layout-flow\">\n<h3 class=\"wp-block-heading\">\ud83c\udfaf <strong>Misi\u00f3n<\/strong><\/h3>\n\n\n\n<p class=\"has-medium-font-size\">Generar sonrisas mediante la comunicaci\u00f3n anticipada de eventos e iniciativas culturales de Tarapac\u00e1. Acercamos la creaci\u00f3n art\u00edstica local, compartiendo un calendario de eventos en l\u00ednea, creamos libros de afiches con identidad territorial y una sala de ensayo.<\/p>\n<\/div>\n\n\n\n<div class=\"wp-block-column is-layout-flow wp-block-column-is-layout-flow\">\n<h3 class=\"wp-block-heading\">\ud83d\udc41\ufe0f <strong>Visi\u00f3n<\/strong><\/h3>\n\n\n\n<p class=\"has-medium-font-size\">Ser reconocidos como un colaborador cultural de la escena regional mediante la difusi\u00f3n de eventos, tejiendo redes entre comunidad y gestores culturales, y preservando la memoria visual y sonora regional a trav\u00e9s de proyectos con identidad.<\/p>\n<\/div>\n<\/div>\n\n\n\n<p><\/p>\n\n\n<style>.kb-lottie-container665_02b14d-18 dotlottie-player{max-width:260px;}<\/style><div class=\"kb-lottie-container kb-lottie-container665_02b14d-18 aligncenter\"><dotlottie-player loop=\"true\" speed=\"1\" autoplay=\"true\" mode=\"normal\" src=\"https:\/\/assets3.lottiefiles.com\/packages\/lf20_76bgEWRlB9.json\"\n\t\t\t\t\t\t\tid=\"kb-lottie-player665_02b14d-18\"\n\t\t\t\t\t\t><\/dotlottie-player><\/div>\n\n\n<div class=\"wp-block-columns is-layout-flex wp-container-core-columns-is-layout-9d6595d7 wp-block-columns-is-layout-flex\">\n<div class=\"wp-block-column is-layout-flow wp-block-column-is-layout-flow\">\n<h3 class=\"wp-block-heading\">\ud83d\udcc6 <strong><strong>Objetivos Chilemosaico<\/strong><\/strong><\/h3>\n\n\n\n<p class=\"has-medium-font-size\"><strong>Calendario Abierto: <\/strong>Plataforma gratuita para publicar y descubrir eventos locales.<br><strong>Vitrina Local: <\/strong>Difusi\u00f3n para artistas, gestores e instituciones de Tarapac\u00e1.<br><strong>Memoria Gr\u00e1fica:<\/strong> Almanaques que archivan afiches y gr\u00e1fica regional.<br><strong>Repositorio Vivo:<\/strong> Documentaci\u00f3n de la escena regional.<\/p>\n<\/div>\n\n\n\n<div class=\"wp-block-column is-layout-flow wp-block-column-is-layout-flow\">\n<h3 class=\"wp-block-heading\">\ud83c\udfb8 <strong><strong>Servicios y proyectos<\/strong><\/strong><\/h3>\n\n\n\n<p class=\"has-medium-font-size\"><strong>Archivo y Memoria<\/strong>: Recopilaci\u00f3n de memoria gr\u00e1fica regional y documentaci\u00f3n de Paisajes Sonoros.<br><strong>Creaci\u00f3n e Innovaci\u00f3n<\/strong>: Exhibiciones e iniciativas experimentales, sala de ensayo.<br><strong>Difusi\u00f3n y Educaci\u00f3n<\/strong>: Charlas, talleres y sesiones de Arte Sonoro y Nuevos Medios.<br><a href=\"https:\/\/chilemosaico.cl\/eventos\/proyectos\/\" title=\"\">M\u00e1s detalles aqu\u00ed<\/a><\/p>\n<\/div>\n<\/div>\n\n\n\n<p><\/p>\n\n\n\n<div style=\"height:30px\" aria-hidden=\"true\" class=\"wp-block-spacer\"><\/div>\n\n\n\n<p class=\"has-text-align-center\" style=\"font-size:150px\">\ud83d\udcc6<\/p>\n\n\n\n<p class=\"has-text-align-center has-medium-font-size\" id=\"publicar\"><strong><strong>\u00bfC\u00f3mo publicar tu evento en Chilemosaico?<\/strong><\/strong><\/p>\n\n\n\n<div class=\"wp-block-columns is-layout-flex wp-container-core-columns-is-layout-9d6595d7 wp-block-columns-is-layout-flex\">\n<div class=\"wp-block-column is-layout-flow wp-block-column-is-layout-flow\">\n<p data-wp-context---core-fit-text=\"core\/fit-text::{&quot;fontSize&quot;:&quot;&quot;}\" data-wp-init---core-fit-text=\"core\/fit-text::callbacks.init\" data-wp-interactive data-wp-style--font-size=\"core\/fit-text::context.fontSize\" class=\"has-fit-text\" style=\"padding-top:0;padding-right:var(--wp--preset--spacing--80);padding-bottom:0;padding-left:var(--wp--preset--spacing--80)\">\u270f\ufe0f\u2139\ufe0f<\/p>\n\n\n\n<details class=\"wp-block-details has-medium-font-size is-layout-flow wp-block-details-is-layout-flow\"><summary>1. Informaci\u00f3n necesaria:\u2705<\/summary>\n<p>Env\u00eda un correo a <strong>infochilemosaico@gmail.com<\/strong> con los siguientes datos:<\/p>\n\n\n\n<ul class=\"wp-block-list\">\n<li><strong>Enlace<\/strong> a redes sociales o sitio web (opcional)<\/li>\n\n\n\n<li><strong>T\u00edtulo del evento<\/strong><\/li>\n\n\n\n<li><strong>Fecha, hora y lugar<\/strong><\/li>\n\n\n\n<li><strong>Breve descripci\u00f3n<\/strong> de la actividad<\/li>\n\n\n\n<li><strong>Afiche<\/strong> en formato digital (JPG o PNG)<\/li>\n\n\n\n<li><strong>Organizadores\/responsable<\/strong> del evento<\/li>\n\n\n\n<li><strong>Realizador\/es del afiche<\/strong>.<\/li>\n<\/ul>\n<\/details>\n\n\n\n<details class=\"wp-block-details has-medium-font-size is-layout-flow wp-block-details-is-layout-flow\"><summary>Formato sugerido para correo<\/summary>\n<pre class=\"wp-block-preformatted\">Asunto: Evento para Chilemosaico - [Nombre del Evento]<br><br>Cuerpo del mensaje:<br>\u2022 Titulo: [Nombre del evento]<br>\u2022 Fecha: [D\u00eda, mes, a\u00f1o]<br>\u2022 Hora: [Hora de inicio - t\u00e9rmino]<br>\u2022 Lugar: [Direcci\u00f3n exacta, comuna]<br>\u2022 Descripci\u00f3n: [Texto sobre la actividad]<br>\u2022 Afiche: [Adjunto en formato JPG]<br>\u2022 Organizador: [Nombre de organizaci\u00f3n\/colectivo]<br>\u2022 Enlaces: [Redes sociales o sitio web]<br>\u2022 Contacto: [Tel\u00e9fono o correo p\u00fablico] (opcional)<br><br>Juntos construimos la memoria cultural de Tarapac\u00e1.<\/pre>\n<\/details>\n<\/div>\n\n\n\n<div class=\"wp-block-column is-layout-flow wp-block-column-is-layout-flow\">\n<p data-wp-context---core-fit-text=\"core\/fit-text::{&quot;fontSize&quot;:&quot;&quot;}\" data-wp-init---core-fit-text=\"core\/fit-text::callbacks.init\" data-wp-interactive data-wp-style--font-size=\"core\/fit-text::context.fontSize\" class=\"has-fit-text\" style=\"padding-top:0;padding-right:var(--wp--preset--spacing--80);padding-bottom:0;padding-left:var(--wp--preset--spacing--80)\">\ud83d\ude80\ud83d\udef8<\/p>\n\n\n\n<details class=\"wp-block-details has-medium-font-size is-layout-flow wp-block-details-is-layout-flow\"><summary>2. Proceso de publicaci\u00f3n: \u2705<\/summary>\n<ul class=\"wp-block-list\">\n<li>Recibimos tu informaci\u00f3n y la validamos<\/li>\n\n\n\n<li>Publicamos en el <strong>calendario online<\/strong> de <a href=\"https:\/\/Chilemosaico.cl\" target=\"_blank\" rel=\"noreferrer noopener\">Chilemosaico.cl<\/a><\/li>\n\n\n\n<li>Tu evento queda archivado en nuestra base de datos regional.<\/li>\n<\/ul>\n<\/details>\n\n\n\n<details class=\"wp-block-details has-medium-font-size is-layout-flow wp-block-details-is-layout-flow\"><summary>Plazos:<\/summary>\n<ul class=\"wp-block-list\">\n<li><strong>Publicaci\u00f3n regular:<\/strong> 24-48 horas despu\u00e9s de recibida la informaci\u00f3n<\/li>\n\n\n\n<li>Envio de correo informando de la publicaci\u00f3n.<\/li>\n<\/ul>\n<\/details>\n<\/div>\n\n\n\n<div class=\"wp-block-column is-layout-flow wp-block-column-is-layout-flow\">\n<p data-wp-context---core-fit-text=\"core\/fit-text::{&quot;fontSize&quot;:&quot;&quot;}\" data-wp-init---core-fit-text=\"core\/fit-text::callbacks.init\" data-wp-interactive data-wp-style--font-size=\"core\/fit-text::context.fontSize\" class=\"has-fit-text\" style=\"padding-right:var(--wp--preset--spacing--80);padding-left:var(--wp--preset--spacing--80)\">\ud83d\udce3\u2728<\/p>\n\n\n\n<details class=\"wp-block-details has-medium-font-size is-layout-flow wp-block-details-is-layout-flow\"><summary>3. \u00bfQu\u00e9 eventos publicamos? \u2705<\/summary>\n<ul class=\"wp-block-list\">\n<li>Actividades culturales, art\u00edsticas y sociales de Tarapac\u00e1<\/li>\n\n\n\n<li>Talleres, conciertos, exposiciones, ferias, encuentros<\/li>\n\n\n\n<li>Eventos comunitarios, tradicionales, educativos<\/li>\n\n\n\n<li>Iniciativas en beneficio a terceros.<\/li>\n<\/ul>\n<\/details>\n\n\n\n<details class=\"wp-block-details has-medium-font-size is-layout-flow wp-block-details-is-layout-flow\"><summary>Caracter\u00edsticas:<\/summary>\n<ul class=\"wp-block-list\">\n<li>El servicio es <strong>totalmente gratuito<\/strong><\/li>\n\n\n\n<li>Priorizamos actividades con <strong>identidad local<\/strong><\/li>\n\n\n\n<li>Nos reservamos el derecho de publicar eventos comerciales puros (ventas, promociones)<\/li>\n\n\n\n<li>Al enviar tu afiche, autorizas su uso para fines de difusi\u00f3n y archivo patrimonial.<\/li>\n<\/ul>\n<\/details>\n<\/div>\n<\/div>\n\n\n\n<div style=\"height:30px\" aria-hidden=\"true\" class=\"wp-block-spacer\"><\/div>\n\n\n\n<div class=\"wp-block-group\"><div class=\"wp-block-group__inner-container is-layout-constrained wp-block-group-is-layout-constrained\">\n<div class=\"wp-block-group\"><div class=\"wp-block-group__inner-container is-layout-constrained wp-block-group-is-layout-constrained\">\n<p class=\"has-text-align-center has-medium-font-size\"><strong>Contacto<\/strong>:<\/p>\n\n\n\n<p class=\"has-text-align-center has-medium-font-size\">Escr\u00edbenos a infochilemosaico@gmail.com o llama al [+56 9 7678 2653]<\/p>\n\n\n\n<p class=\"has-text-align-center has-medium-font-size\"><em>\ud83e\udd1d Iniciativa Independiente y autogestionada.<\/em><\/p>\n<\/div><\/div>\n<\/div><\/div>\n\n\n<div class=\"wp-block-image\">\n<figure class=\"aligncenter size-full is-resized\"><a href=\"https:\/\/chilemosaico.cl\/eventos\/wp-content\/uploads\/2023\/01\/Chilemosaico-mascota-2.png\"><img loading=\"lazy\" decoding=\"async\" width=\"500\" height=\"500\" src=\"https:\/\/chilemosaico.cl\/eventos\/wp-content\/uploads\/2023\/01\/Chilemosaico-mascota-2.png\" alt=\"\" class=\"wp-image-25\" style=\"width:375px;height:375px\" srcset=\"https:\/\/chilemosaico.cl\/eventos\/wp-content\/uploads\/2023\/01\/Chilemosaico-mascota-2.png 500w, https:\/\/chilemosaico.cl\/eventos\/wp-content\/uploads\/2023\/01\/Chilemosaico-mascota-2-300x300.png 300w, https:\/\/chilemosaico.cl\/eventos\/wp-content\/uploads\/2023\/01\/Chilemosaico-mascota-2-150x150.png 150w\" sizes=\"auto, (max-width: 500px) 100vw, 500px\" \/><\/a><\/figure>\n<\/div>\n\n\n<h3 class=\"wp-block-heading has-text-align-center\">\ud83c\udfad <strong>Sobre la mascota<\/strong><\/h3>\n\n\n\n<div class=\"wp-block-columns is-layout-flex wp-container-core-columns-is-layout-9d6595d7 wp-block-columns-is-layout-flex\">\n<div class=\"wp-block-column is-layout-flow wp-block-column-is-layout-flow\">\n<p class=\"has-medium-font-size\" id=\"block-3cdd9f4f-b46d-44e9-ba1c-3e58643ddfee\">\ud83d\udcab<strong>Inspiraci\u00f3n:<\/strong><br>La ilustraci\u00f3n se basa en la <strong>Diablada<\/strong>, danza de ra\u00edces andinas compartidas entre Bolivia y Per\u00fa. Uno de los tantos bailes impregnados en las manifestaciones del norte de Chile. Representa la alegr\u00eda, la festividad y las tradiciones ancestrales que conviven en la regi\u00f3n.<\/p>\n\n\n\n<p class=\"has-medium-font-size\" id=\"block-89df0d17-2486-4a01-8d82-22aed9d70863\"><strong>\ud83d\udc65Creadores:<\/strong><br>Dise\u00f1ada por el <strong>Colectivo Kiltro<\/strong> (Paulo O\u00f1ate y Manuel Rodr\u00edguez), ganadores del concurso \u00abAfiche Gr\u00e1fico\u00bb organizado por Chilemosaico.cl con apoyo de Fondo de Medios del MSGG, Inacap Iquique, <strong>Exclama Dise\u00f1o y Vergara Graffic.<\/strong><\/p>\n<\/div>\n\n\n\n<div class=\"wp-block-column is-layout-flow wp-block-column-is-layout-flow\">\n<h3 class=\"wp-block-heading has-medium-font-size\">\ud83d\udcf8 <strong>Galer\u00eda de eventos<\/strong><\/h3>\n\n\n\n<p class=\"has-medium-font-size\">La mascota acompa\u00f1a actividades culturales para tener fotos con el p\u00fablico, expositores y artistas. \u00a1S\u00edguela en nuestras redes!<\/p>\n\n\n\n<p class=\"has-medium-font-size\">\u00a1Revive los mejores momentos! Mira nuestras fotos en:<br>\ud83d\udd17 <a href=\"https:\/\/web.facebook.com\/Chilemosaico\/photos_albums\" target=\"_blank\" rel=\"noopener\" title=\"\">Facebook Chilemosaico<\/a><\/p>\n<\/div>\n<\/div>\n\n\n\n<div style=\"height:30px\" aria-hidden=\"true\" class=\"wp-block-spacer\"><\/div>\n","protected":false},"excerpt":{"rendered":"<p>\u00bfQu\u00e9 es Chilemosaico? Somos una plataforma independiente y autogestionada que re\u00fane, visibiliza y promueve la diversidad art\u00edstica y cultural en el extremo norte de Chile. Desde 2011, nuestro calendario de eventos impulsa la difusi\u00f3n de actividades de artistas locales, gestores culturales, centros culturales y organizaciones de la regi\u00f3n de Tarapac\u00e1. Adem\u00e1s, ofrecemos una sala de&#8230;<\/p>\n","protected":false},"author":1,"featured_media":0,"parent":0,"menu_order":2,"comment_status":"closed","ping_status":"closed","template":"","meta":{"om_disable_all_campaigns":false,"_monsterinsights_skip_tracking":false,"_monsterinsights_sitenote_active":false,"_monsterinsights_sitenote_note":"","_monsterinsights_sitenote_category":0,"_kad_post_transparent":"","_kad_post_title":"","_kad_post_layout":"","_kad_post_sidebar_id":"","_kad_post_content_style":"","_kad_post_vertical_padding":"","_kad_post_feature":"","_kad_post_feature_position":"","_kad_post_header":false,"_kad_post_footer":false,"_kad_post_classname":"","footnotes":""},"class_list":["post-665","page","type-page","status-publish","hentry"],"aioseo_notices":[],"_links":{"self":[{"href":"https:\/\/chilemosaico.cl\/eventos\/wp-json\/wp\/v2\/pages\/665","targetHints":{"allow":["GET"]}}],"collection":[{"href":"https:\/\/chilemosaico.cl\/eventos\/wp-json\/wp\/v2\/pages"}],"about":[{"href":"https:\/\/chilemosaico.cl\/eventos\/wp-json\/wp\/v2\/types\/page"}],"author":[{"embeddable":true,"href":"https:\/\/chilemosaico.cl\/eventos\/wp-json\/wp\/v2\/users\/1"}],"replies":[{"embeddable":true,"href":"https:\/\/chilemosaico.cl\/eventos\/wp-json\/wp\/v2\/comments?post=665"}],"version-history":[{"count":77,"href":"https:\/\/chilemosaico.cl\/eventos\/wp-json\/wp\/v2\/pages\/665\/revisions"}],"predecessor-version":[{"id":16241,"href":"https:\/\/chilemosaico.cl\/eventos\/wp-json\/wp\/v2\/pages\/665\/revisions\/16241"}],"wp:attachment":[{"href":"https:\/\/chilemosaico.cl\/eventos\/wp-json\/wp\/v2\/media?parent=665"}],"curies":[{"name":"wp","href":"https:\/\/api.w.org\/{rel}","templated":true}]}}